{"id":1040,"date":"2020-05-27T08:41:48","date_gmt":"2020-05-27T08:41:48","guid":{"rendered":"https:\/\/dracs.es\/?page_id=1040"},"modified":"2026-06-03T20:41:08","modified_gmt":"2026-06-03T18:41:08","slug":"estatutos","status":"publish","type":"page","link":"https:\/\/dracs.es\/vl\/estatutos\/","title":{"rendered":"ESTATUTS DE L&#8217;ENTITAT CLUB ESPORTIU LGTBI+ DRACS VAL\u00c8NCIA"},"content":{"rendered":"\n<div class=\"wp-block-cover alignfull is-light\" style=\"min-height:296px;aspect-ratio:unset;\"><img loading=\"lazy\" decoding=\"async\" width=\"768\" height=\"1024\" class=\"wp-block-cover__image-background wp-image-16891 size-large\" alt=\"\" src=\"https:\/\/dracs.es\/wp-content\/uploads\/2026\/06\/IMG_20250628_212018-1-768x1024.jpg\" style=\"object-position:52% 65%\" data-object-fit=\"cover\" data-object-position=\"52% 65%\" srcset=\"https:\/\/dracs.es\/wp-content\/uploads\/2026\/06\/IMG_20250628_212018-1-768x1024.jpg 768w, https:\/\/dracs.es\/wp-content\/uploads\/2026\/06\/IMG_20250628_212018-1-225x300.jpg 225w, https:\/\/dracs.es\/wp-content\/uploads\/2026\/06\/IMG_20250628_212018-1-1152x1536.jpg 1152w, https:\/\/dracs.es\/wp-content\/uploads\/2026\/06\/IMG_20250628_212018-1-1536x2048.jpg 1536w, https:\/\/dracs.es\/wp-content\/uploads\/2026\/06\/IMG_20250628_212018-1-300x400.jpg 300w, https:\/\/dracs.es\/wp-content\/uploads\/2026\/06\/IMG_20250628_212018-1-600x800.jpg 600w, https:\/\/dracs.es\/wp-content\/uploads\/2026\/06\/IMG_20250628_212018-1-scaled.jpg 1920w\" sizes=\"auto, (max-width: 768px) 100vw, 768px\" \/><span aria-hidden=\"true\" class=\"wp-block-cover__background has-background-dim\" style=\"background-color:#737c82\"><\/span><div class=\"wp-block-cover__inner-container is-layout-flow wp-block-cover-is-layout-flow\">\n<h2 class=\"wp-block-heading has-text-align-center\"><strong><a href=\"http:\/\/dracs.es\/vl\/\">Esport inclusiu y divers<\/a><\/strong><\/h2>\n\n\n\n<p class=\"has-text-align-right\"><strong><a href=\"https:\/\/dracs.es\/estatutos\/\" data-type=\"https:\/\/dracs.es\/estatutos\/\">Castell\u00e0<\/a> \/ <a href=\"https:\/\/dracs.es\/vl\/estatutos\/\" data-type=\"https:\/\/dracs.es\/vl\/estatutos\/\">Valenci\u00e0 <\/a><\/strong><\/p>\n<\/div><\/div>\n\n\n\n<p><\/p>\n\n\n\n<h1 class=\"wp-block-heading\"><strong>CAP\u00cdTOL I. Principis generals<\/strong><\/h1>\n\n\n\n<h2 class=\"wp-block-heading\">Article 1. El Club<\/h2>\n\n\n\n<p>El CLUB ESPORTIU LGTBI+ DRACS VAL\u00c8NCIA, d&#8217;ara en avant el Club, \u00e9s una associaci\u00f3 privada sense \u00e0nim de lucre, amb personalitat jur\u00eddica i capacitat d&#8217;obrar, que t\u00e9 les seg\u00fcents finalitats:<\/p>\n\n\n\n<ol class=\"wp-block-list\">\n<li>Promoure i fomentar la diversitat en la pr\u00e0ctica de l&#8217;esport, fent especial \u00e8mfasi en activitats o competicions en l&#8217;\u00e0mbit federat.<\/li>\n\n\n\n<li>Fomentar la pr\u00e0ctica de l&#8217;esport en un ambient de toler\u00e0ncia i no discriminaci\u00f3, fent especial \u00e8mfasi en la igualtat que emana del feminisme i la no discriminaci\u00f3 per identitat o expressi\u00f3 de g\u00e8nere, orientaci\u00f3 afectiu-sexual, serostatus i\/o diversitat funcional.<\/li>\n\n\n\n<li>Fomentar la pr\u00e0ctica de l&#8217;esport com una eina de visibilitzaci\u00f3 de la diversitat, fent especial \u00e8mfasi en la diversitat que emana de la identitat o expressi\u00f3 de g\u00e8nere, orientaci\u00f3 afectiu-sexual, serostatus i\/o diversitat funcional.<\/li>\n\n\n\n<li>Informar, formar i conscienciar a la societat sobre el masclisme, la LGTBIfobia i la serofobia en l&#8217;esport.<\/li>\n\n\n\n<li>Treballar activament en l&#8217;eliminaci\u00f3 del masclisme, la LGTBIfobia i la serofobia en l&#8217;esport, i denunciar les agressions de car\u00e0cter masclista, LGTBIf\u00f3bo i ser\u00f3fobo que es produ\u00efsquen en l&#8217;\u00e0mbit esportiu.<\/li>\n\n\n\n<li>Promoure la coordinaci\u00f3 i cooperaci\u00f3 amb altres entitats LGTBI+, clubs esportius i altres organitzacions amb els quals es compartisca aquestes finalitats.<\/li>\n<\/ol>\n\n\n\n<h2 class=\"wp-block-heading\">Article 2. R\u00e8gim jur\u00eddic<\/h2>\n\n\n\n<ol class=\"wp-block-list\">\n<li>El CLUB ESPORTIU LGTBI+ DRACS VAL\u00c8NCIA es constitueix a l&#8217;empara de la Llei 2\/2011, de 22 de mar\u00e7, de l&#8217;Esport i l&#8217;Activitat F\u00edsica de la Comunitat Valenciana, i es regir\u00e0 per aquesta Llei, pel Decret 2\/2018, de 12 de gener, del Consell, pel qual es regulen les entitats esportives de la Comunitat Valenciana, i per totes les altres disposicions d&#8217;\u00e0mbit auton\u00f2mic i estatal que resulten aplicables; aix\u00ed mateix, es regir\u00e0 pels presents Estatuts i pels reglaments de r\u00e8gim intern o uns altres que puga aprovar l&#8217;Assemblea General, aix\u00ed com pels acords v\u00e0lidament adoptats per l&#8217;Assemblea General i altres \u00f2rgans de govern.<\/li>\n\n\n\n<li>Tamb\u00e9 li seran aplicable al Club les disposicions de la federaci\u00f3 o federacions esportives de la Comunitat Valenciana a les quals s&#8217;adscriga i, en defecte d&#8217;aix\u00f2, els de les federacions espanyoles.<\/li>\n\n\n\n<li>Referent a l&#8217;activitat de voluntariat, ser\u00e0 aplicable la Llei 45\/2015, de 14 d&#8217;octubre, de Voluntariat, la Llei 4\/2001, de 19 de juny, del Voluntariat de la Generalitat Valenciana, i els Estatuts del voluntariat del Club.<\/li>\n\n\n\n<li>Tot aix\u00f2, sense perjudici del que s&#8217;estableix amb car\u00e0cter supletori en la normativa reguladora del dret d&#8217;associaci\u00f3.<\/li>\n<\/ol>\n\n\n\n<h2 class=\"wp-block-heading\">Article 3. Pr\u00e0ctica esportiva<\/h2>\n\n\n\n<p>El CLUB ESPORTIU LGTBI+ DRACS VAL\u00c8NCIA practica com a principal modalitat esportiva el muntanyisme i est\u00e0 adscrit a la Federaci\u00f3 d&#8217;Esports de Muntanya i Escalada de la Comunitat Valenciana (FEMECV).<\/p>\n\n\n\n<p>Una vegada constitu\u00eft, el Club tamb\u00e9 podr\u00e0 practicar altres activitats f\u00edsiques de car\u00e0cter esportiu, promovent l&#8217;adscripci\u00f3 a la federaci\u00f3 o federacions corresponents en el cas d&#8217;estar reconegudes per l&#8217;Administraci\u00f3 esportiva.<\/p>\n\n\n\n<h2 class=\"wp-block-heading\">Article 4. Modalitats esportives<\/h2>\n\n\n\n<p>L&#8217;Assemblea General del Club, o en el seu cas la Junta Directiva degudament autoritzada, podr\u00e0 acordar la pr\u00e0ctica i desenvolupament de tantes modalitats esportives o activitats f\u00edsiques de car\u00e0cter esportiu com calguera, a proposta de les persones s\u00f2cies del Club, promovent l&#8217;adscripci\u00f3 a les federacions respectives en el primer cas, i donant compte d&#8217;aix\u00f2 al Registre d&#8217;Entitats Esportives de la Comunitat Valenciana, mitjan\u00e7ant certificaci\u00f3 expedida per la Secretaria amb el vistiplau de la Presid\u00e8ncia.<\/p>\n\n\n\n<h2 class=\"wp-block-heading\">Article 5. Domicili social<\/h2>\n\n\n\n<p>El domicili social del Club es fixa a Val\u00e8ncia, Avinguda Blasco Ib\u00e1\u00f1ez, n\u00fam. 74, porta 15, codi postal 46021; Tel\u00e8fon (+34) 623 14 17 19 i correu electr\u00f2nic <a href=\"mailto:info@dracs.es\">info@dracs.es<\/a>, havent de donar compte, en cas de variaci\u00f3, al Registre d&#8217;Entitats Esportives de la Comunitat Valenciana.<\/p>\n\n\n\n<h2 class=\"wp-block-heading\">Article 6. \u00c0mbit territorial<\/h2>\n\n\n\n<p>L&#8217;\u00e0mbit territorial d&#8217;actuaci\u00f3 del Club \u00e9s auton\u00f2mic, sense perjudici d&#8217;integrar-se en organitzacions d&#8217;\u00e0mbit superior si aix\u00ed s&#8217;acordara i d&#8217;actuar fora de l&#8217;\u00e0mbit territorial de la Comunitat Valenciana en activitats esportives i de formaci\u00f3 i informaci\u00f3 contra el masclisme, la LGTBIfobia i la serofobia en l&#8217;esport, aix\u00ed com en competicions esportives.<\/p>\n\n\n\n<h2 class=\"wp-block-heading\">Article 7. Funcionament<\/h2>\n\n\n\n<p>En el seu funcionament, el Club es regir\u00e0 per principis democr\u00e0tics i representatius, i la sobirania plena residir\u00e0 en l&#8217;Assemblea General. Aix\u00ed mateix, el Club desenvolupar\u00e0 les seues activitats seguint mecanismes de transpar\u00e8ncia en la seua gesti\u00f3 general, econ\u00f2mica i de comunicaci\u00f3.<\/p>\n\n\n\n<h2 class=\"wp-block-heading\">Article 8. Comprom\u00eds amb la igualtat i la diversitat<\/h2>\n\n\n\n<p>El Club t\u00e9 entre les seues finalitats la promoci\u00f3 i el foment de la igualtat d&#8217;oportunitats entre totes les persones, fent especial \u00e8mfasi en el feminisme i la no discriminaci\u00f3 per ra\u00f3 de sexe, identitat o expressi\u00f3 de g\u00e8nere, orientaci\u00f3 afectiu-sexual, serostatus, diversitat funcional, \u00e8tnia, religi\u00f3, ideologia pol\u00edtica o qualsevol altra condici\u00f3 o circumst\u00e0ncia personal o social, i en la diversitat que emana d&#8217;aquestes.<\/p>\n\n\n\n<h1 class=\"wp-block-heading\"><strong>CAP\u00cdTOL II. De les persones s\u00f2cies<\/strong><\/h1>\n\n\n\n<h2 class=\"wp-block-heading\">Article 9. Persones s\u00f2cies del Club<\/h2>\n\n\n\n<ol class=\"wp-block-list\">\n<li>El nombre de persones s\u00f2cies ser\u00e0 il\u00b7limitat. No obstant aix\u00f2, la Junta Directiva podr\u00e0 suspendre l&#8217;admissi\u00f3 temporal de noves persones s\u00f2cies, entre altres, quan raons d&#8217;aforament o de capacitat f\u00edsica de les instal\u00b7lacions aix\u00ed ho aconsellen.<\/li>\n\n\n\n<li>La condici\u00f3 de persona s\u00f2cia \u00e9s intransmissible.<\/li>\n<\/ol>\n\n\n\n<h2 class=\"wp-block-heading\">Article 10. Classes de persones s\u00f2cies<\/h2>\n\n\n\n<p>El Club es compondr\u00e0 de les seg\u00fcents classes de persones s\u00f2cies:<\/p>\n\n\n\n<ol class=\"wp-block-list\">\n<li>Persones s\u00f2cies de n\u00famero o de ple dret: Persones majors d&#8217;edat i amb plena capacitat d&#8217;obrar que, pr\u00e8via sol\u00b7licitud, siguen admeses per la Junta Directiva i satisfacen la quota social establida, havent realitzat les formacions b\u00e0siques de car\u00e0cter institucional que determine la Junta Directiva. Gaudiran de la plenitud de dret que els confereixen els presents Estatuts, sent tots ells integrants de l&#8217;Assemblea General. Aquesta categoria \u00e9s obligat\u00f2ria en el Club.<\/li>\n\n\n\n<li>Persones s\u00f2cies novella: Persones majors d&#8217;edat i amb plena capacitat d&#8217;obrar que, pr\u00e8via sol\u00b7licitud, siguen admeses per la Junta Directiva i satisfacen la quota social establida, tenint pendent realitzar les formacions b\u00e0siques de car\u00e0cter institucional que determine la Junta Directiva.<\/li>\n\n\n\n<li>Persones s\u00f2cies familiars: S\u00f3n&nbsp; la persona c\u00f2njuge i la descend\u00e8ncia de primer grau fins als 17 anys, que convisquen amb una persona s\u00f2cia de n\u00famero. Hauran d&#8217;acreditar-ho mitjan\u00e7ant certificat de resid\u00e8ncia de l&#8217;ajuntament.<\/li>\n<\/ol>\n\n\n\n<p>La descend\u00e8ncia de primer grau podr\u00e0 passar a ser persones s\u00f2cies de n\u00famero en complir 18 anys d&#8217;edat, pr\u00e8via sol\u00b7licitud i admissi\u00f3 per la Junta Directiva, sempre que hagen realitzat les formacions b\u00e0siques de car\u00e0cter institucional que determine la Junta Directiva, estant en principi exemptes de la quota social d&#8217;entrada, si n&#8217;hi haguera.<\/p>\n\n\n\n<ol start=\"4\" class=\"wp-block-list\">\n<li>Persones s\u00f2cies esportives: Son les persones esportistes o t\u00e8cnic-entrenadores que, pr\u00e8via sol\u00b7licitud, siguen admeses per la Junta Directiva i participen en representaci\u00f3 del Club en competicions o activitats esportives, sense ser persones s\u00f2cies de n\u00famero. L&#8217;Assemblea General podr\u00e0 acordar el pagament de quotes d&#8217;aquesta mena de persones s\u00f2cies i l&#8217;\u00fas de les instal\u00b7lacions socials.<\/li>\n\n\n\n<li>Persones s\u00f2cies d&#8217;honor: Aquelles persones als qui l&#8217;Assemblea General del Club concedisca aquesta distinci\u00f3, pels anys de dedicaci\u00f3 al Club o pels seus assoliments i m\u00e8rits aconseguits, espec\u00edficament aquells relacionats amb la pr\u00e0ctica de l&#8217;esport, l&#8217;activisme LGTBI i altres finalitats del Club. L&#8217;Assemblea General podr\u00e0 acordar l&#8217;exempci\u00f3 de pagament de la quota social a aquesta mena de persones s\u00f2cies.<\/li>\n<\/ol>\n\n\n\n<p>La condici\u00f3 de persona s\u00f2cia d&#8217;honor es perd per acord de l&#8217;Assemblea General.<\/p>\n\n\n\n<h2 class=\"wp-block-heading\">Article 11. Drets i obligacions de les persones s\u00f2cies<\/h2>\n\n\n\n<ol class=\"wp-block-list\">\n<li>Persones s\u00f2cies de n\u00famero o ple dret:<\/li>\n<\/ol>\n\n\n\n<p>Les persones s\u00f2cies de n\u00famero tindran, com a m\u00ednim, els seg\u00fcents drets:<\/p>\n\n\n\n<ol class=\"wp-block-list\">\n<li>A ser tractades amb respecte i no ser discriminades per ra\u00f3 de sexe, identitat o expressi\u00f3 de g\u00e8nere, orientaci\u00f3 afectiu-sexual, serostatus, diversitat funcional, \u00e8tnia, religi\u00f3, ideologia pol\u00edtica o qualsevol altra condici\u00f3 o circumst\u00e0ncia personal o social, per part de qualsevol altra persona s\u00f2cia.<\/li>\n\n\n\n<li>Participar en el compliment de les finalitats espec\u00edfiques del Club.<\/li>\n\n\n\n<li>Triar i ser triades per als \u00f2rgans de govern i representaci\u00f3, sempre que haja complit almenys sis mesos ininterromputs com a persona s\u00f2cia de n\u00famero en el per\u00edode immediatament anterior a la convocat\u00f2ria del proc\u00e9s electoral, i estiga al corrent de les seues obligacions econ\u00f2miques amb el Club.<\/li>\n\n\n\n<li>Participar amb veu i amb vot en les sessions de l&#8217;Assemblea General del Club.<\/li>\n\n\n\n<li>En el cas de falta de pagament de les quotes socials, les persones s\u00f2cies deutores podran acudir a les assemblees generals amb veu per\u00f2 sense vot, mentre no hagen sigut donats de baixa.<\/li>\n\n\n\n<li>Ser informada de les activitats del Club i, especialment, de la gesti\u00f3 i administraci\u00f3.<\/li>\n\n\n\n<li>Tindre acc\u00e9s a tota la documentaci\u00f3 del Club.<\/li>\n\n\n\n<li>Assistir a les activitats o competicions esportives organitzades pel Club o en les quals participe, i utilitzar les seues instal\u00b7lacions i serveis.<\/li>\n\n\n\n<li>Participar dels beneficis socials derivats de la seua actuaci\u00f3 en les diferents \u00e0rees del Club, conforme al que s&#8217;estableix en el r\u00e8gim anual de beneficis.<\/li>\n\n\n\n<li>Reclamar contra les decisions dels \u00f2rgans directius.<\/li>\n\n\n\n<li>Exigir que l&#8217;actuaci\u00f3 del Club s&#8217;ajuste al que es disposa en la Llei de l&#8217;Esport i l&#8217;Activitat F\u00edsica de la Comunitat Valenciana, a les seues normes de desenvolupament, a les altres normes auton\u00f2miques o estatals que resulten aplicables en mat\u00e8ria esportiva i al que es disposa en els presents Estatuts.<\/li>\n\n\n\n<li>Exposar lliurement les seues opinions en el Club, sempre dins del major respecte a les altres persones s\u00f2cies i a les pr\u00f2pies finalitats estatut\u00e0ries del Club.<\/li>\n\n\n\n<li>Impugnar els acords dels \u00f2rgans de govern i representaci\u00f3 del Club que estimen contraris a la llei o als presents Estatuts.<\/li>\n\n\n\n<li>Ser sentides amb car\u00e0cter previ a l&#8217;adopci\u00f3 de mesures disciplin\u00e0ries contra elles i a ser informades dels fets que donen lloc a tals mesures, havent de ser motivat l&#8217;acord que, si escau, impose la sanci\u00f3.<\/li>\n\n\n\n<li>Separar-se lliurement del Club.<\/li>\n<\/ol>\n\n\n\n<p>Les persones s\u00f2cies de n\u00famero tenen, com a m\u00ednim, les seg\u00fcents obligacions:<\/p>\n\n\n\n<ol class=\"wp-block-list\">\n<li>Seguir els principis de no discriminaci\u00f3 del Club i tractar amb respecte a la resta de persones s\u00f2cies i\/o volunt\u00e0ries.<\/li>\n\n\n\n<li>Haver realitzat pr\u00e8viament les formacions b\u00e0siques de car\u00e0cter institucional que determine la Junta Directiva.<\/li>\n\n\n\n<li>Contribuir al compliment de les finalitats del Club.<\/li>\n\n\n\n<li>Contribuir al sosteniment econ\u00f2mic del Club, incloent satisfer totes les quotes econ\u00f2miques i despeses derivades que donen dret al gaudi de les diferents activitats.<\/li>\n\n\n\n<li>Col\u00b7laborar en la gesti\u00f3 i administraci\u00f3 del Club si foren designats per a aix\u00f2.<\/li>\n\n\n\n<li>Acatar totes les disposicions que dicten l&#8217;Assemblea General o la Junta Directiva per al bon govern del Club.<\/li>\n\n\n\n<li>Formar-se i informar-se en mat\u00e8ria d&#8217;igualtat i identitat o expressi\u00f3 de g\u00e8nere, orientaci\u00f3 afectiu-sexual i serostatus.<\/li>\n\n\n\n<li>I totes les altres obligacions que es desprenguen del que disposen els presents Estatuts.<\/li>\n\n\n\n<li>Persones s\u00f2cies novella:<\/li>\n<\/ol>\n\n\n\n<p>Les persones s\u00f2cies novella tindran els mateixos drets que les persones s\u00f2cies de n\u00famero, a excepci\u00f3 de:<\/p>\n\n\n\n<ol class=\"wp-block-list\">\n<li>Triar i ser triades per als \u00f2rgans de govern i representaci\u00f3.<\/li>\n\n\n\n<li>Votar en les sessions de l&#8217;Assemblea General del Club<\/li>\n<\/ol>\n\n\n\n<p>Les persones s\u00f2cies novella tenen, com a m\u00ednim, les mateixes obligacions que les persones s\u00f2cies de n\u00famero, a excepci\u00f3 de col\u00b7laborar en la gesti\u00f3 i administraci\u00f3 del Club, at\u00e9s que no poden ser triades per als \u00f2rgans de govern i representaci\u00f3.<\/p>\n\n\n\n<p>Addicionalment, tamb\u00e9 tindran l&#8217;obligaci\u00f3 de realitzar dins del termini i en la forma escaient les formacions b\u00e0siques de car\u00e0cter institucional que determine la Junta Directiva, com a requisit previ a la consecuci\u00f3 de l&#8217;estatus de persona s\u00f2cia de n\u00famero.<\/p>\n\n\n\n<ol start=\"3\" class=\"wp-block-list\">\n<li>Persones s\u00f2cies familiars:<\/li>\n<\/ol>\n\n\n\n<p>Les persones s\u00f2cies familiars tindran dret a gaudir \u00fanicament d&#8217;aquelles, activitats, serveis i instal\u00b7lacions que acorde l&#8217;Assemblea General, previ pagament de la quota social que fixe, si aix\u00ed s&#8217;aprovara.<\/p>\n\n\n\n<p>Addicionalment, tindran els mateixos drets que les persones s\u00f2cies de n\u00famero, a excepci\u00f3 de:<\/p>\n\n\n\n<ol class=\"wp-block-list\">\n<li>Triar i ser triades per als \u00f2rgans de govern i representaci\u00f3 del Club.<\/li>\n\n\n\n<li>Participar en les sessions de l&#8217;Assemblea General del Club.<\/li>\n\n\n\n<li>Tindre acc\u00e9s a la documentaci\u00f3 del Club.<\/li>\n<\/ol>\n\n\n\n<p>Les persones s\u00f2cies familiars tenen, com a m\u00ednim, les mateixes obligacions que les persones s\u00f2cies de n\u00famero, a excepci\u00f3 de col\u00b7laborar en la gesti\u00f3 i administraci\u00f3 del Club, at\u00e9s que no poden ser triades per als \u00f2rgans de govern i representaci\u00f3.<\/p>\n\n\n\n<p>Addicionalment, tamb\u00e9 tindran l&#8217;obligaci\u00f3 de realitzar dins del termini i en la forma escaient les formacions b\u00e0siques de car\u00e0cter institucional que determine la Junta Directiva, com a requisit previ a la consecuci\u00f3 de l&#8217;estatus de persona s\u00f2cia de n\u00famero.<\/p>\n\n\n\n<ol start=\"4\" class=\"wp-block-list\">\n<li>Persones s\u00f2cies esportives:<\/li>\n<\/ol>\n\n\n\n<p>Les persones s\u00f2cies esportives tindran dret a participar en representaci\u00f3 del Club, en aquelles competicions o activitats esportives organitzades pel Club o en aquelles que aquest participe, en les condicions que acorde l&#8217;Assemblea General.<\/p>\n\n\n\n<p>Aix\u00ed mateix, podran gaudir d&#8217;aquelles altres activitats, serveis i instal\u00b7lacions del Club que acorde l&#8217;Assemblea General, previ pagament de la quota social que fixe, si aix\u00ed s&#8217;aprovara.<\/p>\n\n\n\n<p>Addicionalment, tindran els mateixos drets que les persones s\u00f2cies de n\u00famero, a excepci\u00f3 de:<\/p>\n\n\n\n<ol class=\"wp-block-list\">\n<li>Triar i ser triades per als \u00f2rgans de govern i representaci\u00f3 del Club.<\/li>\n\n\n\n<li>Participar en les sessions de l&#8217;Assemblea General del Club.<\/li>\n\n\n\n<li>Tindre acc\u00e9s a la documentaci\u00f3 del Club.<\/li>\n<\/ol>\n\n\n\n<p>Les persones s\u00f2cies esportives tenen, com a m\u00ednim, les mateixes obligacions que les persones s\u00f2cies de n\u00famero, a excepci\u00f3 de col\u00b7laborar en la gesti\u00f3 i administraci\u00f3 del Club, at\u00e9s que no poden ser triades per als \u00f2rgans de govern i representaci\u00f3.<\/p>\n\n\n\n<ol start=\"5\" class=\"wp-block-list\">\n<li>Persones s\u00f2cies d&#8217;honor:<\/li>\n<\/ol>\n\n\n\n<p>Les persones s\u00f2cies d&#8217;honor tindran els mateixos drets que les persones s\u00f2cies de n\u00famero, a excepci\u00f3 de:<\/p>\n\n\n\n<ol class=\"wp-block-list\">\n<li>Triar als \u00f2rgans de govern i representaci\u00f3 del Club.<\/li>\n\n\n\n<li>Votar en les sessions de l&#8217;Assemblea General del Club.<\/li>\n<\/ol>\n\n\n\n<p>Les persones s\u00f2cies d&#8217;honor tenen, com a m\u00ednim, les mateixes obligacions que les persones s\u00f2cies de n\u00famero, a excepci\u00f3:<\/p>\n\n\n\n<ol class=\"wp-block-list\">\n<li>Realitzar les formacions b\u00e0siques de car\u00e0cter institucional que determine la Junta Directiva.<\/li>\n\n\n\n<li>Contribuir al sosteniment econ\u00f2mic del Club.<\/li>\n<\/ol>\n\n\n\n<h2 class=\"wp-block-heading\">Article 12. Comprom\u00eds amb la&nbsp; no discriminaci\u00f3 i prevenci\u00f3 de l&#8217;assetjament<\/h2>\n\n\n\n<ol class=\"wp-block-list\">\n<li>S&#8217;estableix el principi d&#8217;igualtat de totes les persones s\u00f2cies, sense discriminaci\u00f3 per ra\u00f3 de sexe, identitat o expressi\u00f3 de g\u00e8nere, orientaci\u00f3 afectiu-sexual, serostatus, diversitat funcional, \u00e8tnia, religi\u00f3, ideologia pol\u00edtica o qualsevol altra condici\u00f3 o circumst\u00e0ncia personal o social.<\/li>\n\n\n\n<li>Totes les persones s\u00f2cies tenen dret a ser tractades amb dignitat, al fet que es respecte la seua integritat moral i a no ser assetjades ni discriminades.<\/li>\n\n\n\n<li>El Club proveir\u00e0 de m\u00e8todes i protocols adequats per a la prevenci\u00f3, atenci\u00f3 i resoluci\u00f3 dels possibles casos d&#8217;assetjament o discriminaci\u00f3 que puguen donar-se en el seu si.<\/li>\n<\/ol>\n\n\n\n<h2 class=\"wp-block-heading\">Article 13. Requisits per a l&#8217;admissi\u00f3 de les persona s\u00f2cies<\/h2>\n\n\n\n<p>Per a l&#8217;admissi\u00f3 de persones s\u00f2cies ser\u00e0 necessari:<\/p>\n\n\n\n<ol class=\"wp-block-list\">\n<li>Presentar una sol\u00b7licitud dirigida a la Junta Directiva.<\/li>\n\n\n\n<li>Reunir les condicions establides.<\/li>\n\n\n\n<li>Satisfer la quota d&#8217;ingr\u00e9s corresponent, si n&#8217;hi haguera.<\/li>\n<\/ol>\n\n\n\n<p>Una vegada haja revisat si es compleixen els requisits necessaris per a aix\u00f2, la Junta Directiva aprovar\u00e0 o rebutjar\u00e0 la sol\u00b7licitud d&#8217;admissi\u00f3.<\/p>\n\n\n\n<h2 class=\"wp-block-heading\">Article 14. P\u00e8rdua de la condici\u00f3 de persona s\u00f2cia<\/h2>\n\n\n\n<p>La condici\u00f3 de persona s\u00f2cia es perd per:<\/p>\n\n\n\n<ol class=\"wp-block-list\">\n<li>Pr\u00f2pia voluntat.<\/li>\n\n\n\n<li>No haver realitzat dins del termini i en la forma escaient les formacions b\u00e0siques de car\u00e0cter institucional que determine la Junta Directiva, previ requeriment expr\u00e9s a la persona afectada perqu\u00e8 regularitze la seua situaci\u00f3. L&#8217;acord de p\u00e8rdua de la condici\u00f3 de persona s\u00f2cia ser\u00e0 de la Junta Directiva i es notificar\u00e0 a l&#8217;afectada.<\/li>\n\n\n\n<li>Falta de pagament de les quotes socials, vesses extraordin\u00e0ries, costos de manteniment i activitats, o altres deutes durant tres mesos consecutius, previ requeriment expr\u00e9s a la persona afectada perqu\u00e8 salde el deute en un termini m\u00e0xim de quinze dies, advertint-li que en cas de no saldar el deute perdr\u00e0 la condici\u00f3 de persona s\u00f2cia. L&#8217;acord de p\u00e8rdua de la condici\u00f3 de persona s\u00f2cia ser\u00e0 de la Junta Directiva i es notificar\u00e0 a l&#8217;afectada.<\/li>\n\n\n\n<li>Acord ferm de la Junta Directiva, fundat en faltes de car\u00e0cter molt greu, pr\u00e8via incoaci\u00f3 d&#8217;expedient sancionador i amb audi\u00e8ncia de la persona interessada.<\/li>\n\n\n\n<li>Per no complir amb les funcions i responsabilitats pr\u00f2pies de persones s\u00f2cies esportives o d&#8217;honor, pr\u00e8via incoaci\u00f3 d&#8217;expedient d&#8217;expulsi\u00f3 i amb audi\u00e8ncia de la persona interessada.<\/li>\n<\/ol>\n\n\n\n<h1 class=\"wp-block-heading\"><strong>CAP\u00cdTOL III. R\u00e8gim org\u00e0nic<\/strong><\/h1>\n\n\n\n<h2 class=\"wp-block-heading\">Article 15. \u00d2rgans de govern i representaci\u00f3<\/h2>\n\n\n\n<p>S\u00f3n \u00f2rgans de govern i representaci\u00f3 del Club l&#8217;Assemblea General, la Junta Directiva i la Presid\u00e8ncia.<\/p>\n\n\n\n<p>Addicionalment, amb car\u00e0cter temporal i transitori, la Junta Gestora pot ostentar funcions de govern del Club, dins de les compet\u00e8ncies i amb les limitacions pr\u00f2pies que li s\u00f3n establides en els presents Estatuts.<\/p>\n\n\n\n<h2 class=\"wp-block-heading\">Article 16. L&#8217;Assemblea General<\/h2>\n\n\n\n<ol class=\"wp-block-list\">\n<li>L&#8217;Assemblea General \u00e9s el m\u00e0xim \u00f2rgan de representaci\u00f3 i govern del Club i est\u00e0 integrada per totes les persones s\u00f2cies de n\u00famero, novell i honor.<\/li>\n\n\n\n<li>Si el nombre de persones s\u00f2cies integrants de l&#8217;Assemblea General no excedeix de dues mil, podran intervindre directament totes elles en l&#8217;assemblea.<\/li>\n<\/ol>\n\n\n\n<p>Quan el nombre de persones s\u00f2cies integrants siga major de dues mil, s&#8217;aplicar\u00e0 el que es disposa en l&#8217;article 19.3 del Decret 2\/2018, de 12 de gener, del Consell, pel qual es regulen les entitats esportives de la Comunitat Valenciana, diferenciant per a aix\u00f2 entre persones s\u00f2cies amb dret a vot i sense dret a vot.<\/p>\n\n\n\n<p>No s&#8217;acceptar\u00e0 cap altra modalitat de representaci\u00f3 de les persones s\u00f2cies, incl\u00f2s el vot delegat.<\/p>\n\n\n\n<h2 class=\"wp-block-heading\">Article 17. Compet\u00e8ncies de l&#8217;Assemblea General<\/h2>\n\n\n\n<p>S\u00f3n compet\u00e8ncies de l&#8217;Assemblea General:<\/p>\n\n\n\n<ol class=\"wp-block-list\">\n<li>Elegir la Presid\u00e8ncia i altres integrants de la Junta Directiva, segons el que es disposa en el procediment d&#8217;elecci\u00f3 de c\u00e0rrecs representatius i de govern dels presents Estatuts.<\/li>\n\n\n\n<li>Aprovar, si escau, la mem\u00f2ria anual, la liquidaci\u00f3 de l&#8217;exercici anterior, l&#8217;inventari i la rendici\u00f3 de comptes anuals.<\/li>\n\n\n\n<li>Aprovar el pressupost d&#8217;ingressos i despeses, i la fixaci\u00f3 de les quotes socials.<\/li>\n\n\n\n<li>Con\u00e9ixer, debatre i aprovar, si escau, les propostes de la Junta Directiva o de les persones s\u00f2cies que estiguen en l&#8217;ordre del dia.<\/li>\n\n\n\n<li>Assenyalar les condicions i formes d&#8217;admissi\u00f3 de les persones s\u00f2cies, i acordar la quantia de les quotes.<\/li>\n\n\n\n<li>Aprovar els Estatuts del Club, aix\u00ed com les modificacions d&#8217;aquests.<\/li>\n\n\n\n<li>Rebutjar la redacci\u00f3, modificaci\u00f3 o reforma dels reglaments de r\u00e8gim intern del Club, presentats per la Junta Directiva.<\/li>\n\n\n\n<li>Aprovar el r\u00e8gim anual de beneficis socials per a les persones s\u00f2cies.<\/li>\n\n\n\n<li>Autoritzar la disposici\u00f3 i alienaci\u00f3 dels b\u00e9ns immobles del Club, prendre diners a pr\u00e9stec i emetre t\u00edtols transmissibles representatius de deute o part al\u00edquota patrimonial.<\/li>\n\n\n\n<li>Crear serveis per a les persones s\u00f2cies.<\/li>\n\n\n\n<li>Con\u00e9ixer les altes i baixes de les persones s\u00f2cies.&nbsp;<\/li>\n\n\n\n<li>Con\u00e9ixer i ratificar les altes i baixes de les persones de la Junta Directiva si n&#8217;hi haguera.<\/li>\n\n\n\n<li>Debatre i aprovar o rebutjar les mocions de censura.<\/li>\n\n\n\n<li>I qualssevol altres no atribu\u00efdes expressament a la Presid\u00e8ncia o a la Junta Directiva.<\/li>\n<\/ol>\n\n\n\n<h2 class=\"wp-block-heading\">Article 18. Convocat\u00f2ria<\/h2>\n\n\n\n<ol class=\"wp-block-list\">\n<li>L&#8217;Assemblea General podr\u00e0 reunir-se en sessi\u00f3 ordin\u00e0ria o extraordin\u00e0ria, havent de ser convocada per la Presid\u00e8ncia:\n<ol class=\"wp-block-list\">\n<li>En sessi\u00f3 ordin\u00e0ria: almenys una vegada a l&#8217;any per a l&#8217;aprovaci\u00f3 dels comptes anuals i pressupost de l&#8217;exercici seg\u00fcent, i sempre que es tracte d&#8217;alguna de les compet\u00e8ncies assenyalades en els apartats b), c), d), e), h), j), k) i l) de l&#8217;article 17.<\/li>\n\n\n\n<li>En sessi\u00f3 extraordin\u00e0ria: sempre que es tracte d&#8217;alguna de les compet\u00e8ncies assenyalades en els apartats a), f), i), m) i n) de l&#8217;article 17; per a tractar les compet\u00e8ncies assenyalades en l&#8217;apartat g) quan aix\u00ed ho sol\u00b7liciten almenys un 20% de les persones s\u00f2cies de n\u00famero; o en general quan ho sol\u00b7liciten almenys un 20% de les persones s\u00f2cies de n\u00famero.<\/li>\n<\/ol>\n<\/li>\n\n\n\n<li>Entre la data de convocat\u00f2ria i el dia assenyalat per a la celebraci\u00f3 de l&#8217;assemblea, en primera convocat\u00f2ria, haur\u00e0 de mediar com a m\u00ednim quinze dies.<\/li>\n\n\n\n<li>La convocat\u00f2ria haur\u00e0 d&#8217;anar sempre acompanyada de la documentaci\u00f3 relativa als punts de l&#8217;ordre del dia que hagen de ser votats en l&#8217;assemblea, podent facilitar-se en format electr\u00f2nic. Quan l&#8217;assemblea general tinga el car\u00e0cter d&#8217;ordin\u00e0ria, s&#8217;inclour\u00e0 en l&#8217;ordre del dia un apartat de precs i preguntes.<\/li>\n<\/ol>\n\n\n\n<h2 class=\"wp-block-heading\">Article 19. Qu\u00f2rum i adopci\u00f3 d&#8217;acords<\/h2>\n\n\n\n<ol class=\"wp-block-list\">\n<li>L&#8217;Assemblea General, tant ordin\u00e0ria com extraordin\u00e0ria, quedar\u00e0 v\u00e0lidament constitu\u00efda en primera convocat\u00f2ria quan conc\u00f3rreguen a ella la majoria dels seus integrants, siga de manera presencial, telem\u00e0tica, o representats en favor d&#8217;una altra persona s\u00f2cia sobre la base del que es disposa per l&#8217;article 16.2 dels presents Estatuts.<\/li>\n\n\n\n<li>En segona convocat\u00f2ria, que se celebrar\u00e0 mitja hora despr\u00e9s de la primera, ser\u00e0 v\u00e0lida qualsevol que siga el nombre d&#8217;assistents.<\/li>\n\n\n\n<li>Els acords de l&#8217;Assemblea General s&#8217;adoptaran en general per majoria simple dels vots de les persones s\u00f2cies assistents, \u00e9s a dir quan els vots afirmatius superen als negatius. No obstant aix\u00f2, requeriran una majoria qualificada de dos ter\u00e7os dels vots de les persones s\u00f2cies assistents els acords relatius a dissoluci\u00f3 del Club, modificaci\u00f3 d&#8217;Estatuts, disposici\u00f3 o alienaci\u00f3 de b\u00e9ns immobles i creaci\u00f3 o revocaci\u00f3 de vocalies addicionals adscrites a una mateixa \u00e0rea funcional.<\/li>\n<\/ol>\n\n\n\n<p>Aix\u00ed mateix, els acords relatius a la remuneraci\u00f3 de qualsevol c\u00e0rrec en els \u00f2rgans de govern o representaci\u00f3, quan conc\u00f3rreguen els requisits previstos en l&#8217;article 27 del Decret 2\/2018, pel qual es regulen les entitats esportives de la Comunitat Valenciana, requeriran l&#8217;aprovaci\u00f3 per majoria absoluta de l&#8217;Assemblea General.<\/p>\n\n\n\n<h2 class=\"wp-block-heading\">Article 20. La Junta Directiva<\/h2>\n\n\n\n<ol class=\"wp-block-list\">\n<li>La Junta Directiva \u00e9s l&#8217;\u00f2rgan de govern encarregat d&#8217;executar els acords adoptats per l&#8217;Assemblea General, i exercir\u00e0 les funcions que els presents Estatuts li confereixen.<\/li>\n\n\n\n<li>La Junta Directiva estar\u00e0 formada per un nombre de persones no inferior a quatre ni superior a vint, al capdavant de la qual hi haur\u00e0 una Presid\u00e8ncia, i de la qual formaran part, almenys, una Vicepresid\u00e8ncia, una Secretaria, una Tresoreria; i tantes vocalies com es consideren necess\u00e0ries en funci\u00f3 de les necessitats del Club.<\/li>\n\n\n\n<li>La duraci\u00f3 del mandat de la Junta Directiva ser\u00e0 com a m\u00e0xim de quatre anys des de la seua proclamaci\u00f3.<\/li>\n\n\n\n<li>Tots els c\u00e0rrecs de la Junta Directiva seran triats per i entre les persones components de l&#8217;Assemblea General, segons el que es disposa en el procediment d&#8217;elecci\u00f3 de c\u00e0rrecs representatius i de govern dels presents Estatuts, sempre atesos els drets de cada classe de persona s\u00f2cia.<\/li>\n\n\n\n<li>Ser\u00e0 compet\u00e8ncia de la Junta Directiva la creaci\u00f3 de noves vocalies, quan aix\u00ed ho considere oport\u00fa. Les vocalies de nova creaci\u00f3 no podran superar en n\u00famero el 50% dels c\u00e0rrecs constitu\u00efts durant l&#8217;\u00faltim proc\u00e9s electoral, ni excedir els l\u00edmits establits referent a n\u00famero persones que poden formar part de la Junta Directiva.<\/li>\n<\/ol>\n\n\n\n<p>La Presid\u00e8ncia podr\u00e0 nomenar a les persones que es faran c\u00e0rrec en funcions de les vocalies de nova creaci\u00f3, que hauran de ser ratificades individualment en la seg\u00fcent Assemblea General que es convoque. Si no es ratificaren, la Junta Directiva proposar\u00e0 noves candidatures. Cas de no ratificar-se novament, l&#8217;Assemblea General nomenar\u00e0, d&#8217;entre els seus membres, les persones que cobriran les vacants. De no produir-se el nomenament, aquestes quedaran desertes.&nbsp;<\/p>\n\n\n\n<ol start=\"6\" class=\"wp-block-list\">\n<li>La Junta Directiva es convocar\u00e0 per la Presid\u00e8ncia, com a m\u00ednim amb 48 hores d&#8217;antelaci\u00f3 a la data de la seua celebraci\u00f3. Tamb\u00e9 es podr\u00e0 convocar a petici\u00f3 de la meitat dels seus membres.<\/li>\n<\/ol>\n\n\n\n<p>La convocat\u00f2ria haur\u00e0 d&#8217;anar sempre acompanyada de la documentaci\u00f3 relativa als punts de l&#8217;ordre del dia que hagen de ser votats, podent facilitar-se en format electr\u00f2nic.<\/p>\n\n\n\n<ol start=\"7\" class=\"wp-block-list\">\n<li>La Junta Directiva quedar\u00e0 v\u00e0lidament constitu\u00efda en primera convocat\u00f2ria quan conc\u00f3rreguen la meitat m\u00e9s un dels seus integrants, sent suficient en segona convocat\u00f2ria la concurr\u00e8ncia d&#8217;un ter\u00e7 d&#8217;aquests, que seran com a m\u00ednim dos, sempre que haja transcorregut un termini de mitja hora des de la primera convocat\u00f2ria. Aix\u00ed mateix, quedar\u00e0 v\u00e0lidament constitu\u00efda quan estiguen presents tots els seus membres, encara que no hi haja hagut convocat\u00f2ria pr\u00e8via, si aix\u00ed ho acorden per unanimitat.<\/li>\n<\/ol>\n\n\n\n<p>En tot cas, hauran d&#8217;estar presents les persones que ocupen la Presid\u00e8ncia, o en la seua abs\u00e8ncia la Vicepresid\u00e8ncia, i la Secretaria, o els qui les substitu\u00efsquen d&#8217;acord amb els presents Estatuts.<\/p>\n\n\n\n<ol start=\"8\" class=\"wp-block-list\">\n<li>Els acords de la Junta Directiva s&#8217;adoptaran en general per majoria simple dels vots dels c\u00e0rrecs assistents, \u00e9s a dir quan els vots afirmatius superen als negatius. A aquest efecte, cada c\u00e0rrec disposar\u00e0 d&#8217;un \u00fanic vot, igual i amb el mateix pes, independentment del nombre de persones que compartisquen el lloc.<\/li>\n<\/ol>\n\n\n\n<h2 class=\"wp-block-heading\">Article 21. Funcions de la Junta Directiva<\/h2>\n\n\n\n<p>Especialment corresponen a la Junta Directiva les seg\u00fcents funcions:<\/p>\n\n\n\n<ol class=\"wp-block-list\">\n<li>Dirigir la gesti\u00f3 del Club, vetlant pel compliment del seu objecte social.<\/li>\n\n\n\n<li>Mantindre l&#8217;ordre i la disciplina en el Club i en les competicions que s&#8217;organitzen.<\/li>\n\n\n\n<li>Convocar a l&#8217;Assemblea General, per mitj\u00e0 de la Presid\u00e8ncia, quan aix\u00ed ho considere necessari la Junta Directiva, i complir els acords i decisions d&#8217;aquesta.<\/li>\n\n\n\n<li>Redactar el pressupost, l&#8217;inventari, els comptes anuals, la mem\u00f2ria anual d&#8217;activitats, i el r\u00e8gim anual de beneficis socials que hagen de ser sotmesos a l&#8217;aprovaci\u00f3 de l&#8217;Assemblea General.<\/li>\n\n\n\n<li>Proposar a l&#8217;Assemblea General la modificaci\u00f3 d&#8217;Estatuts.<\/li>\n\n\n\n<li>Redactar, aprovar i presentar a les persones s\u00f2cies el contingut o reforma dels reglaments de r\u00e8gim intern, fixant entre altres les normes de gesti\u00f3 esportiva i \u00fas de les instal\u00b7lacions.<\/li>\n\n\n\n<li>Nomenar a les persones que hagen de dirigir les diferents comissions i grups de treball que es creuen i a les persones encarregades d&#8217;organitzar les activitats del Club.<\/li>\n\n\n\n<li>Aplicar totes les mesures organitzatives, esportives, econ\u00f2miques i administratives necess\u00e0ries per al foment i desenvolupament de les finalitats del Club.<\/li>\n\n\n\n<li>Proposar les condicions i forma d&#8217;admissi\u00f3 de noves persones s\u00f2cies, aix\u00ed com les quotes d&#8217;ingressos i les quotes peri\u00f2diques que hagen de satisfer-se, i que hauran de ser aprovades per l&#8217;Assemblea General.<\/li>\n\n\n\n<li>Triar a la persona que representar\u00e0 al Club, d&#8217;entre les seues persones s\u00f2cies, en el cas que el Club fora triat assembleista d&#8217;una federaci\u00f3 per l&#8217;estament de clubs.<\/li>\n<\/ol>\n\n\n\n<h2 class=\"wp-block-heading\">Article 22. La Presid\u00e8ncia i la Vicepresid\u00e8ncia<\/h2>\n\n\n\n<ol class=\"wp-block-list\">\n<li>La persona que ocupe la Presid\u00e8ncia del Club ser\u00e0 el seu representant legal i actuar\u00e0 en el seu nom, tenint l&#8217;obligaci\u00f3 d&#8217;executar els acords v\u00e0lidament adoptats per l&#8217;Assemblea General i la Junta Directiva.<\/li>\n\n\n\n<li>En particular, li corresponen les seg\u00fcents funcions:<\/li>\n<\/ol>\n\n\n\n<ol class=\"wp-block-list\">\n<li>Dirigir el Club.<\/li>\n\n\n\n<li>Convocar, presidir i dirigir les reunions de l&#8217;Assemblea General i de la Junta Directiva.<\/li>\n\n\n\n<li>Emetre el vot de qualitat en cas d&#8217;empat.<\/li>\n\n\n\n<li>Visar les actes i els certificats de la Secretaria.<\/li>\n\n\n\n<li>Les restants atribucions pr\u00f2pies del c\u00e0rrec, les que li delegue l&#8217;Assemblea General o la Junta Directiva.<\/li>\n<\/ol>\n\n\n\n<ol start=\"3\" class=\"wp-block-list\">\n<li>La Presid\u00e8ncia ser\u00e0 substitu\u00efda, en cas d&#8217;abs\u00e8ncia o malaltia, per la persona que ocupe la Vicepresid\u00e8ncia. En substituci\u00f3 de la Presid\u00e8ncia, la Vicepresid\u00e8ncia ostentar\u00e0 totes les funcions i obligacions pr\u00f2pies de la Presid\u00e8ncia.<\/li>\n\n\n\n<li>Aix\u00ed mateix, si cessara la Presid\u00e8ncia amb anterioritat a la duraci\u00f3 del seu mandat, per dimissi\u00f3, ren\u00fancia, defunci\u00f3, incapacitat f\u00edsica o incompatibilitat, ho substituir\u00e0 la Vicepresid\u00e8ncia durant el temps que reste fins a la conclusi\u00f3 del mandat.<\/li>\n<\/ol>\n\n\n\n<h2 class=\"wp-block-heading\">Article 23. La Secretaria<\/h2>\n\n\n\n<ol class=\"wp-block-list\">\n<li>La persona que ocupe la Secretaria del Club tindr\u00e0 al seu c\u00e0rrec l&#8217;adre\u00e7a dels treballs administratius del Club, expedir\u00e0 les certificacions amb el vistiplau de la Presid\u00e8ncia, redactar\u00e0 els documents que afecten el funcionament administratiu i es responsabilitzar\u00e0 de l&#8217;arxiu de la documentaci\u00f3, del llibre d&#8217;actes i de tindre actualitzat el llibre de registre de persones s\u00f2cies.<\/li>\n\n\n\n<li>En cas d&#8217;abs\u00e8ncia o malaltia, ser\u00e0 substitu\u00eft per la vocalia m\u00e9s jove de la Junta Directiva.<\/li>\n<\/ol>\n\n\n\n<h2 class=\"wp-block-heading\">Article 24. La Tresoreria<\/h2>\n\n\n\n<p>La persona que ocupe la Tresoreria del Club ser\u00e0 la deposit\u00e0ria dels fons del Club, signar\u00e0 els rebuts i autoritzar\u00e0 els pagaments i portar\u00e0 els llibres de comptabilitat. Durant el primer mes de cada any formalitzar\u00e0 un balan\u00e7 de situaci\u00f3 i el compte de resultats que es posaran en coneixement de totes les persones s\u00f2cies per a la seua aprovaci\u00f3 per l&#8217;Assemblea General.<\/p>\n\n\n\n<h2 class=\"wp-block-heading\">Article 25. Vocalies<\/h2>\n\n\n\n<ol class=\"wp-block-list\">\n<li>Tots aquells c\u00e0rrecs de la Junta directiva diferents de la Presid\u00e8ncia, la Secretaria i la Tresoreria, reben el nom de vocalies.<\/li>\n\n\n\n<li>Les vocalies tindran un car\u00e0cter funcional transversal i s&#8217;adscriuran necess\u00e0riament dins d&#8217;una de les seg\u00fcents \u00e0rees:<\/li>\n<\/ol>\n\n\n\n<ol class=\"wp-block-list\">\n<li>\u00c0rea administrativa<\/li>\n\n\n\n<li>\u00c0rea econ\u00f2mica<\/li>\n\n\n\n<li>\u00c0rea d&#8217;activisme i formaci\u00f3<\/li>\n\n\n\n<li>\u00c0rea esportiva<\/li>\n\n\n\n<li>\u00c0rea de proposta i participaci\u00f3<\/li>\n\n\n\n<li>\u00c0rea de comunicaci\u00f3<\/li>\n\n\n\n<li>\u00c0rea de la dona<\/li>\n\n\n\n<li>\u00c0rea de realitats trans<\/li>\n<\/ol>\n\n\n\n<ol start=\"3\" class=\"wp-block-list\">\n<li>Com a regla general cada \u00e0rea funcional comptar\u00e0 amb una \u00fanica vocalia. No obstant aix\u00f2, de manera excepcional, una \u00e0rea podr\u00e0 dotar-se de vocalies addicionals sempre que estiga funcionalment justificat, per al que es requerir\u00e0 una majoria qualificada de dos ter\u00e7os dels vots de la Junta Directiva.<\/li>\n\n\n\n<li>Les vocalies no podran en cap cas arrogar-se funcions pr\u00f2pies de la Presid\u00e8ncia, la Secretaria i la Tresoreria, llevat que aquesta els siguen delegades directament per aquestes, sempre pr\u00e8via aprovaci\u00f3 de la Junta Directiva.<\/li>\n<\/ol>\n\n\n\n<h2 class=\"wp-block-heading\">Article 26. Vacants i Junta Gestora<\/h2>\n\n\n\n<ol class=\"wp-block-list\">\n<li>Durant el mandat de la Junta Directiva, en cas de vacants que no superen el 50% dels seus membres, la Presid\u00e8ncia podr\u00e0 nomenar persones substitutes que hauran de ser ratificades individualment en la seg\u00fcent Assemblea General que es convoque.<\/li>\n<\/ol>\n\n\n\n<p>Si no es ratificaren, la Junta Directiva proposar\u00e0 noves candidatures. Cas de no ratificar-se novament, l&#8217;Assemblea General nomenar\u00e0, d&#8217;entre els seus membres, les persones que cobriran les vacants.<\/p>\n\n\n\n<ol start=\"2\" class=\"wp-block-list\">\n<li>Si les vacants superaren el 50%, la Presid\u00e8ncia, haur\u00e0 de convocar eleccions en un termini no superior a un mes. En defecte d&#8217;aix\u00f2 aquesta tasca recaur\u00e0, per ordre de prelaci\u00f3, en la Vicepresid\u00e8ncia, Secretaria, Tresoreria, vocalies o \u00faltim c\u00e0rrec de la Junta directiva a no causar baixa.<\/li>\n<\/ol>\n\n\n\n<p>Fins que finalitze el per\u00edode electoral, quedaran constitu\u00efts en Junta Gestora els directius que romanguen en els seus c\u00e0rrecs o, en defecte d&#8217;aix\u00f2, la Junta Electoral del Club.<\/p>\n\n\n\n<ol start=\"3\" class=\"wp-block-list\">\n<li>Una vegada comence la fase de presentaci\u00f3 de candidatures, els membres de la Junta Directiva que no es presenten a la reelecci\u00f3 continuaran en els seus c\u00e0rrecs, amb funcions de Junta Gestora, fins que finalitze el per\u00edode electoral i es constitu\u00efsca en Junta Directiva la candidatura que resulte triada.<\/li>\n<\/ol>\n\n\n\n<p>Igualment, si tots els membres de la Junta Directiva es presenten a la reelecci\u00f3, la Junta Electoral quedar\u00e0 constitu\u00efda en Junta Gestora, fins que finalitze el per\u00edode electoral i la candidatura que resulte triada es constitu\u00efsca en Junta Directiva.<\/p>\n\n\n\n<ol start=\"4\" class=\"wp-block-list\">\n<li>Les funcions de la Junta Gestora es limitaran exclusivament al funcionament ordinari del Club, donant compliment als Estatuts, reglaments de r\u00e8gim intern i acords ja existents. En cap cas podr\u00e0 prendre altres decisions, iniciar noves accions, adquirir nous compromisos econ\u00f2mics, ni arrogar-se funcions diferents a aquestes.<\/li>\n<\/ol>\n\n\n\n<h2 class=\"wp-block-heading\">Article 27. Moci\u00f3 de censura<\/h2>\n\n\n\n<ol class=\"wp-block-list\">\n<li>La moci\u00f3 de censura nom\u00e9s podr\u00e0 plantejar-se contra la Presid\u00e8ncia i la Junta Directiva, de manera conjunta. Haur\u00e0 de ser constructiva, incorporant una proposta de candidatura alternativa a la que se censura. Referent a aquesta candidatura alternativa, no existir\u00e0 requisits ni limitacions sobre c\u00e0rrecs i nombre de components, m\u00e9s enll\u00e0 dels ja establits en els presents Estatuts sobre la composici\u00f3 de la Junta Directiva.<\/li>\n\n\n\n<li>La proposta de moci\u00f3 de censura haur\u00e0 de ser presentada mitjan\u00e7ant escrit signat per almenys un 30% dels membres de l&#8217;Assemblea General.<\/li>\n\n\n\n<li>Presentada la moci\u00f3 de censura, la Presid\u00e8ncia tindr\u00e0 l&#8217;obligaci\u00f3 de convocar l&#8217;Assemblea General en convocat\u00f2ria extraordin\u00e0ria per a debatre-la i aprovar-la, si escau, en el termini m\u00e0xim de 30 dies naturals des de la seua presentaci\u00f3.<\/li>\n\n\n\n<li>Per a l&#8217;aprovaci\u00f3 de la moci\u00f3 de censura es requerir\u00e0 el vot favorable de la majoria absoluta de l&#8217;Assemblea General.<\/li>\n\n\n\n<li>En cas que la moci\u00f3 censura prosperara, la Junta Directiva resultant exerciria les seues funcions com a m\u00e0xim pel temps restant del mandat electoral en curs o fins a la convocat\u00f2ria de nou proc\u00e9s electoral.<\/li>\n<\/ol>\n\n\n\n<h2 class=\"wp-block-heading\">Article 28. Car\u00e0cter gratu\u00eft<\/h2>\n\n\n\n<p>L&#8217;exercici de qualsevol c\u00e0rrec en els \u00f2rgans de govern i representaci\u00f3 del Club tindr\u00e0 car\u00e0cter gratu\u00eft, excepte els sup\u00f2sits en qu\u00e8 el nivell de dedicaci\u00f3 requerisca una compensaci\u00f3 econ\u00f2mica aprovada, de manera espec\u00edfica, nominal, limitada, respecte a la seua quantia anual, i per majoria absoluta, per l&#8217;Assemblea General. Aquesta compensaci\u00f3 tindr\u00e0 car\u00e0cter p\u00fablic per a les persones s\u00f2cies.<\/p>\n\n\n\n<h1 class=\"wp-block-heading\"><strong>CAP\u00cdTOL IV. R\u00e8gim d&#8217;impugnaci\u00f3 d&#8217;acords i responsabilitats<\/strong><\/h1>\n\n\n\n<h2 class=\"wp-block-heading\">Article 29. Impugnaci\u00f3 d&#8217;acords<\/h2>\n\n\n\n<ol class=\"wp-block-list\">\n<li>Les activitats del Club hauran d&#8217;ajustar-se en tot moment a la legalitat i a les seues finalitats estatut\u00e0ries.<\/li>\n\n\n\n<li>Els actes i acords del Club que siguen contraris al que es disposa en la Llei 2\/2011, de l&#8217;Esport i l&#8217;Activitat F\u00edsica de la Comunitat Valenciana, i disposicions que la desenvolupen, aix\u00ed com a les altres normes auton\u00f2miques o estatals que siguen aplicables i al que es disposa en els presents Estatuts, podran ser suspesos o anul\u00b7lats per l&#8217;autoritat judicial a inst\u00e0ncies de part interessada o del Ministeri P\u00fablic conformement als tr\u00e0mits establits en la Llei d&#8217;Enjudiciament Civil.<\/li>\n\n\n\n<li>La impugnaci\u00f3 d&#8217;acords i actes de Club davant l&#8217;autoritat judicial no impedir\u00e0 l&#8217;adopci\u00f3 d&#8217;aquelles resolucions federatives o de l&#8217;autoritat esportiva que foren pertinents.<\/li>\n<\/ol>\n\n\n\n<h2 class=\"wp-block-heading\">Article 30. Responsabilitat de les persones s\u00f2cies i directives<\/h2>\n\n\n\n<ol class=\"wp-block-list\">\n<li>Les persones s\u00f2cies no responen personalment dels deutes del Club.<\/li>\n\n\n\n<li>Els membres o titulars dels \u00f2rgans de govern i representaci\u00f3 i les altres persones que actuen en nom i representaci\u00f3 del Club, respondran davant aquest, davant les persones s\u00f2cies i davant tercers pels danys causats i pels deutes contrets per actes dolosos, culposos o negligents.<\/li>\n<\/ol>\n\n\n\n<h1 class=\"wp-block-heading\"><strong>CAP\u00cdTOL V. R\u00e8gim patrimonial, econ\u00f2mic i pressupostari<\/strong><\/h1>\n\n\n\n<h2 class=\"wp-block-heading\">Article 31. Patrimoni fundacional<\/h2>\n\n\n\n<ol class=\"wp-block-list\">\n<li>El Club no compta amb patrimoni fundacional en el moment de la seua constituci\u00f3.<figure><img loading=\"lazy\" decoding=\"async\" width=\"3\" height=\"3\" src=\"https:\/\/docs.google.com\/drawings\/u\/1\/d\/smwpd7avetmsmj9fnzo3qvq\/image?w=3&amp;h=3&amp;rev=1&amp;ac=1&amp;parent=1-vieZhywvAJHrPu2KjXEsWHf1B9AtGldvO7lHV0MIN8\"><\/figure><\/li>\n\n\n\n<li>En el futur patrimoni estar\u00e0 integrat per:<\/li>\n<\/ol>\n\n\n\n<ol class=\"wp-block-list\">\n<li>Les aportacions econ\u00f2miques de les persones s\u00f2cies.<\/li>\n\n\n\n<li>Les donacions o subvencions que reba.<\/li>\n\n\n\n<li>Els resultats econ\u00f2mics que puguen produir les activitats que organitze l&#8217;entitat.<\/li>\n\n\n\n<li>Les rendes, fruits o interessos del seu patrimoni.<\/li>\n\n\n\n<li>Qualssevol altres recursos, de conformitat amb els presents Estatuts i la legislaci\u00f3 vigent.<\/li>\n<\/ol>\n\n\n\n<h2 class=\"wp-block-heading\">Article 32. R\u00e8gim econ\u00f2mic<\/h2>\n\n\n\n<ol class=\"wp-block-list\">\n<li>El Club se sotmet al r\u00e8gim de pressupost i patrimoni propi, amb les limitacions legals que corresponguen. L&#8217;exercici econ\u00f2mic coincidir\u00e0 amb l&#8217;any natural i, per tant, el tancament de l&#8217;exercici associatiu es produir\u00e0 el 31 de desembre de cada any.<\/li>\n\n\n\n<li>Queda expressament excl\u00f2s com a fi del Club l&#8217;\u00e0nim de lucre.<\/li>\n\n\n\n<li>El Club nom\u00e9s podr\u00e0 destinar els seus b\u00e9ns a finalitats industrials, comercials, professionals o de serveis o exercir activitats d&#8217;igual car\u00e0cter, quan els possibles rendiments s&#8217;apliquen \u00edntegrament a la conservaci\u00f3 del seu objecte social i sense que, en cap cas, puguen repartir-se beneficis entre les seues persones s\u00f2cies.<\/li>\n\n\n\n<li>La totalitat dels seus ingressos haur\u00e0 d&#8217;aplicar-se al compliment de les seues finalitats socials i estatut\u00e0ries.<\/li>\n\n\n\n<li>El Club podr\u00e0 gravar i alienar els seus b\u00e9ns immobles, prendre diners a pr\u00e9stec i emetre t\u00edtols representatius de deute o de part al\u00edquota patrimonial, sempre que es complisquen els seg\u00fcents requisits:<\/li>\n<\/ol>\n\n\n\n<ol class=\"wp-block-list\">\n<li>Que siguen autoritzades tals operacions per una majoria qualificada de dos ter\u00e7os dels vots de les persones s\u00f2cies assistents a l&#8217;assemblea general extraordin\u00e0ria.<\/li>\n\n\n\n<li>Que aquests actes no comprometen de manera irreversible el patrimoni del Club o l&#8217;activitat fisicoesportiva que constitu\u00efsca el seu objecte social. En aquest sup\u00f2sit, sempre que el sol\u00b7licite almenys un 5% de les persones s\u00f2cies en l&#8217;assemblea general en qu\u00e8 haja de debatre&#8217;s, podr\u00e0 exigir-se que pr\u00e8viament s&#8217;emeta un dictamen econ\u00f2mic, signat per una persona amb la titulaci\u00f3 corresponent, i en aquest cas quedar\u00e0 en suspens la votaci\u00f3 fins que s&#8217;expedisca aquest dictamen.<\/li>\n\n\n\n<li>En qualsevol cas, el producte obtingut de l&#8217;alienaci\u00f3 d&#8217;instal\u00b7lacions esportives o dels terrenys en qu\u00e8 es troben hauran d&#8217;invertir-se \u00edntegrament en l&#8217;adquisici\u00f3, construcci\u00f3 o millora de b\u00e9ns de la mateixa naturalesa o qualsevol altra fi vinculada a la promoci\u00f3 de l&#8217;esport.<\/li>\n<\/ol>\n\n\n\n<h1 class=\"wp-block-heading\"><strong>CAP\u00cdTOL VI. R\u00e8gim documental i sol\u00b7licitud d&#8217;informaci\u00f3<\/strong><\/h1>\n\n\n\n<h2 class=\"wp-block-heading\">Article 33. R\u00e8gim documental<\/h2>\n\n\n\n<ol class=\"wp-block-list\">\n<li>Integraran, com a m\u00ednim, el r\u00e8gim documental del Club:<\/li>\n<\/ol>\n\n\n\n<ol class=\"wp-block-list\">\n<li>El llibre de registre de persones s\u00f2cies i els c\u00e0rrecs que ocupen.<\/li>\n\n\n\n<li>Els presents Estatuts i la resta de reglaments de r\u00e8gim intern del Club.<\/li>\n\n\n\n<li>Els llibres d&#8217;actes, en els quals es consignaran les reunions celebrades pels diferents \u00f2rgans col\u00b7legiats del Club, subscrites per la Presid\u00e8ncia i la Secretaria.<\/li>\n\n\n\n<li>Els llibres de comptabilitat que legalment procedisquen d&#8217;acord amb la normativa econ\u00f2mica i fiscal.<\/li>\n\n\n\n<li>Inventari de b\u00e9ns.<\/li>\n\n\n\n<li>Aquests llibres podr\u00e0 formalitzar-se en paper o en suport inform\u00e0tic.<\/li>\n<\/ol>\n\n\n\n<h2 class=\"wp-block-heading\">Article 34. Procediment de sol\u00b7licitud d&#8217;informaci\u00f3<\/h2>\n\n\n\n<p>La persona s\u00f2cia que desitge sol\u00b7licitar i accedir a informaci\u00f3 relativa a les activitats, gesti\u00f3, administraci\u00f3 i documentaci\u00f3 del Club, haur\u00e0 de presentar una sol\u00b7licitud dirigida a la Junta Directiva, en la qual es concrete la documentaci\u00f3 requerida i el motiu de la consulta. La Junta Directiva&nbsp; respondr\u00e0 a la petici\u00f3 en un termini no superior a deu dies h\u00e0bils, motivant la resposta en cas negatiu, o fixant en cas positiu el dia i hora en qu\u00e8 tindr\u00e0 lloc l&#8217;examen de la documentaci\u00f3.<\/p>\n\n\n\n<p>Llevat que la Junta Directiva acorde amb la persona s\u00f2cia una altra alternativa, aquest examen haur\u00e0 de ser presencial, en la seu del Club i amb l&#8217;assist\u00e8ncia d&#8217;almenys una persona de la Junta Directiva. Des de la resposta favorable a l&#8217;acc\u00e9s a la informaci\u00f3 i el dia assenyalat per al seu examen no podr\u00e0 transc\u00f3rrer m\u00e9s d&#8217;un mes.<\/p>\n\n\n\n<p>En tot cas, haur\u00e0 de respectar-se el que s&#8217;estableix per la legislaci\u00f3 referent a la protecci\u00f3 de dades de car\u00e0cter personal.<\/p>\n\n\n\n<h1 class=\"wp-block-heading\"><strong>CAP\u00cdTOL VII. Procediment de modificaci\u00f3 d&#8217;Estatuts<\/strong><\/h1>\n\n\n\n<h2 class=\"wp-block-heading\">Article 35. Modificaci\u00f3 d&#8217;Estatuts<\/h2>\n\n\n\n<ol class=\"wp-block-list\">\n<li>Els presents Estatuts nom\u00e9s podran ser modificats, reformats o derogats en l&#8217;assemblea general extraordin\u00e0ria convocada a aquest efecte, mitjan\u00e7ant acord que haur\u00e0 d&#8217;adoptar-se per una majoria qualificada de dos ter\u00e7os dels vots de les persones s\u00f2cies assistents.<\/li>\n\n\n\n<li>La modificaci\u00f3 d&#8217;Estatuts es presentar\u00e0 en el Registre d&#8217;Entitats Esportives de la Comunitat Valenciana en el termini d&#8217;un mes des de la seua aprovaci\u00f3, no fent efecte, tant per a les persones s\u00f2cies com per a tercers, fins a la seua inscripci\u00f3 en el Registre.<\/li>\n\n\n\n<li>Presentat el projecte de modificaci\u00f3 d&#8217;Estatuts en el Registre d&#8217;Entitats Esportives de la Comunitat Valenciana, i en el cas que la Direcci\u00f3 General de l&#8217;Esport estimara la necessitat o conveni\u00e8ncia de realitzar modificacions al text presentat, la Junta Directiva queda autoritzada a incorporar-les als Estatuts, sense necessitat de sotmetre-les novament a l&#8217;aprovaci\u00f3 de l&#8217;Assemblea General.<\/li>\n<\/ol>\n\n\n\n<h1 class=\"wp-block-heading\"><strong>CAP\u00cdTOL VIII. R\u00e8gim de dissoluci\u00f3 del Club<\/strong><\/h1>\n\n\n\n<h2 class=\"wp-block-heading\">Article 36. Causes d&#8217;extinci\u00f3<\/h2>\n\n\n\n<ol class=\"wp-block-list\">\n<li>El Club s&#8217;extingir\u00e0:<\/li>\n<\/ol>\n\n\n\n<ol class=\"wp-block-list\">\n<li>Per decisi\u00f3 de l&#8217;Assemblea General extraordin\u00e0ria convocada a aquest efecte i acordada per una majoria qualificada de dos ter\u00e7os dels vots de les persones s\u00f2cies, assistents a aquesta assemblea.<\/li>\n\n\n\n<li>Per sent\u00e8ncia judicial ferma.<\/li>\n\n\n\n<li>Per qualsevol altra causa establida en la normativa aplicable.<\/li>\n<\/ol>\n\n\n\n<ol start=\"2\" class=\"wp-block-list\">\n<li>En cas de dissoluci\u00f3, el patrimoni net resultant de la liquidaci\u00f3, si n&#8217;hi haguera, es destinar\u00e0 a finalitats de car\u00e0cter esportiu i no lucratiu, adonant-se d&#8217;aix\u00f2 justificadament al Registre d&#8217;Entitats Esportives de la Comunitat Valenciana.<\/li>\n\n\n\n<li>La dissoluci\u00f3 del Club obrir\u00e0 el per\u00edode de liquidaci\u00f3, fins a la fi del qual l&#8217;entitat conservar\u00e0 la seua personalitat jur\u00eddica.<\/li>\n\n\n\n<li>Una vegada acordada la dissoluci\u00f3 del Club, i llevat que l&#8217;Assemblea General o el jutge que si escau l&#8217;acordara dispose una altra cosa, la Junta Directiva es constituir\u00e0 en \u00f2rgan liquidador.<\/li>\n\n\n\n<li>Entre les funcions dels liquidadors estar\u00e0 la de sol\u00b7licitar la cancel\u00b7laci\u00f3 dels seients en el Registre d&#8217;Entitats Esportives de la Comunitat Valenciana.<\/li>\n<\/ol>\n\n\n\n<h1 class=\"wp-block-heading\"><strong>CAP\u00cdTOL IX. R\u00e8gim disciplinari<\/strong><\/h1>\n\n\n\n<h2 class=\"wp-block-heading\">Article 37. Reglament disciplinari<\/h2>\n\n\n\n<ol class=\"wp-block-list\">\n<li>A efectes disciplinaris, en relaci\u00f3 amb les persones s\u00f2cies, ser\u00e0 d&#8217;aplicaci\u00f3 directa, mentre l&#8217;Assemblea General no haja aprovat un reglament espec\u00edfic, el que es disposa en el t\u00edtol VIII de la Llei 2\/2011, de 22 de mar\u00e7, de l&#8217;Esport i l&#8217;Activitat F\u00edsica de la Comunitat Valenciana, i altra normativa aplicable.<\/li>\n<\/ol>\n\n\n\n<p>Suplet\u00f2riament, ser\u00e0 aplicable el r\u00e8gim disciplinari esportiu de la federaci\u00f3 esportiva de la Comunitat Valenciana a la qual estiga adscrit el Club.<\/p>\n\n\n\n<ol start=\"2\" class=\"wp-block-list\">\n<li>El r\u00e8gim disciplinari ser\u00e0 aplicable a aquelles persones s\u00f2cies que actuen en contra de les finalitats del Club, els seus Estatuts o reglaments de r\u00e8gim intern.<\/li>\n\n\n\n<li>En tot cas, per a imposar qualsevol sanci\u00f3 ser\u00e0 preceptiva la instrucci\u00f3 d&#8217;un expedient disciplinari amb audi\u00e8ncia de la persona afectada.<\/li>\n\n\n\n<li>L&#8217;\u00f2rgan competent en mat\u00e8ria disciplin\u00e0ria i mediaci\u00f3 de conflictes \u00e9s la Junta Directiva, que podr\u00e0 delegar aquesta funci\u00f3 en un comit\u00e9 de garanties.<\/li>\n<\/ol>\n\n\n\n<h1 class=\"wp-block-heading\"><strong>CAP\u00cdTOL X. Procediment d&#8217;elecci\u00f3 de c\u00e0rrecs representatius i de govern<\/strong><\/h1>\n\n\n\n<h2 class=\"wp-block-heading\">Article 38. R\u00e8gim electoral<\/h2>\n\n\n\n<ol class=\"wp-block-list\">\n<li>El proc\u00e9s electoral per a l&#8217;elecci\u00f3 dels \u00f2rgans de govern i representaci\u00f3 del Club s&#8217;ajustar\u00e0 a principis democr\u00e0tics i representatius.<\/li>\n\n\n\n<li>La Presid\u00e8ncia i altres integrants de la Junta Directiva seran triats mitjan\u00e7ant sufragi universal, lliure, personal, igual, directe i secret de totes les persones s\u00f2cies amb dret a vot, en candidatura tancada.<\/li>\n\n\n\n<li>Les votacions es desenvoluparan emprant un i nom\u00e9s un d&#8217;entre els seg\u00fcents m\u00e8todes, sent aquest id\u00e8ntic per a totes les persones s\u00f2cies:&nbsp;<\/li>\n<\/ol>\n\n\n\n<ol class=\"wp-block-list\">\n<li>Presencialment, mitjan\u00e7ant paperetes pr\u00e8viament confeccionades o autoritzades per la Junta Electoral, que s&#8217;entregaran o posaran a la disposici\u00f3 de les persones s\u00f2cies amb dret a vot perqu\u00e8 l&#8217;emplenen sense ratllades ni esmenes.<\/li>\n\n\n\n<li>Telem\u00e0ticament, mitjan\u00e7ant sistema electr\u00f2nic autoritzat per la Junta Electoral, que garantisca el car\u00e0cter universal, lliure, personal, igual, directe i secret del vot.<\/li>\n<\/ol>\n\n\n\n<h2 class=\"wp-block-heading\">Article 39. Elecci\u00f3 de la Presid\u00e8ncia i altres membres de la Junta Directiva<\/h2>\n\n\n\n<p>L&#8217;elecci\u00f3 de la Presid\u00e8ncia i altres membres de la Junta Directiva tindr\u00e0 lloc en els seg\u00fcents suposats:<\/p>\n\n\n\n<ol class=\"wp-block-list\">\n<li>Per expiraci\u00f3 del mandat.<\/li>\n\n\n\n<li>Per dimissi\u00f3, ren\u00fancia, defunci\u00f3 o incapacitat f\u00edsica de m\u00e9s del 50% dels membres de la Junta Directiva, de tal forma que no puga exercir degudament les seues funcions.<\/li>\n<\/ol>\n\n\n\n<h2 class=\"wp-block-heading\">Article 40. Convocat\u00f2ria d&#8217;eleccions<\/h2>\n\n\n\n<p>La Presid\u00e8ncia convocar\u00e0 l&#8217;Assemblea General en sessi\u00f3 extraordin\u00e0ria mitjan\u00e7ant comunicaci\u00f3 escrita a tots els membres d&#8217;aquesta, especificant-se com a ordre del dia de la convocat\u00f2ria els seg\u00fcents punts:<\/p>\n\n\n\n<ol class=\"wp-block-list\">\n<li>Inici del proc\u00e9s electoral.<\/li>\n\n\n\n<li>Sorteig i nomenaments de les persones s\u00f2cies que compondran la Junta Electoral.<\/li>\n\n\n\n<li>Elecci\u00f3 i nomenaments de les persones s\u00f2cies que compondran la Mesa Electoral.<\/li>\n\n\n\n<li>Calendari electoral.<\/li>\n\n\n\n<li>Elecci\u00f3, en el seu cas, de la Junta Gestora.<\/li>\n<\/ol>\n\n\n\n<h2 class=\"wp-block-heading\">Article 41. La Junta Electoral<\/h2>\n\n\n\n<ol class=\"wp-block-list\">\n<li>La Junta Electoral es constituir\u00e0 en la seu del Club, o lloc acordat i informat per a tal fi, en iniciar-se el proc\u00e9s electoral i romandr\u00e0 fins a la seua finalitzaci\u00f3.<\/li>\n\n\n\n<li>Estar\u00e0 integrada per tres persones s\u00f2cies triades per sorteig entre les assistents a l&#8217;Assemblea General, que complisquen amb els requisits previstos. Per ordre ocuparan respectivament els llocs de Presid\u00e8ncia, Secretaria i Vocalia de la Junta Electoral.<\/li>\n\n\n\n<li>Amb l&#8217;acceptaci\u00f3 de formar part de la Junta Electoral, les persones s\u00f2cies renuncien a participar en qualsevol candidatura del proc\u00e9s electoral. Si alguna de les persones s\u00f2cies \u00e9s elegida per a la Junta Electoral i t\u00e9 intenci\u00f3 de presentar-se en alguna candidatura, haur\u00e0 de renunciar a aquest c\u00e0rrec i es tornar\u00e0 a sortejar el seu lloc.<\/li>\n\n\n\n<li>S\u00f3n funcions de la Junta Electoral:<\/li>\n<\/ol>\n\n\n\n<ol class=\"wp-block-list\">\n<li>Triar entre els dos possibles m\u00e8todes de votaci\u00f3.<\/li>\n\n\n\n<li>Desenvolupar el calendari electoral.<\/li>\n\n\n\n<li>Admetre i proclamar les candidatures.<\/li>\n\n\n\n<li>Resoldre les impugnacions que presenten, relatives al cens electoral, a candidatures, terminis, etc., aix\u00ed com les relatives a la celebraci\u00f3 de les eleccions i resultats d&#8217;aquestes.<\/li>\n\n\n\n<li>Decidir sobre qualsevol q\u00fcesti\u00f3 que afecte directament les eleccions.<\/li>\n<\/ol>\n\n\n\n<h2 class=\"wp-block-heading\">Article 42. La Mesa electoral<\/h2>\n\n\n\n<ol class=\"wp-block-list\">\n<li>La Mesa electoral es constituir\u00e0 una hora abans de l&#8217;establida per al comen\u00e7ament de les votacions:<\/li>\n<\/ol>\n\n\n\n<ol class=\"wp-block-list\">\n<li>Estar\u00e0 integrada per:<\/li>\n\n\n\n<li>La persona de m\u00e9s edat assistent a l&#8217;Assemblea General, que ostentar\u00e0 la Presid\u00e8ncia de la Mesa.<\/li>\n\n\n\n<li>Dos representants de l&#8217;Assemblea General triats per sorteig entre les persones s\u00f2cies assistents.<\/li>\n\n\n\n<li>La persona de menor edat assistent a l&#8217;Assemblea General, que ostentar\u00e0 la Secretaria de la Mesa.<\/li>\n\n\n\n<li>Tamb\u00e9 podran estar presents, en qualitat d&#8217;interventores, una persona designada per cadascuna de les candidatures que es presenten a l&#8217;elecci\u00f3. Aquesta designaci\u00f3 haur\u00e0 d&#8217;estar degudament acreditada, en el moment de constituci\u00f3 de la Mesa Electoral, per qui encap\u00e7ale la candidatura.<\/li>\n<\/ol>\n\n\n\n<ol start=\"2\" class=\"wp-block-list\">\n<li>Amb l&#8217;acceptaci\u00f3 de formar part de la Mesa Electoral, les persones s\u00f2cies renuncien a participar en qualsevol candidatura del proc\u00e9s electoral. Si alguna de les persones s\u00f2cies \u00e9s elegida per a la Mesa Electoral i t\u00e9 intenci\u00f3 de presentar-se en alguna candidatura, haur\u00e0 de renunciar a aquest c\u00e0rrec i es tornar\u00e0 a triar el seu lloc, seguint els criteris oportuns per a cada cas.<\/li>\n\n\n\n<li>S\u00f3n funcions de la Mesa Electoral:<\/li>\n<\/ol>\n\n\n\n<ol class=\"wp-block-list\">\n<li>En cas de votaci\u00f3 presencial, comprovar la identitat de les persones s\u00f2cies que exercisquen el seu dret al vot, recollir les paperetes de vot i introduir-les en una urna degudament tancada i preparada a aquest efecte.<\/li>\n\n\n\n<li>En cas de votaci\u00f3 telem\u00e0tica, supervisar el sistema electr\u00f2nic emprat mentre es desenvolupen les votacions.<\/li>\n\n\n\n<li>Redactar, per mitj\u00e0 de la Secretaria de la Mesa, l&#8217;acta corresponent, on constar\u00e0: nombre de persones s\u00f2cies que han exercit el seu dret al vot, nombre de vots v\u00e0lidament emesos, nombre de vots nuls, resultat de la votaci\u00f3 i incid\u00e8ncies o reclamacions que es produ\u00efsquen.<\/li>\n\n\n\n<li>Remetre una c\u00f2pia d&#8217;aquesta acta a la Junta Electoral dins de les 24 hores seg\u00fcents.<\/li>\n<\/ol>\n\n\n\n<h2 class=\"wp-block-heading\">Article 43. Requisits per a ser electora<\/h2>\n\n\n\n<p>Seran electores tots aquelles persones s\u00f2cies que integren l&#8217;Assemblea General i tinguen dret a vot, en el moment en qu\u00e8 es van convocar les eleccions. No seran electores aquelles persones s\u00f2cies que s&#8217;incorporen amb posterioritat a aquesta data.<\/p>\n\n\n\n<h2 class=\"wp-block-heading\">Article 44. Requisits per a ser elegible<\/h2>\n\n\n\n<p>Per a ser elegible a la Presid\u00e8ncia o qualsevol altre c\u00e0rrec de la Junta Directiva s&#8217;hauran de reunir els seg\u00fcents requisits:<\/p>\n\n\n\n<ol class=\"wp-block-list\">\n<li>Ser persona s\u00f2cia de n\u00famero o d&#8217;honor, sempre que es tinga una antiguitat en aquesta classe de persona s\u00f2cia d&#8217;almenys sis mesos ininterromputs en el per\u00edode immediatament anterior a la convocat\u00f2ria del proc\u00e9s electoral, excepte quan es tracte de la constituci\u00f3 de l&#8217;entitat, i s&#8217;estiga al corrent de les seues obligacions econ\u00f2miques amb el Club.<\/li>\n\n\n\n<li>Ser major d&#8217;edat.<\/li>\n\n\n\n<li>Tindre plena capacitat d&#8217;obrar.<\/li>\n\n\n\n<li>Ser de nacionalitat espanyola, nacional d&#8217;un estat membre de la Uni\u00f3 Europea o estranger resident a Espanya.<\/li>\n\n\n\n<li>No complir pena d&#8217;inhabilitaci\u00f3 per a c\u00e0rrec p\u00fablic per sent\u00e8ncia judicial ferma, ni per a c\u00e0rrec esportiu per resoluci\u00f3 ferma dictada per un \u00f2rgan disciplinari.<\/li>\n\n\n\n<li>No ostentar el c\u00e0rrec de Presid\u00e8ncia en una altra entitat esportiva.<\/li>\n<\/ol>\n\n\n\n<h2 class=\"wp-block-heading\">Article 45. Requisits de les candidatures<\/h2>\n\n\n\n<ol class=\"wp-block-list\">\n<li>Les candidatures que es presenten al proc\u00e9s electoral hauran de ser necess\u00e0riament candidatures tancades.<\/li>\n\n\n\n<li>No existir\u00e0 requisits ni limitacions sobre c\u00e0rrecs i nombre de components d&#8217;una candidatura, m\u00e9s enll\u00e0 dels ja establits en els presents Estatuts sobre la composici\u00f3 de la Junta Directiva.<\/li>\n\n\n\n<li>En les candidatures, haur\u00e0 de figurar la relaci\u00f3 dels seus components, amb la designaci\u00f3 del c\u00e0rrec que cada persona haur\u00e0 d&#8217;ostentar en la Junta Directiva, havent d&#8217;estar formada per un nombre de membres igual al de c\u00e0rrecs que es pretenga cobrir.<\/li>\n\n\n\n<li>Una persona s\u00f2cia nom\u00e9s podr\u00e0 participar en una \u00fanica candidatura.<\/li>\n\n\n\n<li>Quan el nombre de persones s\u00f2cies integrants de l&#8217;Assemblea General siga major de dues mil, les candidatures tancades hauran d&#8217;estar avalades, com a m\u00ednim, pel 5% dels membres de l&#8217;assemblea, havent de constar el nom i cognoms dels candidats, el seu n\u00famero d&#8217;associat o associada i de DNI, i la seua acceptaci\u00f3.<\/li>\n\n\n\n<li>Els membres de l&#8217;assemblea que avalen les candidatures tancades faran constar davall de les seues signatures, el seu nom i cognoms, n\u00famero de DNI i n\u00famero de persona s\u00f2cia o equivalent designat per la Junta Electoral. Cap persona s\u00f2cia podr\u00e0 presentar ni avalar m\u00e9s d&#8217;una candidatura. En cas de duplicitat de signatures es tindr\u00e0 per no posades.<\/li>\n\n\n\n<li>La presentaci\u00f3 de candidatures es far\u00e0 mitjan\u00e7ant document escrit dirigit a la Secretaria de la Junta Electoral, dins dels terminis contemplats en el calendari electoral.<\/li>\n<\/ol>\n\n\n\n<h2 class=\"wp-block-heading\">Article 46. Calendari electoral<\/h2>\n\n\n\n<p>En el calendari electoral hauran de figurar, almenys, les dates i terminis seg\u00fcents:<\/p>\n\n\n\n<ol class=\"wp-block-list\">\n<li>Convocat\u00f2ria de les eleccions.<\/li>\n\n\n\n<li>Exposici\u00f3 p\u00fablica del cens i presentaci\u00f3 de reclamacions a aquest.<\/li>\n\n\n\n<li>Presentaci\u00f3 de candidatures tancades i la seua publicaci\u00f3.<\/li>\n\n\n\n<li>Termini d&#8217;impugnacions de les candidatures presentades i la seua resoluci\u00f3.<\/li>\n\n\n\n<li>Celebraci\u00f3 de les eleccions: dia i hora de les votacions, sistema telem\u00e0tic emprat o lloc presencial d&#8217;aquestes.<\/li>\n\n\n\n<li>Impugnacions de les votacions i la seua resoluci\u00f3.<\/li>\n\n\n\n<li>Proclamaci\u00f3 de la candidatura electa.<\/li>\n<\/ol>\n\n\n\n<h2 class=\"wp-block-heading\">Article 47. Exposici\u00f3 del cens<\/h2>\n\n\n\n<p>La convocat\u00f2ria i el cens electoral romandr\u00e0 a la disposici\u00f3 de les persones s\u00f2cies, en format electr\u00f2nic o en la seu del Club, durant un per\u00edode m\u00ednim de 10 dies i un m\u00e0xim de 15 dies, en el qual figurar\u00e0 la llista de persones s\u00f2cies amb dret a vot, perqu\u00e8 les persones interessades puguen interposar les reclamacions oportunes.<\/p>\n\n\n\n<h2 class=\"wp-block-heading\">Article 48. Presentaci\u00f3 de candidatures<\/h2>\n\n\n\n<ol class=\"wp-block-list\">\n<li>Expirat el termini d&#8217;exposici\u00f3 i reclamacions al cens electoral, tindr\u00e0 lloc la presentaci\u00f3 de candidatures, que es tancar\u00e0 en els cinc dies seg\u00fcents.<\/li>\n\n\n\n<li>Transcorregut aqueix termini i durant els tres dies seg\u00fcents, la Junta Electoral estudiar\u00e0 la validesa de les candidatures presentades, acceptant \u00fanicament les que complisquen els requisits exigits.<\/li>\n\n\n\n<li>Finalitzat el termini d&#8217;estudi i acceptaci\u00f3 de les candidatures per la Junta Electoral, es concedir\u00e0 un termini m\u00ednim de tres dies i m\u00e0xim de sis dies, en el qual es faran p\u00fabliques les candidatures acceptades i rebutjades, podent-se efectuar durant aqueix termini les oportunes reclamacions, que seran resoltes per la Junta Electoral en el termini de tres dies, comunicant-se a les persones interessades l&#8217;acord que s&#8217;adopte.<\/li>\n\n\n\n<li>Si no existeix cap candidatura o si les presentades no reuniren els requisits establits, la Junta Directiva o la Junta Gestora, en el seu cas, continuar\u00e0 en les seues funcions i en col\u00b7laboraci\u00f3 amb la Junta Electoral formalitzar\u00e0, en un termini de 15 dies com a m\u00ednim i 30 dies com a m\u00e0xim, un nou calendari electoral que posar\u00e0 en marxa el nou per\u00edode electoral.<\/li>\n\n\n\n<li>En cas que existira una \u00fanica candidatura que reunira tots els requisits exigits, els seus components seran proclamats com a membres de la nova Junta Directiva, sense necessitat de celebrar votacions.<\/li>\n\n\n\n<li>Si s\u00f3n diverses les candidatures v\u00e0lides, se celebraran les eleccions en la forma prevista. En cas d&#8217;empat, es donar\u00e0 com a guanyadora la candidatura encap\u00e7alada per la persona s\u00f2cia de major antiguitat en el Club.<\/li>\n<\/ol>\n\n\n\n<h2 class=\"wp-block-heading\">Article 49. Reclamacions a la votaci\u00f3<\/h2>\n\n\n\n<ol class=\"wp-block-list\">\n<li>Les reclamacions que es produ\u00efsquen amb motiu de la votaci\u00f3 hauran de formular-se dins dels tres dies seg\u00fcents davant la Junta Electoral, sempre que les persones interessades ho hagueren fet constar en l&#8217;acta de les votacions.<\/li>\n\n\n\n<li>La Junta Electoral resoldr\u00e0 les impugnacions presentades en el termini de tres dies, transcorreguts els quals posar\u00e0 a la disposici\u00f3 de les persones s\u00f2cies, en format electr\u00f2nic o en la seu del Club, la proclamaci\u00f3 de la candidatura que haja sigut triada.<\/li>\n<\/ol>\n\n\n\n<h2 class=\"wp-block-heading\">Article 50. Impugnaci\u00f3 dels acords de la Junta Electoral<\/h2>\n\n\n\n<p>Els acords dictats per la Junta Electoral podran ser impugnats davant l&#8217;ordre jurisdiccional civil.<\/p>\n\n\n\n<h2 class=\"wp-block-heading\">Article 51. Comunicaci\u00f3 al Registre d&#8217;Entitats Esportives de la Comunitat Valenciana<\/h2>\n\n\n\n<p>Cada vegada que es produ\u00efsquen unes eleccions o hi haja canvis en la Junta Directiva haur\u00e0 de comunicar-se al Registre d&#8217;Entitats Esportives de la Comunitat Valenciana la nova composici\u00f3, mitjan\u00e7ant el certificat corresponent.<\/p>\n\n\n\n<h1 class=\"wp-block-heading\"><strong>CAP\u00cdTOL XI. Resoluci\u00f3 extrajudicial de conflictes<\/strong><\/h1>\n\n\n\n<h2 class=\"wp-block-heading\">Article 52. Mediaci\u00f3, arbitratge i conciliaci\u00f3<\/h2>\n\n\n\n<ol class=\"wp-block-list\">\n<li>Les q\u00fcestions litigioses que puguen sorgir amb motiu de les actuacions o decisions adoptades en el si del Club, podran resoldre&#8217;s mitjan\u00e7ant arbitratge, a trav\u00e9s d&#8217;un procediment ajustat al que es disposa en la Llei 60\/2003, de 23 de desembre, d&#8217;Arbitratge, i amb subjecci\u00f3, en tot cas, als principis essencials d&#8217;audi\u00e8ncia, contradicci\u00f3 i igualtat entre les parts, o volunt\u00e0riament per mediaci\u00f3, conforme al que s&#8217;estableix en la Llei 5\/2012, de 6 de juliol, de mediaci\u00f3 en assumptes civils i mercantils.<\/li>\n\n\n\n<li>Per defecte, el Club regular\u00e0 els possibles processos d&#8217;arbitratge mitjan\u00e7ant un procediment de conciliaci\u00f3, format per integrants del Club, al qual podran acollir-se volunt\u00e0riament les parts en litigi.<\/li>\n\n\n\n<li>No seran objecte de resoluci\u00f3 extrajudicial aquelles mat\u00e8ries que afecten el r\u00e8gim sancionador esportiu i a aquelles altres que es referisquen a drets personal\u00edssims no sotmesos a la lliure disposici\u00f3.<\/li>\n<\/ol>\n\n\n\n<h1 class=\"wp-block-heading\"><strong>CAP\u00cdTOL XII. Sobre la llengua<\/strong><\/h1>\n\n\n\n<h2 class=\"wp-block-heading\">Article 53. Lleng\u00fces oficials<\/h2>\n\n\n\n<p>Les lleng\u00fces oficials del Club seran el Valenci\u00e0, el Castell\u00e0 i la Llengua de Signes Espanyola (LSE).<\/p>\n\n\n\n<p>Les tres lleng\u00fces oficials seran acceptades indistintament en l&#8217;administraci\u00f3 i documentaci\u00f3 del Club, si b\u00e9 el Valenci\u00e0 tindr\u00e0 la consideraci\u00f3 de llengua vehicular i principal, per la qual cosa es tindr\u00e0 especialment en consideraci\u00f3 a l&#8217;hora de la redacci\u00f3 de comunicacions del Club, tant internes com externes.<\/p>\n\n\n\n<p>En qualsevol cas, es reconeix el dret de totes les persones s\u00f2cies a expressar-se lliurement en qualsevol de les tres lleng\u00fces oficials del Club, sense que se li puga for\u00e7ar a l&#8217;\u00fas d&#8217;una altra que no siga la de la seua elecci\u00f3.<\/p>\n","protected":false},"excerpt":{"rendered":"<p>CAP\u00cdTOL I. Principis generals Article 1. El Club El CLUB ESPORTIU LGTBI+ DRACS VAL\u00c8NCIA, d&#8217;ara en avant el Club, \u00e9s una associaci\u00f3 privada sense \u00e0nim de lucre, amb personalitat jur\u00eddica i capacitat d&#8217;obrar, que t\u00e9 les seg\u00fcents finalitats: Article 2. R\u00e8gim jur\u00eddic Article 3. Pr\u00e0ctica esportiva El CLUB ESPORTIU LGTBI+ DRACS VAL\u00c8NCIA practica com a&hellip;<\/p>\n","protected":false},"author":1,"featured_media":0,"parent":0,"menu_order":0,"comment_status":"closed","ping_status":"closed","template":"","meta":{"pmpro_default_level":"","footnotes":""},"class_list":["post-1040","page","type-page","status-publish","hentry","pmpro-has-access"],"translation":{"provider":"WPGlobus","version":"3.0.2","language":"vl","enabled_languages":["es","vl"],"languages":{"es":{"title":true,"content":true,"excerpt":false},"vl":{"title":true,"content":true,"excerpt":false}}},"featured_image_urls_v2":{"full":"","thumbnail":"","medium":"","medium_large":"","large":"","1536x1536":"","2048x2048":"","post-thumbnail":"","envo-one-img":"","woocommerce_thumbnail":"","woocommerce_single":"","woocommerce_gallery_thumbnail":""},"post_excerpt_stackable_v2":"<p>Esport inclusiu y divers Castell\u00e0 \/ Valenci\u00e0 CAP\u00cdTOL I. Principis generals Article 1. El Club El CLUB ESPORTIU LGTBI+ DRACS VAL\u00c8NCIA, d&#8217;ara en avant el Club, \u00e9s una associaci\u00f3 privada sense \u00e0nim de lucre, amb personalitat jur\u00eddica i capacitat d&#8217;obrar, que t\u00e9 les seg\u00fcents finalitats: Promoure i fomentar la diversitat en la pr\u00e0ctica de l&#8217;esport, fent especial \u00e8mfasi en activitats o competicions en l&#8217;\u00e0mbit federat. Fomentar la pr\u00e0ctica de l&#8217;esport en un ambient de toler\u00e0ncia i no discriminaci\u00f3, fent especial \u00e8mfasi en la igualtat que emana del feminisme i la no discriminaci\u00f3 per identitat o expressi\u00f3 de g\u00e8nere, orientaci\u00f3 afectiu-sexual,&hellip;<\/p>\n","category_list_v2":"","author_info_v2":{"name":"admin","url":"https:\/\/dracs.es\/vl\/author\/celgtbivalencia\/"},"comments_num_v2":"0 comments","_links":{"self":[{"href":"https:\/\/dracs.es\/vl\/wp-json\/wp\/v2\/pages\/1040","targetHints":{"allow":["GET"]}}],"collection":[{"href":"https:\/\/dracs.es\/vl\/wp-json\/wp\/v2\/pages"}],"about":[{"href":"https:\/\/dracs.es\/vl\/wp-json\/wp\/v2\/types\/page"}],"author":[{"embeddable":true,"href":"https:\/\/dracs.es\/vl\/wp-json\/wp\/v2\/users\/1"}],"replies":[{"embeddable":true,"href":"https:\/\/dracs.es\/vl\/wp-json\/wp\/v2\/comments?post=1040"}],"version-history":[{"count":14,"href":"https:\/\/dracs.es\/vl\/wp-json\/wp\/v2\/pages\/1040\/revisions"}],"predecessor-version":[{"id":16892,"href":"https:\/\/dracs.es\/vl\/wp-json\/wp\/v2\/pages\/1040\/revisions\/16892"}],"wp:attachment":[{"href":"https:\/\/dracs.es\/vl\/wp-json\/wp\/v2\/media?parent=1040"}],"curies":[{"name":"wp","href":"https:\/\/api.w.org\/{rel}","templated":true}]}}