{"id":23,"date":"2020-02-04T10:38:43","date_gmt":"2020-02-04T10:38:43","guid":{"rendered":"https:\/\/dracs.es\/?page_id=23"},"modified":"2023-08-31T13:06:37","modified_gmt":"2023-08-31T11:06:37","slug":"c-e-lgtbi-dracs-valencia","status":"publish","type":"page","link":"https:\/\/dracs.es\/vl\/c-e-lgtbi-dracs-valencia\/","title":{"rendered":"Club Esportiu LGTBI+ DRACS Val\u00e8ncia"},"content":{"rendered":"\n<div class=\"wp-block-cover alignfull has-background-dim-20 has-dark-background-color has-background-dim\" style=\"min-height:210px;aspect-ratio:unset;\"><img loading=\"lazy\" decoding=\"async\" width=\"1024\" height=\"683\" class=\"wp-block-cover__image-background wp-image-34\" alt=\"\" src=\"https:\/\/dracs.es\/wp-content\/uploads\/2020\/02\/35173586516_232a2b8185_b.jpg\" data-object-fit=\"cover\" srcset=\"https:\/\/dracs.es\/wp-content\/uploads\/2020\/02\/35173586516_232a2b8185_b.jpg 1024w, https:\/\/dracs.es\/wp-content\/uploads\/2020\/02\/35173586516_232a2b8185_b-300x200.jpg 300w, https:\/\/dracs.es\/wp-content\/uploads\/2020\/02\/35173586516_232a2b8185_b-600x400.jpg 600w, https:\/\/dracs.es\/wp-content\/uploads\/2020\/02\/35173586516_232a2b8185_b-768x512.jpg 768w, https:\/\/dracs.es\/wp-content\/uploads\/2020\/02\/35173586516_232a2b8185_b-245x163.jpg 245w\" sizes=\"auto, (max-width: 1024px) 100vw, 1024px\" \/><div class=\"wp-block-cover__inner-container is-layout-flow wp-block-cover-is-layout-flow\">\n<h2 class=\"has-text-align-center wp-block-heading\"><strong><a href=\"#diversidad\"><span style=\"color: #fff;\" class=\"ugb-highlight\">Esport inclusiu y divers<\/span><\/a><\/strong><\/h2>\n\n\n\n<p class=\"has-text-align-right has-white-color has-text-color\"><strong><span style=\"color: #fff;\" class=\"ugb-highlight\"><a href=\"https:\/\/dracs.es\">Castell\u00e0<\/a> \/ <a href=\"https:\/\/dracs.es\/vl\/\">Valenci\u00e0 <\/a><\/span><\/strong><\/p>\n<\/div><\/div>\n\n\n\n<div class=\"alignfull wp-block-ugb-button ugb-button-wrapper ugb-6ef105f ugb-button--collapse-mobile ugb-button--design-grouped-1 ugb-main-block ugb-main-block--inner-center ugb--has-block-background\"><style>.ugb-6ef105f .ugb-button1{background-color:#c4493f;background-image:linear-gradient(90deg,#c4493f,#430e0e);border-radius:100px !important}.ugb-6ef105f .ugb-button1 .ugb-button--inner,.ugb-6ef105f .ugb-button1 svg:not(.ugb-custom-icon){color:#ffffff !important}.ugb-6ef105f .ugb-button1:before{border-radius:100px !important}.ugb-6ef105f .ugb-button2 .ugb-button--inner{color:#313131 !important}.ugb-6ef105f .ugb-button2{border-color:#313131 !important;border-radius:100px !important}.ugb-6ef105f .ugb-button2:hover .ugb-button--inner{color:#313131 !important}.ugb-6ef105f .ugb-button2:before{border-radius:100px !important}.ugb-6ef105f .ugb-button3 .ugb-button--inner{color:#313131 !important}@media screen and (max-width:768px){.ugb-6ef105f .ugb-block-content{flex-direction:column}}<\/style><div class=\"ugb-inner-block ugb-inner-block--center\"><div class=\"ugb-block-content\"><div class=\"ugb-button-container\"><a class=\"ugb-button1 ugb-button ugb-button--size-normal\" href=\"https:\/\/dracs.es\/vl\/membership-login\/\" rel=\"\" title=\"\"><span class=\"ugb-button--inner\">Acc\u00e9s<\/span><\/a><\/div><div class=\"ugb-button-container\"><a class=\"ugb-button2 ugb-button ugb-button--size-normal ugb-button--design-ghost\" href=\"https:\/\/dracs.es\/vl\/preinscripcion\" target=\"_blank\" rel=\"noopener noreferrer\" title=\"\"><span class=\"ugb-button--inner\">Preinscripci\u00f3<\/span><\/a><\/div><div class=\"ugb-button-container\"><a class=\"ugb-button3 ugb-button ugb-button--size-normal ugb-button--design-plain\" href=\"#newsletter\" rel=\"\" title=\"\"><span class=\"ugb-button--inner\">Contacte<\/span><\/a><\/div><\/div><\/div><\/div>\n\n\n<p><meta name=\"viewport\" content=\"width=1024\"><\/p>\n\n\n\n<hr class=\"wp-block-separator\"\/>\n\n\n\n<p class=\"has-text-align-center\">Projecte gr\u00e0cies a la col\u00b7laboraci\u00f3 de:<\/p>\n\n\n\n<div class=\"wp-block-coblocks-logos alignfull is-style-default\"><div class=\"wp-block-coblocks-logos__row\"><div style=\"width:37.1731%\"><img decoding=\"async\" src=\"https:\/\/dracs.es\/wp-content\/uploads\/2021\/08\/AytoFDM_2017-sp-1024x169.png\" alt=\"\" data-id=\"4280\" data-width=\"37.1731%\"\/><\/div><div style=\"width:20.6725%\"><img decoding=\"async\" src=\"https:\/\/dracs.es\/wp-content\/uploads\/2021\/04\/gv_conselleria_educacio_rgb_val-3-1024x504.png\" alt=\"\" data-id=\"3330\" data-width=\"20.6725%\"\/><\/div><\/div><\/div>\n\n\n\n<hr class=\"wp-block-separator\"\/>\n\n\n\n<div class=\"wp-block-media-text alignwide is-stacked-on-mobile\" style=\"grid-template-columns:40% auto\"><figure class=\"wp-block-media-text__media\"><img loading=\"lazy\" decoding=\"async\" width=\"1024\" height=\"678\" src=\"https:\/\/dracs.es\/wp-content\/uploads\/2021\/06\/DSC_6350.NEF_-1024x678.jpg\" alt=\"\" class=\"wp-image-3780 size-full\" srcset=\"https:\/\/dracs.es\/wp-content\/uploads\/2021\/06\/DSC_6350.NEF_-1024x678.jpg 1024w, https:\/\/dracs.es\/wp-content\/uploads\/2021\/06\/DSC_6350.NEF_-300x199.jpg 300w, https:\/\/dracs.es\/wp-content\/uploads\/2021\/06\/DSC_6350.NEF_-600x397.jpg 600w, https:\/\/dracs.es\/wp-content\/uploads\/2021\/06\/DSC_6350.NEF_-768x509.jpg 768w, https:\/\/dracs.es\/wp-content\/uploads\/2021\/06\/DSC_6350.NEF_-1536x1017.jpg 1536w, https:\/\/dracs.es\/wp-content\/uploads\/2021\/06\/DSC_6350.NEF_-2048x1356.jpg 2048w, https:\/\/dracs.es\/wp-content\/uploads\/2021\/06\/DSC_6350.NEF_-245x162.jpg 245w\" sizes=\"auto, (max-width: 1024px) 100vw, 1024px\" \/><\/figure><div class=\"wp-block-media-text__content\">\n<h2 class=\"wp-block-heading\"><strong>Inici temporada!<\/strong><\/h2>\n\n\n\n<div class=\"wp-block-buttons is-layout-flex wp-block-buttons-is-layout-flex\">\n<div class=\"wp-block-button\"><a class=\"wp-block-button__link\" href=\"https:\/\/dracs.es\/preinscripcion\" target=\"_blank\" rel=\"noreferrer noopener\">Preinscripci\u00f3<\/a><\/div>\n<\/div>\n\n\n\n<p>Comencem la temporada 2021-2022 a septembre, preinscriu-te ja! Molt prompte tota la informaci\u00f3. Les activitats regulars de la temporada ser\u00e0n:<\/p>\n\n\n\n<ul class=\"wp-block-list\"><li>Voleibol (pretemporada Platja Malvarrosa al setembre i Pista en poliesportius Petxina i Natzaret)<\/li><li>Quidditch en Poliesportiu Benimaclet<\/li><li>Nataci\u00f3 en Poliesportiu Marxalenes <\/li><li>Running triatl\u00f3 en les pistes d&#8217;atletisme Tram III T\u00faria<\/li><li>Ciclisme triatl\u00f3 eixides mensuals<\/li><li>Senderime i activitats de muntanya eixides mensuals<\/li><\/ul>\n\n\n\n<p><\/p>\n<\/div><\/div>\n\n\n\n<div class=\"wp-block-ugb-accordion ugb-accordion ugb-3d4f02e ugb-accordion--v2 ugb-accordion--design-basic ugb-main-block\" aria-expanded=\"false\"><style>.ugb-3d4f02e .ugb-accordion__heading{border-radius:10px !important;background-color:#ffc800 !important;padding-top:12px !important;padding-right:12px !important;padding-bottom:12px !important;padding-left:12px !important}.ugb-3d4f02e .ugb-accordion__heading:before{background-image:linear-gradient(90deg,#ffc800 0%,#8700ff 100%) !important}.ugb-3d4f02e .ugb-accordion__title{text-align:center !important;color:#FFFFFF}.ugb-3d4f02e .ugb-accordion__arrow{fill:#FFFFFF}.ugb-3d4f02e .ugb-inner-block{text-align:center}<\/style><div class=\"ugb-inner-block\"><div class=\"ugb-block-content\"><div class=\"ugb-accordion__item\"><div class=\"ugb-accordion__heading ugb--has-background-overlay\" role=\"button\" tabindex=\"0\"><h5 class=\"ugb-accordion__title\">Actualitat<\/h5><svg viewbox=\"0 0 20 20\" xmlns=\"http:\/\/www.w3.org\/2000\/svg\" class=\"ugb-accordion__arrow\" width=\"20\" height=\"20\"><path d=\"M16.7 3.3L10 10 3.3 3.4 0 6.7l10 10v-.1l10-9.9z\"><\/path><\/svg><\/div><div class=\"ugb-accordion__content\" role=\"region\"><div class=\"ugb-accordion__content-inner\">\n<div class=\"wp-block-ugb-divider ugb-divider ugb-b2b66f4 ugb-divider--v2 ugb-divider--design-basic ugb-main-block\"><style>.ugb-b2b66f4 hr.ugb-divider__hr{margin-left:auto !important;margin-right:auto !important}<\/style><div class=\"ugb-inner-block\"><div class=\"ugb-block-content\"><hr class=\"ugb-divider__hr\"\/><\/div><\/div><\/div>\n\n\n\n<div class=\"wp-block-ugb-blog-posts ugb-blog-posts ugb-9b95f45 ugb-blog-posts--v2 ugb-blog-posts--design-basic ugb-blog-posts--columns-4 ugb-main-block ugb--has-bottom-separator\"><div class=\"ugb-bottom-separator\"><div class=\"ugb-separator-wrapper\"><svg viewbox=\"0 0 1600 200\" filter=\"url(#straight-1-shadow_svg__a)\" enablebackground=\"new 0 0 1600 200\" xmlns=\"http:\/\/www.w3.org\/2000\/svg\" class=\"ugb-separator__shadow\" preserveaspectratio=\"none\" aria-hidden=\"true\"><filter id=\"straight-1-shadow_svg__a\"><feGaussianBlur in=\"SourceAlpha\" stddeviation=\"4\"><\/feGaussianBlur><feComponentTransfer><feFuncA type=\"linear\" slope=\"0.4\"><\/feFuncA><\/feComponentTransfer><feMerge><feMergeNode><\/feMergeNode><feMergeNode in=\"SourceGraphic\"><\/feMergeNode><\/feMerge><\/filter><path d=\"M-10 121.6h1620v-16.4H-10z\"><\/path><\/svg><svg viewbox=\"0 0 1600 200\" xmlns=\"http:\/\/www.w3.org\/2000\/svg\" class=\"ugb-separator__layer-1\" preserveaspectratio=\"none\" aria-hidden=\"true\"><path d=\"M-10 210h1620V105.2H-10z\"><\/path><\/svg><\/div><\/div><div class=\"ugb-inner-block\"><div class=\"ugb-block-content\"><article class=\"ugb-blog-posts__item\"><div class=\"ugb-blog-posts__content\"><h6 class=\"ugb-blog-posts__title\"><a href=\"https:\/\/dracs.es\/vl\/manifest1d\/\">Manifest\u00a0 #1D\u00a0 #LEsport\u00c9sPositiu\u00a0 #StopSerof\u00f2bia<\/a><\/h6><aside class=\"entry-meta ugb-blog-posts__meta\">01\/12\/2023<\/aside><p class=\"ugb-blog-posts__readmore\"><a href=\"https:\/\/dracs.es\/vl\/manifest1d\/\">Continue reading<\/a><\/p><\/div><\/article><article class=\"ugb-blog-posts__item\"><div class=\"ugb-blog-posts__content\"><figure class=\"ugb-blog-posts__featured-image ugb--shadow-3\"><a href=\"https:\/\/dracs.es\/vl\/manifest19f\/\"><img loading=\"lazy\" decoding=\"async\" width=\"1024\" height=\"461\" src=\"https:\/\/dracs.es\/wp-content\/uploads\/2021\/02\/PicsArt_02-02-11.24.00-1024x461.jpg\" class=\"attachment-large size-large wp-post-image\" alt=\"\" \/><\/a><\/figure><h6 class=\"ugb-blog-posts__title\"><a href=\"https:\/\/dracs.es\/vl\/manifest19f\/\">Manifest #19F #EsportInclusiu<\/a><\/h6><aside class=\"entry-meta ugb-blog-posts__meta\">15\/02\/2022<\/aside><p class=\"ugb-blog-posts__readmore\"><a href=\"https:\/\/dracs.es\/vl\/manifest19f\/\">Continue reading<\/a><\/p><\/div><\/article><article class=\"ugb-blog-posts__item\"><div class=\"ugb-blog-posts__content\"><h6 class=\"ugb-blog-posts__title\"><a href=\"https:\/\/dracs.es\/vl\/apuntat-a-la-proxima-excursio-a-la-serra-dirta-en-peniscola-el-27-06-2021\/\">Apunta&#8217;t a la pr\u00f2xima excursi\u00f3 a la Serra d&#8217;Irta en Pe\u00f1iscola el 27\/06\/2021<\/a><\/h6><aside class=\"entry-meta ugb-blog-posts__meta\">15\/06\/2021<\/aside><p class=\"ugb-blog-posts__readmore\"><a href=\"https:\/\/dracs.es\/vl\/apuntat-a-la-proxima-excursio-a-la-serra-dirta-en-peniscola-el-27-06-2021\/\">Continue reading<\/a><\/p><\/div><\/article><article class=\"ugb-blog-posts__item\"><div class=\"ugb-blog-posts__content\"><h6 class=\"ugb-blog-posts__title\"><a href=\"https:\/\/dracs.es\/vl\/apuntate-a-la-excursion-de-los-calderones-el-charco-azul-en-chulilla-el-13-06-2021\/\">Apunta&#8217;t a l&#8217;excursi\u00f3 dels Calderones &#8211; El Charco Azul a Chulilla el 13\/06\/2021<\/a><\/h6><aside class=\"entry-meta ugb-blog-posts__meta\">27\/05\/2021<\/aside><p class=\"ugb-blog-posts__readmore\"><a href=\"https:\/\/dracs.es\/vl\/apuntate-a-la-excursion-de-los-calderones-el-charco-azul-en-chulilla-el-13-06-2021\/\">Continue reading<\/a><\/p><\/div><\/article><article class=\"ugb-blog-posts__item\"><div class=\"ugb-blog-posts__content\"><figure class=\"ugb-blog-posts__featured-image ugb--shadow-3\"><a href=\"https:\/\/dracs.es\/vl\/acueducto-de-pena-cortada-los-caminos-historicos-del-agua\/\"><img loading=\"lazy\" decoding=\"async\" width=\"1024\" height=\"683\" src=\"https:\/\/dracs.es\/wp-content\/uploads\/2021\/05\/Pena_Cortada_5.jpg\" class=\"attachment-large size-large wp-post-image\" alt=\"\" \/><\/a><\/figure><h6 class=\"ugb-blog-posts__title\"><a href=\"https:\/\/dracs.es\/vl\/acueducto-de-pena-cortada-los-caminos-historicos-del-agua\/\">Apunta&#8217;t a la ruta de l&#8217;Aq\u00fceducte de Penya Cort\u00e1 el 30\/05\/2021<\/a><\/h6><aside class=\"entry-meta ugb-blog-posts__meta\">15\/05\/2021<\/aside><p class=\"ugb-blog-posts__readmore\"><a href=\"https:\/\/dracs.es\/vl\/acueducto-de-pena-cortada-los-caminos-historicos-del-agua\/\">Continue reading<\/a><\/p><\/div><\/article><article class=\"ugb-blog-posts__item\"><div class=\"ugb-blog-posts__content\"><figure class=\"ugb-blog-posts__featured-image ugb--shadow-3\"><a href=\"https:\/\/dracs.es\/vl\/denunciamos-el-incidente-homofobo-sufrido-por-victor-gutierrez-durante-un-partido\/\"><img loading=\"lazy\" decoding=\"async\" width=\"492\" height=\"1024\" src=\"https:\/\/dracs.es\/wp-content\/uploads\/2021\/04\/Screenshot_2021-05-17-09-54-58-835_com.instagram.android-492x1024.jpg\" class=\"attachment-large size-large wp-post-image\" alt=\"\" \/><\/a><\/figure><h6 class=\"ugb-blog-posts__title\"><a href=\"https:\/\/dracs.es\/vl\/denunciamos-el-incidente-homofobo-sufrido-por-victor-gutierrez-durante-un-partido\/\">Denunciem l&#8217;incident hom\u00f2fob patit per V\u00edctor Guti\u00e9rrez durant un partit<\/a><\/h6><aside class=\"entry-meta ugb-blog-posts__meta\">20\/04\/2021<\/aside><p class=\"ugb-blog-posts__readmore\"><a href=\"https:\/\/dracs.es\/vl\/denunciamos-el-incidente-homofobo-sufrido-por-victor-gutierrez-durante-un-partido\/\">Continue reading<\/a><\/p><\/div><\/article><article class=\"ugb-blog-posts__item\"><div class=\"ugb-blog-posts__content\"><figure class=\"ugb-blog-posts__featured-image ugb--shadow-3\"><a href=\"https:\/\/dracs.es\/vl\/valencia-entre-las-tres-finalistas-a-ser-sede-de-los-gay-games-2026\/\"><img loading=\"lazy\" decoding=\"async\" width=\"1024\" height=\"1024\" src=\"https:\/\/dracs.es\/wp-content\/uploads\/2021\/02\/EtIy21lXYA0k7yS-1024x1024.jpg\" class=\"attachment-large size-large wp-post-image\" alt=\"\" \/><\/a><\/figure><h6 class=\"ugb-blog-posts__title\"><a href=\"https:\/\/dracs.es\/vl\/valencia-entre-las-tres-finalistas-a-ser-sede-de-los-gay-games-2026\/\">Val\u00e8ncia entre les tres finalistes a ser seu dels GAI GAMES 2026<\/a><\/h6><aside class=\"entry-meta ugb-blog-posts__meta\">02\/02\/2021<\/aside><p class=\"ugb-blog-posts__readmore\"><a href=\"https:\/\/dracs.es\/vl\/valencia-entre-las-tres-finalistas-a-ser-sede-de-los-gay-games-2026\/\">Continue reading<\/a><\/p><\/div><\/article><article class=\"ugb-blog-posts__item\"><div class=\"ugb-blog-posts__content\"><figure class=\"ugb-blog-posts__featured-image ugb--shadow-3\"><a href=\"https:\/\/dracs.es\/vl\/comunicado\/\"><img loading=\"lazy\" decoding=\"async\" width=\"1024\" height=\"1024\" src=\"https:\/\/dracs.es\/wp-content\/uploads\/2021\/01\/ab73a8f1-eab9-4c69-8e7d-ad125092293b-1024x1024.jpg\" class=\"attachment-large size-large wp-post-image\" alt=\"\" \/><\/a><\/figure><h6 class=\"ugb-blog-posts__title\"><a href=\"https:\/\/dracs.es\/vl\/comunicado\/\">COMUNICAT<\/a><\/h6><aside class=\"entry-meta ugb-blog-posts__meta\">21\/01\/2021<\/aside><p class=\"ugb-blog-posts__readmore\"><a href=\"https:\/\/dracs.es\/vl\/comunicado\/\">Continue reading<\/a><\/p><\/div><\/article><\/div><\/div><\/div>\n\n\n\n<p><a href=\"#newsletter\">Suscr\u00edbete a nuestro newsletter para recibir informaci\u00f3n.<\/a><\/p>\n<\/div><\/div><\/div><\/div><\/div><\/div>\n\n\n\n\n\n<h2 class=\"has-text-align-center wp-block-heading\"> Sobre el projecte <\/h2>\n\n\n\n<figure class=\"wp-block-embed is-type-video is-provider-youtube wp-block-embed-youtube wp-embed-aspect-16-9 wp-has-aspect-ratio\"><div class=\"wp-block-embed__wrapper\">\nhttps:\/\/www.youtube.com\/watch?v=GJBK0fkgAKc&#038;t=4s\n<\/div><\/figure>\n\n\n\n<figure class=\"wp-block-embed is-type-video is-provider-youtube wp-block-embed-youtube wp-embed-aspect-16-9 wp-has-aspect-ratio\"><div class=\"wp-block-embed__wrapper\">\nhttps:\/\/www.youtube.com\/watch?v=aRv-wIy3AFA&#038;t=5s\n<\/div><\/figure>\n\n\n\n\n\n<div class=\"wp-block-button aligncenter is-style-shadow\"><a class=\"wp-block-button__link has-background-color has-blush-bordeaux-gradient-background has-text-color has-background\" href=\"https:\/\/dracs.es\/?page_id=42\" style=\"border-radius:10px\" rel=\"noopener noreferrer\">Vull col\u00b7laborar<\/a><\/div>\n\n\n\n<div class=\"wp-block-media-text alignwide\" style=\"grid-template-columns:47% auto\"><figure class=\"wp-block-media-text__media\"><img loading=\"lazy\" decoding=\"async\" width=\"768\" height=\"432\" src=\"https:\/\/dracs.es\/wp-content\/uploads\/2020\/02\/skysports-cricket-twenty20-cricket-rainbow-laces-stumps-twenty20-stonewall-campaign_4218973.jpg\" alt=\"\" class=\"wp-image-33 size-full\" srcset=\"https:\/\/dracs.es\/wp-content\/uploads\/2020\/02\/skysports-cricket-twenty20-cricket-rainbow-laces-stumps-twenty20-stonewall-campaign_4218973.jpg 768w, https:\/\/dracs.es\/wp-content\/uploads\/2020\/02\/skysports-cricket-twenty20-cricket-rainbow-laces-stumps-twenty20-stonewall-campaign_4218973-300x169.jpg 300w, https:\/\/dracs.es\/wp-content\/uploads\/2020\/02\/skysports-cricket-twenty20-cricket-rainbow-laces-stumps-twenty20-stonewall-campaign_4218973-600x338.jpg 600w, https:\/\/dracs.es\/wp-content\/uploads\/2020\/02\/skysports-cricket-twenty20-cricket-rainbow-laces-stumps-twenty20-stonewall-campaign_4218973-245x138.jpg 245w\" sizes=\"auto, (max-width: 768px) 100vw, 768px\" \/><\/figure><div class=\"wp-block-media-text__content\">\n<p class=\"has-small-font-size\">L&#8217;esport \u00e9s la nostra eina per a <strong>visibilitzar al col\u00b7lectiu LGTBI<\/strong> i   fomentar la pr\u00e0ctica del mateix partint de principis no  discriminatoris de cap mena, fent esment especial en  l&#8217;orientaci\u00f3 afectiu-sexual i la identitat de g\u00e8nere. <\/p>\n\n\n\n<p class=\"has-small-font-size\"><strong>NO som<\/strong> un club exclusiu per a persones del col\u00b7lectiu LGTBI, el + de les  nostres sigles parla de sumar, de treballar a potenciar la Diversitat  en l&#8217;esport. <\/p>\n<\/div><\/div>\n\n\n\n<h2 class=\"has-text-align-center wp-block-heading\" id=\"diversidad\">Esport divers<\/h2>\n\n\n\n<div class=\"wp-block-ugb-accordion ugb-accordion ugb-95e15fb ugb-accordion--v2 ugb-accordion--design-basic ugb-main-block\" aria-expanded=\"false\"><style>.ugb-95e15fb .ugb-accordion__heading{background-color:#da847c !important}.ugb-95e15fb .ugb-accordion__heading:before{background-image:linear-gradient(90deg,#da847c 0%,#9d2419 100%) !important}.ugb-95e15fb .ugb-accordion__title{color:#FFFFFF}.ugb-95e15fb .ugb-inner-block{text-align:center}<\/style><div class=\"ugb-inner-block\"><div class=\"ugb-block-content\"><div class=\"ugb-accordion__item\"><div class=\"ugb-accordion__heading ugb--has-background-overlay\" role=\"button\" tabindex=\"0\"><h5 class=\"ugb-accordion__title\">Activitats obertas<\/h5><svg viewbox=\"0 0 20 20\" xmlns=\"http:\/\/www.w3.org\/2000\/svg\" class=\"ugb-accordion__arrow\" width=\"20\" height=\"20\"><path d=\"M16.7 3.3L10 10 3.3 3.4 0 6.7l10 10v-.1l10-9.9z\"><\/path><\/svg><\/div><div class=\"ugb-accordion__content\" role=\"region\"><div class=\"ugb-accordion__content-inner\">\n<p>Activitats oferides a persones no s\u00f2cies i persones s\u00f2cies durant les fases de desescalada de la crisi sanit\u00e0ria<\/p>\n<\/div><\/div><\/div><\/div><\/div><\/div>\n\n\n\n<figure class=\"wp-block-image size-large\"><img loading=\"lazy\" decoding=\"async\" width=\"1024\" height=\"358\" src=\"https:\/\/dracs.es\/wp-content\/uploads\/2020\/10\/PicsArt_10-16-12.37.18-1024x358.jpg\" alt=\"\" class=\"wp-image-2544\" srcset=\"https:\/\/dracs.es\/wp-content\/uploads\/2020\/10\/PicsArt_10-16-12.37.18-1024x358.jpg 1024w, https:\/\/dracs.es\/wp-content\/uploads\/2020\/10\/PicsArt_10-16-12.37.18-300x105.jpg 300w, https:\/\/dracs.es\/wp-content\/uploads\/2020\/10\/PicsArt_10-16-12.37.18-scaled-600x210.jpg 600w, https:\/\/dracs.es\/wp-content\/uploads\/2020\/10\/PicsArt_10-16-12.37.18-768x268.jpg 768w, https:\/\/dracs.es\/wp-content\/uploads\/2020\/10\/PicsArt_10-16-12.37.18-1536x537.jpg 1536w, https:\/\/dracs.es\/wp-content\/uploads\/2020\/10\/PicsArt_10-16-12.37.18-2048x716.jpg 2048w, https:\/\/dracs.es\/wp-content\/uploads\/2020\/10\/PicsArt_10-16-12.37.18-scaled-245x86.jpg 245w\" sizes=\"auto, (max-width: 1024px) 100vw, 1024px\" \/><figcaption>Pr\u00f2ximament disponible<\/figcaption><\/figure>\n\n\n\n<h2 class=\"has-text-align-center wp-block-heading\">Activitats formatives<\/h2>\n\n\n<p>[event-list column=3]<\/p>\n\n\n\n<div class=\"wp-block-ugb-accordion ugb-accordion ugb-c202233 ugb-accordion--v2 ugb-accordion--design-basic ugb-main-block\" aria-expanded=\"false\"><style>.ugb-c202233 .ugb-accordion__heading{border-radius:10px !important;background-color:#ff9305 !important;padding-top:12px !important;padding-right:12px !important;padding-bottom:12px !important;padding-left:12px !important}.ugb-c202233 .ugb-accordion__heading:before{background-image:linear-gradient(90deg,#ff9305 0%,#d43c05 100%) !important}.ugb-c202233 .ugb-accordion__title{text-align:center !important;color:#FFFFFF}.ugb-c202233 .ugb-accordion__arrow{fill:#FFFFFF}<\/style><div class=\"ugb-inner-block\"><div class=\"ugb-block-content\"><div class=\"ugb-accordion__item\"><div class=\"ugb-accordion__heading ugb--has-background-overlay\" role=\"button\" tabindex=\"0\"><h5 class=\"ugb-accordion__title\">Entrenaments regulars<\/h5><svg viewbox=\"0 0 20 20\" xmlns=\"http:\/\/www.w3.org\/2000\/svg\" class=\"ugb-accordion__arrow\" width=\"20\" height=\"20\"><path d=\"M16.7 3.3L10 10 3.3 3.4 0 6.7l10 10v-.1l10-9.9z\"><\/path><\/svg><\/div><div class=\"ugb-accordion__content\" role=\"region\"><div class=\"ugb-accordion__content-inner\">\n<div class=\"aligncenter wp-block-ugb-notification ugb-notification ugb-aecb168 ugb-notification--v2 ugb-notification--design-basic ugb-notification--type-success ugb-notification--dismissible ugb-main-block\"><style>.ugb-aecb168 .ugb-notification__item{border-radius:0px !important;background-color:#FFFFFF !important;background-image:url(https:\/\/dracs.es\/wp-content\/uploads\/2020\/05\/actividades-copia2.jpg)}.ugb-aecb168 .ugb-notification__item:before{background-color:#FFFFFF !important;opacity:0.2}.ugb-aecb168 .ugb-notification__icon svg:not(.ugb-custom-icon){color:#222222 !important}.ugb-aecb168 .ugb-notification__icon{margin-left:auto !important;margin-right:0 !important;margin-bottom:-50px !important}.ugb-aecb168 .ugb-notification__title{font-weight:500 !important;color:#222222 !important;margin-bottom:15px !important}.ugb-aecb168 .ugb-notification__description{font-size:17px !important;color:#020202 !important;margin-bottom:24px !important}.ugb-aecb168 .ugb-button{background-color:#FFFFFF;border-radius:100px !important}.ugb-aecb168 .ugb-button .ugb-button--inner,.ugb-aecb168 .ugb-button svg:not(.ugb-custom-icon){color:#000000 !important}.ugb-aecb168 .ugb-button:before{border-radius:100px !important}.ugb-aecb168 .ugb-button-container{margin-bottom:-16px !important}.ugb-aecb168 .ugb-inner-block{text-align:right}@media screen and (min-width:768px){.ugb-aecb168 > .ugb-inner-block > .ugb-block-content > *{padding-top:60px !important;padding-bottom:60px !important;padding-right:40px !important;padding-left:40px !important}}<\/style><div class=\"ugb-inner-block\"><div class=\"ugb-block-content\"><div class=\"ugb-notification__item ugb-notification--new-icon ugb--shadow-3 ugb--has-background-overlay\"><span class=\"ugb-notification__close-button\" role=\"button\" tabindex=\"0\"><svg viewbox=\"0 0 28.3 28.3\" xmlns=\"http:\/\/www.w3.org\/2000\/svg\"><path d=\"M52.4-166.2c3.2 0 3.2-5 0-5s-3.2 5 0 5zM16.8 13.9L26.9 3.8c.6-.6.6-1.5 0-2.1s-1.5-.6-2.1 0L14.7 11.8 4.6 1.7c-.6-.6-1.5-.6-2.1 0s-.6 1.5 0 2.1l10.1 10.1L2.5 24c-.6.6-.6 1.5 0 2.1.3.3.7.4 1.1.4s.8-.1 1.1-.4l10-10.1 10.1 10.1c.3.3.7.4 1.1.4s.8-.1 1.1-.4c.6-.6.6-1.5 0-2.1L16.8 13.9z\"><\/path><\/svg><\/span><div class=\"ugb-notification__icon\"><div class=\"ugb-icon-inner-svg\"><\/div><\/div><h3 class=\"ugb-notification__title\">Activitats regulars<\/h3><p class=\"ugb-notification__description\"><br><strong>Per a poder accedir a les activitats i entrenaments regulars del C.E. LGTBI+ DRACS Val\u00e8ncia, \u00e9s necessari donar-te d&#8217;alta com a persona s\u00f2cia.<\/strong><br><br><br><\/p><div class=\"ugb-button-container\"><a class=\"ugb-button ugb-button--size-small ugb--hover-effect-lift\" href=\"https:\/\/dracs.es\/vl\/entrenamientos regulares\" target=\"_blank\" rel=\"noopener noreferrer\" title=\"\"><span class=\"ugb-button--inner\">Entrenaments regulars<\/span><\/a><\/div><\/div><\/div><\/div><\/div>\n<\/div><\/div><\/div><\/div><\/div><\/div>\n\n\n\n<div class=\"wp-block-buttons is-content-justification-center is-layout-flex wp-block-buttons-is-layout-flex\">\n<div class=\"wp-block-button has-custom-font-size has-lg-font-size\"><a class=\"wp-block-button__link has-vivid-cyan-blue-to-vivid-purple-gradient-background has-background\">Acc\u00e9s al formulari de preinscripci\u00f3<\/a><\/div>\n<\/div>\n\n\n\n<div class=\"wp-block-media-text alignwide is-stacked-on-mobile\" style=\"grid-template-columns:18% auto\"><figure class=\"wp-block-media-text__media\"><img loading=\"lazy\" decoding=\"async\" width=\"1024\" height=\"1024\" src=\"https:\/\/dracs.es\/wp-content\/uploads\/2020\/11\/PicsArt_01-11-08.54.41-1024x1024.jpg\" alt=\"\" class=\"wp-image-2834 size-full\" srcset=\"https:\/\/dracs.es\/wp-content\/uploads\/2020\/11\/PicsArt_01-11-08.54.41-1024x1024.jpg 1024w, https:\/\/dracs.es\/wp-content\/uploads\/2020\/11\/PicsArt_01-11-08.54.41-300x300.jpg 300w, https:\/\/dracs.es\/wp-content\/uploads\/2020\/11\/PicsArt_01-11-08.54.41-scaled-100x100.jpg 100w, https:\/\/dracs.es\/wp-content\/uploads\/2020\/11\/PicsArt_01-11-08.54.41-scaled-600x600.jpg 600w, https:\/\/dracs.es\/wp-content\/uploads\/2020\/11\/PicsArt_01-11-08.54.41-150x150.jpg 150w, https:\/\/dracs.es\/wp-content\/uploads\/2020\/11\/PicsArt_01-11-08.54.41-768x768.jpg 768w, https:\/\/dracs.es\/wp-content\/uploads\/2020\/11\/PicsArt_01-11-08.54.41-400x400.jpg 400w, https:\/\/dracs.es\/wp-content\/uploads\/2020\/11\/PicsArt_01-11-08.54.41-1536x1536.jpg 1536w, https:\/\/dracs.es\/wp-content\/uploads\/2020\/11\/PicsArt_01-11-08.54.41-2048x2048.jpg 2048w, https:\/\/dracs.es\/wp-content\/uploads\/2020\/11\/PicsArt_01-11-08.54.41-scaled-245x245.jpg 245w\" sizes=\"auto, (max-width: 1024px) 100vw, 1024px\" \/><\/figure><div class=\"wp-block-media-text__content\">\n<p class=\"has-large-font-size\">Running<\/p>\n\n\n\n<ul class=\"wp-block-list\"><li>Dimecres i dijous de 19:00 a 20:00 \/ <a rel=\"noreferrer noopener\" href=\"https:\/\/goo.gl\/maps\/MHxKs4FKywWGwp2E6\" data-type=\"URL\" data-id=\"https:\/\/goo.gl\/maps\/MHxKs4FKywWGwp2E6\" target=\"_blank\"><\/a><a rel=\"noreferrer noopener\" href=\"https:\/\/goo.gl\/maps\/Xradq1ACCyNpbsxx8\" target=\"_blank\">Pistas atletismo Tramo III T\u00faria<\/a><\/li><\/ul>\n\n\n\n<p>19,46\u20ac \/ any<\/p>\n\n\n\n<p>(Gratu\u00efta per a s\u00f2cies d&#8217;altres esport mensuals mentre no es trasllade a instal\u00b7laci\u00f3)<\/p>\n<\/div><\/div>\n\n\n\n<div class=\"wp-block-media-text alignwide is-stacked-on-mobile\" style=\"grid-template-columns:18% auto\"><figure class=\"wp-block-media-text__media\"><img loading=\"lazy\" decoding=\"async\" width=\"1024\" height=\"1024\" src=\"https:\/\/dracs.es\/wp-content\/uploads\/2020\/11\/PicsArt_01-11-08.47.01-1024x1024.jpg\" alt=\"\" class=\"wp-image-2833 size-full\" srcset=\"https:\/\/dracs.es\/wp-content\/uploads\/2020\/11\/PicsArt_01-11-08.47.01-1024x1024.jpg 1024w, https:\/\/dracs.es\/wp-content\/uploads\/2020\/11\/PicsArt_01-11-08.47.01-300x300.jpg 300w, https:\/\/dracs.es\/wp-content\/uploads\/2020\/11\/PicsArt_01-11-08.47.01-scaled-100x100.jpg 100w, https:\/\/dracs.es\/wp-content\/uploads\/2020\/11\/PicsArt_01-11-08.47.01-scaled-600x600.jpg 600w, https:\/\/dracs.es\/wp-content\/uploads\/2020\/11\/PicsArt_01-11-08.47.01-150x150.jpg 150w, https:\/\/dracs.es\/wp-content\/uploads\/2020\/11\/PicsArt_01-11-08.47.01-768x768.jpg 768w, https:\/\/dracs.es\/wp-content\/uploads\/2020\/11\/PicsArt_01-11-08.47.01-400x400.jpg 400w, https:\/\/dracs.es\/wp-content\/uploads\/2020\/11\/PicsArt_01-11-08.47.01-1536x1536.jpg 1536w, https:\/\/dracs.es\/wp-content\/uploads\/2020\/11\/PicsArt_01-11-08.47.01-2048x2048.jpg 2048w, https:\/\/dracs.es\/wp-content\/uploads\/2020\/11\/PicsArt_01-11-08.47.01-scaled-245x245.jpg 245w\" sizes=\"auto, (max-width: 1024px) 100vw, 1024px\" \/><\/figure><div class=\"wp-block-media-text__content\">\n<p class=\"has-large-font-size\">Ciclisme<\/p>\n\n\n\n<ul class=\"wp-block-list\"><li>Dissabte o diumenge (horari a convindre) &#8211; De 2 a 4 eixides mensuals<\/li><\/ul>\n\n\n\n<p> 19,46\u20ac \/ any <\/p>\n\n\n\n<p>(Gratu\u00efta per a s\u00f2cies d&#8217;altres esport mensuals mentre no es trasllade a instal\u00b7laci\u00f3)<\/p>\n<\/div><\/div>\n\n\n\n<div class=\"wp-block-media-text alignwide is-stacked-on-mobile\" style=\"grid-template-columns:19% auto\"><figure class=\"wp-block-media-text__media\"><img loading=\"lazy\" decoding=\"async\" width=\"1024\" height=\"1024\" src=\"https:\/\/dracs.es\/wp-content\/uploads\/2020\/07\/Volleyball-2-1024x1024.jpg\" alt=\"\" class=\"wp-image-1994 size-full\" srcset=\"https:\/\/dracs.es\/wp-content\/uploads\/2020\/07\/Volleyball-2-1024x1024.jpg 1024w, https:\/\/dracs.es\/wp-content\/uploads\/2020\/07\/Volleyball-2-300x300.jpg 300w, https:\/\/dracs.es\/wp-content\/uploads\/2020\/07\/Volleyball-2-scaled-100x100.jpg 100w, https:\/\/dracs.es\/wp-content\/uploads\/2020\/07\/Volleyball-2-scaled-600x600.jpg 600w, https:\/\/dracs.es\/wp-content\/uploads\/2020\/07\/Volleyball-2-150x150.jpg 150w, https:\/\/dracs.es\/wp-content\/uploads\/2020\/07\/Volleyball-2-768x768.jpg 768w, https:\/\/dracs.es\/wp-content\/uploads\/2020\/07\/Volleyball-2-400x400.jpg 400w, https:\/\/dracs.es\/wp-content\/uploads\/2020\/07\/Volleyball-2-1536x1536.jpg 1536w, https:\/\/dracs.es\/wp-content\/uploads\/2020\/07\/Volleyball-2-2048x2048.jpg 2048w, https:\/\/dracs.es\/wp-content\/uploads\/2020\/07\/Volleyball-2-1568x1568.jpg 1568w, https:\/\/dracs.es\/wp-content\/uploads\/2020\/07\/Volleyball-2-scaled-245x245.jpg 245w\" sizes=\"auto, (max-width: 1024px) 100vw, 1024px\" \/><\/figure><div class=\"wp-block-media-text__content\">\n<p class=\"has-large-font-size\">Voleibol<\/p>\n\n\n\n<p> <strong>Pretemporada Platja:<\/strong> (des del 2 al 30 de setembre)<\/p>\n\n\n\n<ul class=\"wp-block-list\"><li>Dilluns i dijous de 18:30 a 20:30 \/ <a rel=\"noreferrer noopener\" href=\"https:\/\/goo.gl\/maps\/VVmT8E3nfv48twod7\" data-type=\"URL\" data-id=\"https:\/\/goo.gl\/maps\/VVmT8E3nfv48twod7\" target=\"_blank\">Platja Malvarrosa<\/a><\/li><\/ul>\n\n\n\n<p>30,00\u20ac\/mes 2 entrenaments a la setmana \u00f3 15,00\u20ac\/mes 1 entrenament a la setmana<\/p>\n\n\n\n<p><strong>Temporada Pista:<\/strong> (des del 4 d&#8217;octubre)<\/p>\n\n\n\n<ul class=\"wp-block-list\"><li>Dilluns de 20:00 a 20:30 entrenament t\u00e8cnic i f\u00edsic \/ <a rel=\"noreferrer noopener\" href=\"https:\/\/goo.gl\/maps\/uC448PpGM4i57RA38\" data-type=\"URL\" data-id=\"https:\/\/goo.gl\/maps\/uC448PpGM4i57RA38\" target=\"_blank\">Inmediacions P. La Petxina<\/a><\/li><li>Dilluns de 20:30 a 21:30 entrenament t\u00e8cnic i t\u00e0ctic \/ <a rel=\"noreferrer noopener\" href=\"https:\/\/goo.gl\/maps\/XaUDzZFqThhAehnr7\" data-type=\"URL\" data-id=\"https:\/\/goo.gl\/maps\/XaUDzZFqThhAehnr7\" target=\"_blank\">Poliesportiu La Petxina<\/a><\/li><li>Dijous de 22:30 a 23:00 entrenament t\u00e8cnic, t\u00e0ctic i f\u00edsic \/ <a rel=\"noreferrer noopener\" href=\"https:\/\/goo.gl\/maps\/kzCiRG6zdgYJhW3SA\" data-type=\"URL\" data-id=\"https:\/\/goo.gl\/maps\/kzCiRG6zdgYJhW3SA\" target=\"_blank\">Poliesportiu Natzaret<\/a><\/li><\/ul>\n\n\n\n<p> 35,00\u20ac*\/mes 2 entrenaments a la setmana \u00f3 20,00\u20ac*\/mes 1 entrenament a la setmana <\/p>\n\n\n\n<p>(*pot variar en funci\u00f3 de la quantitat de gent i de l&#8217;us de instal\u00b7laci\u00f3)<\/p>\n<\/div><\/div>\n\n\n\n<div class=\"wp-block-media-text alignwide is-stacked-on-mobile\" style=\"grid-template-columns:18% auto\"><figure class=\"wp-block-media-text__media\"><img loading=\"lazy\" decoding=\"async\" width=\"1024\" height=\"1024\" src=\"https:\/\/dracs.es\/wp-content\/uploads\/2020\/07\/Quidditch-1024x1024.jpg\" alt=\"\" class=\"wp-image-1989 size-full\" srcset=\"https:\/\/dracs.es\/wp-content\/uploads\/2020\/07\/Quidditch-1024x1024.jpg 1024w, https:\/\/dracs.es\/wp-content\/uploads\/2020\/07\/Quidditch-300x300.jpg 300w, https:\/\/dracs.es\/wp-content\/uploads\/2020\/07\/Quidditch-scaled-100x100.jpg 100w, https:\/\/dracs.es\/wp-content\/uploads\/2020\/07\/Quidditch-scaled-600x600.jpg 600w, https:\/\/dracs.es\/wp-content\/uploads\/2020\/07\/Quidditch-150x150.jpg 150w, https:\/\/dracs.es\/wp-content\/uploads\/2020\/07\/Quidditch-768x768.jpg 768w, https:\/\/dracs.es\/wp-content\/uploads\/2020\/07\/Quidditch-400x400.jpg 400w, https:\/\/dracs.es\/wp-content\/uploads\/2020\/07\/Quidditch-1536x1536.jpg 1536w, https:\/\/dracs.es\/wp-content\/uploads\/2020\/07\/Quidditch-2048x2048.jpg 2048w, https:\/\/dracs.es\/wp-content\/uploads\/2020\/07\/Quidditch-1568x1568.jpg 1568w, https:\/\/dracs.es\/wp-content\/uploads\/2020\/07\/Quidditch-scaled-245x245.jpg 245w\" sizes=\"auto, (max-width: 1024px) 100vw, 1024px\" \/><\/figure><div class=\"wp-block-media-text__content\">\n<p class=\"has-large-font-size\">Quidditch<\/p>\n\n\n\n<ul class=\"wp-block-list\"><li>Dijous de 21:30  a 22:30 \/ <a rel=\"noreferrer noopener\" href=\"https:\/\/goo.gl\/maps\/XyANastvHkjRypK87\" data-type=\"URL\" data-id=\"https:\/\/goo.gl\/maps\/XyANastvHkjRypK87\" target=\"_blank\">Poliesportiu Benimaclet<\/a><\/li><\/ul>\n\n\n\n<p>22,75\u20ac\/mes<\/p>\n<\/div><\/div>\n\n\n\n<div class=\"wp-block-media-text alignwide is-stacked-on-mobile\" style=\"grid-template-columns:18% auto\"><figure class=\"wp-block-media-text__media\"><img loading=\"lazy\" decoding=\"async\" width=\"1024\" height=\"1024\" src=\"https:\/\/dracs.es\/wp-content\/uploads\/2020\/07\/Nataci\u00f3-1024x1024.jpg\" alt=\"\" class=\"wp-image-1987 size-full\" srcset=\"https:\/\/dracs.es\/wp-content\/uploads\/2020\/07\/Nataci\u00f3-1024x1024.jpg 1024w, https:\/\/dracs.es\/wp-content\/uploads\/2020\/07\/Nataci\u00f3-300x300.jpg 300w, https:\/\/dracs.es\/wp-content\/uploads\/2020\/07\/Nataci\u00f3-scaled-100x100.jpg 100w, https:\/\/dracs.es\/wp-content\/uploads\/2020\/07\/Nataci\u00f3-scaled-600x600.jpg 600w, https:\/\/dracs.es\/wp-content\/uploads\/2020\/07\/Nataci\u00f3-150x150.jpg 150w, https:\/\/dracs.es\/wp-content\/uploads\/2020\/07\/Nataci\u00f3-768x768.jpg 768w, https:\/\/dracs.es\/wp-content\/uploads\/2020\/07\/Nataci\u00f3-400x400.jpg 400w, https:\/\/dracs.es\/wp-content\/uploads\/2020\/07\/Nataci\u00f3-1536x1536.jpg 1536w, https:\/\/dracs.es\/wp-content\/uploads\/2020\/07\/Nataci\u00f3-2048x2048.jpg 2048w, https:\/\/dracs.es\/wp-content\/uploads\/2020\/07\/Nataci\u00f3-1568x1568.jpg 1568w, https:\/\/dracs.es\/wp-content\/uploads\/2020\/07\/Nataci\u00f3-scaled-245x245.jpg 245w\" sizes=\"auto, (max-width: 1024px) 100vw, 1024px\" \/><\/figure><div class=\"wp-block-media-text__content\">\n<p class=\"has-large-font-size\">Nataci\u00f3n<\/p>\n\n\n\n<ul class=\"wp-block-list\"><li>Dilluns de 20:00 a 21:00   \/ <a rel=\"noreferrer noopener\" href=\"https:\/\/goo.gl\/maps\/f3HdcwHMeqPcfo2p8\" data-type=\"URL\" data-id=\"https:\/\/goo.gl\/maps\/f3HdcwHMeqPcfo2p8\" target=\"_blank\">Piscina Poliesportiu Marxalenes &#8211; Sa\u00efdia<\/a> <\/li><li>Divendres de 19:00 a 20:00 \/ <a rel=\"noreferrer noopener\" href=\"https:\/\/goo.gl\/maps\/f3HdcwHMeqPcfo2p8\" data-type=\"URL\" data-id=\"https:\/\/goo.gl\/maps\/f3HdcwHMeqPcfo2p8\" target=\"_blank\">Piscina Poliesportiu Marxalenes &#8211; Sa\u00efdia<\/a><\/li><\/ul>\n\n\n\n<p>25,50 \u20ac\/mes 1 entrenament a la setmana \u00f3 45,50 \u20ac\/mes 2 entrenaments a la setmana<\/p>\n\n\n\n<p>(inclou acc\u00e9s a piscina)<\/p>\n<\/div><\/div>\n\n\n\n<div class=\"wp-block-media-text alignwide is-stacked-on-mobile\" style=\"grid-template-columns:18% auto\"><figure class=\"wp-block-media-text__media\"><img loading=\"lazy\" decoding=\"async\" width=\"1024\" height=\"1024\" src=\"https:\/\/dracs.es\/wp-content\/uploads\/2020\/07\/Senderismo-1024x1024.jpg\" alt=\"\" class=\"wp-image-1991 size-full\" srcset=\"https:\/\/dracs.es\/wp-content\/uploads\/2020\/07\/Senderismo-1024x1024.jpg 1024w, https:\/\/dracs.es\/wp-content\/uploads\/2020\/07\/Senderismo-300x300.jpg 300w, https:\/\/dracs.es\/wp-content\/uploads\/2020\/07\/Senderismo-scaled-100x100.jpg 100w, https:\/\/dracs.es\/wp-content\/uploads\/2020\/07\/Senderismo-scaled-600x600.jpg 600w, https:\/\/dracs.es\/wp-content\/uploads\/2020\/07\/Senderismo-150x150.jpg 150w, https:\/\/dracs.es\/wp-content\/uploads\/2020\/07\/Senderismo-768x768.jpg 768w, https:\/\/dracs.es\/wp-content\/uploads\/2020\/07\/Senderismo-400x400.jpg 400w, https:\/\/dracs.es\/wp-content\/uploads\/2020\/07\/Senderismo-1536x1536.jpg 1536w, https:\/\/dracs.es\/wp-content\/uploads\/2020\/07\/Senderismo-2048x2048.jpg 2048w, https:\/\/dracs.es\/wp-content\/uploads\/2020\/07\/Senderismo-1568x1568.jpg 1568w, https:\/\/dracs.es\/wp-content\/uploads\/2020\/07\/Senderismo-scaled-245x245.jpg 245w\" sizes=\"auto, (max-width: 1024px) 100vw, 1024px\" \/><\/figure><div class=\"wp-block-media-text__content\">\n<p class=\"has-large-font-size\">Senderisme<\/p>\n\n\n\n<ul class=\"wp-block-list\"><li>1 \u00f3 2 eixides mensuals<\/li><\/ul>\n\n\n\n<p>19,46\u20ac \/ a\u00f1o<\/p>\n\n\n\n<p>(Gratu\u00efta per a s\u00f2cies d&#8217;altres esport mensuals)<\/p>\n<\/div><\/div>\n\n\n\n<div class=\"wp-block-media-text alignwide is-stacked-on-mobile\" style=\"grid-template-columns:19% auto\"><figure class=\"wp-block-media-text__media\"><img loading=\"lazy\" decoding=\"async\" width=\"1024\" height=\"1024\" src=\"https:\/\/dracs.es\/wp-content\/uploads\/2020\/12\/PicsArt_09-01-03.00.51-1024x1024.jpg\" alt=\"\" class=\"wp-image-2717 size-full\" srcset=\"https:\/\/dracs.es\/wp-content\/uploads\/2020\/12\/PicsArt_09-01-03.00.51-1024x1024.jpg 1024w, https:\/\/dracs.es\/wp-content\/uploads\/2020\/12\/PicsArt_09-01-03.00.51-300x300.jpg 300w, https:\/\/dracs.es\/wp-content\/uploads\/2020\/12\/PicsArt_09-01-03.00.51-scaled-100x100.jpg 100w, https:\/\/dracs.es\/wp-content\/uploads\/2020\/12\/PicsArt_09-01-03.00.51-scaled-600x600.jpg 600w, https:\/\/dracs.es\/wp-content\/uploads\/2020\/12\/PicsArt_09-01-03.00.51-150x150.jpg 150w, https:\/\/dracs.es\/wp-content\/uploads\/2020\/12\/PicsArt_09-01-03.00.51-768x768.jpg 768w, https:\/\/dracs.es\/wp-content\/uploads\/2020\/12\/PicsArt_09-01-03.00.51-400x400.jpg 400w, https:\/\/dracs.es\/wp-content\/uploads\/2020\/12\/PicsArt_09-01-03.00.51-1536x1536.jpg 1536w, https:\/\/dracs.es\/wp-content\/uploads\/2020\/12\/PicsArt_09-01-03.00.51-2048x2048.jpg 2048w, https:\/\/dracs.es\/wp-content\/uploads\/2020\/12\/PicsArt_09-01-03.00.51-scaled-245x245.jpg 245w\" sizes=\"auto, (max-width: 1024px) 100vw, 1024px\" \/><\/figure><div class=\"wp-block-media-text__content\">\n<p class=\"has-large-font-size\">Kaiac &#8211; polo<\/p>\n\n\n\n<ul class=\"wp-block-list\"><li>Piscina descoberta <a rel=\"noreferrer noopener\" href=\"https:\/\/goo.gl\/maps\/XyANastvHkjRypK87\" data-type=\"URL\" data-id=\"https:\/\/goo.gl\/maps\/XyANastvHkjRypK87\" target=\"_blank\">Poliesportiu Benimaclet<\/a><\/li><\/ul>\n\n\n\n<p>EN PROC\u00c9S D&#8217;IMPLANTACI\u00d3<\/p>\n<\/div><\/div>\n\n\n\n<p>Aquests costos inclouen l&#8217;asseguran\u00e7a esportiva anual, l&#8217;acc\u00e9s i \u00fas d&#8217;instal\u00b7laci\u00f3, \u00fas de material esportiu com\u00fa i, en les activitats que hi ha personal t\u00e8cnic, les despeses derivades de l&#8217;entrenament.<\/p>\n\n\n\n<div class=\"wp-block-media-text alignwide has-media-on-the-right\" style=\"grid-template-columns:auto 51%\"><figure class=\"wp-block-media-text__media\"><img loading=\"lazy\" decoding=\"async\" width=\"720\" height=\"405\" src=\"https:\/\/dracs.es\/wp-content\/uploads\/2020\/02\/health-and-wellness-hero.jpg\" alt=\"\" class=\"wp-image-35 size-full\" srcset=\"https:\/\/dracs.es\/wp-content\/uploads\/2020\/02\/health-and-wellness-hero.jpg 720w, https:\/\/dracs.es\/wp-content\/uploads\/2020\/02\/health-and-wellness-hero-300x169.jpg 300w, https:\/\/dracs.es\/wp-content\/uploads\/2020\/02\/health-and-wellness-hero-600x338.jpg 600w, https:\/\/dracs.es\/wp-content\/uploads\/2020\/02\/health-and-wellness-hero-245x138.jpg 245w\" sizes=\"auto, (max-width: 720px) 100vw, 720px\" \/><\/figure><div class=\"wp-block-media-text__content\">\n<p class=\"has-small-font-size\">Oferim un marc de desenvolupament personal a trav\u00e9s de l&#8217;esport basat en principis d&#8217;integraci\u00f3 i no discriminaci\u00f3. <\/p>\n\n\n\n<p class=\"has-small-font-size\">Promovem i potenciem la utilitzaci\u00f3 de l&#8217;esport com a eina  de visibilitzaci\u00f3 de les realitats l\u00e8sbica, gai, bisexual, trans i  intersexual (LGTBI). <\/p>\n<\/div><\/div>\n\n\n\n<div class=\"wp-block-button aligncenter is-style-shadow\"><a class=\"wp-block-button__link has-background\" style=\"background:linear-gradient(135deg,rgb(250,250,0) 0%,rgb(255,145,0) 100%)\">Ocio en familia<\/a><\/div>\n\n\n\n<div class=\"wp-block-media-text alignwide\" style=\"grid-template-columns:34% auto\"><figure class=\"wp-block-media-text__media\"><img loading=\"lazy\" decoding=\"async\" width=\"600\" height=\"564\" src=\"https:\/\/dracs.es\/wp-content\/uploads\/2020\/02\/lgbt-icon-19.jpg.png\" alt=\"\" class=\"wp-image-27 size-full\" srcset=\"https:\/\/dracs.es\/wp-content\/uploads\/2020\/02\/lgbt-icon-19.jpg.png 600w, https:\/\/dracs.es\/wp-content\/uploads\/2020\/02\/lgbt-icon-19.jpg-300x282.png 300w, https:\/\/dracs.es\/wp-content\/uploads\/2020\/02\/lgbt-icon-19.jpg-350x329.png 350w, https:\/\/dracs.es\/wp-content\/uploads\/2020\/02\/lgbt-icon-19.jpg-245x230.png 245w\" sizes=\"auto, (max-width: 600px) 100vw, 600px\" \/><\/figure><div class=\"wp-block-media-text__content\">\n<p class=\"has-small-font-size\">Creiem en l&#8217;esport com un element cohesionador i visibilizador de les  fam\u00edlies diverses, per aix\u00f2 organitzem activitats d&#8217;oci  esportiu familiar. <\/p>\n\n\n\n<p class=\"has-small-font-size\">Tamb\u00e9 organitzem activitats en grup enfocades a l&#8217;oci i la cultura. <\/p>\n<\/div><\/div>\n\n\n\n<h2 class=\"has-text-align-center wp-block-heading\">Activisme<\/h2>\n\n\n\n<div class=\"wp-block-button aligncenter is-style-shadow\"><a class=\"wp-block-button__link has-light-green-cyan-to-vivid-green-cyan-gradient-background has-background\" href=\"https:\/\/dracs.es\/vl\/activismo\" target=\"_blank\" rel=\"noreferrer noopener\">Coneix la nostra labor i participa m\u00e9s activament<\/a><\/div>\n\n\n\n<div class=\"wp-block-media-text alignwide has-media-on-the-right\" style=\"grid-template-columns:auto 41%\"><figure class=\"wp-block-media-text__media\"><img loading=\"lazy\" decoding=\"async\" width=\"740\" height=\"493\" src=\"https:\/\/dracs.es\/wp-content\/uploads\/2020\/02\/cashual-meeting.jpg\" alt=\"\" class=\"wp-image-36 size-full\" srcset=\"https:\/\/dracs.es\/wp-content\/uploads\/2020\/02\/cashual-meeting.jpg 740w, https:\/\/dracs.es\/wp-content\/uploads\/2020\/02\/cashual-meeting-300x200.jpg 300w, https:\/\/dracs.es\/wp-content\/uploads\/2020\/02\/cashual-meeting-600x400.jpg 600w, https:\/\/dracs.es\/wp-content\/uploads\/2020\/02\/cashual-meeting-245x163.jpg 245w\" sizes=\"auto, (max-width: 740px) 100vw, 740px\" \/><\/figure><div class=\"wp-block-media-text__content\">\n<p class=\"has-small-font-size\">Volem donar a con\u00e9ixer a la societat un model de desenvolupament personal a trav\u00e9s de la pr\u00e0ctica de l&#8217;esport no discriminatori, especialment de la diversitat, fent esment especial a les orientacions afectiu-sexuals i la identitat de g\u00e8nere.<\/p>\n<\/div><\/div>\n\n\n\n<h2 class=\"has-text-align-center wp-block-heading\">Formaci\u00f3 e informaci\u00f3<\/h2>\n\n\n\n<div class=\"wp-block-button aligncenter is-style-shadow\"><a class=\"wp-block-button__link has-midnight-gradient-background has-background\" href=\"https:\/\/dracs.es\/?page_id=111\">Properes formacions i continguts<\/a><\/div>\n\n\n\n<div class=\"wp-block-media-text alignwide\" style=\"grid-template-columns:47% auto\"><figure class=\"wp-block-media-text__media\"><img loading=\"lazy\" decoding=\"async\" width=\"900\" height=\"506\" src=\"https:\/\/dracs.es\/wp-content\/uploads\/2020\/02\/empty-classroom-chalkboard-lgbt-rainbow-pride-month-inclusion-students-900.jpg\" alt=\"\" class=\"wp-image-31 size-full\" srcset=\"https:\/\/dracs.es\/wp-content\/uploads\/2020\/02\/empty-classroom-chalkboard-lgbt-rainbow-pride-month-inclusion-students-900.jpg 900w, https:\/\/dracs.es\/wp-content\/uploads\/2020\/02\/empty-classroom-chalkboard-lgbt-rainbow-pride-month-inclusion-students-900-300x169.jpg 300w, https:\/\/dracs.es\/wp-content\/uploads\/2020\/02\/empty-classroom-chalkboard-lgbt-rainbow-pride-month-inclusion-students-900-600x337.jpg 600w, https:\/\/dracs.es\/wp-content\/uploads\/2020\/02\/empty-classroom-chalkboard-lgbt-rainbow-pride-month-inclusion-students-900-768x432.jpg 768w, https:\/\/dracs.es\/wp-content\/uploads\/2020\/02\/empty-classroom-chalkboard-lgbt-rainbow-pride-month-inclusion-students-900-245x138.jpg 245w\" sizes=\"auto, (max-width: 900px) 100vw, 900px\" \/><\/figure><div class=\"wp-block-media-text__content\">\n<p class=\"has-small-font-size\">Organitzem activitats de formaci\u00f3 i informaci\u00f3, juntament amb altres entitats, per a conscienciar a la societat en la lluita contra  el masclisme, la LGTBI-f\u00f2bia i la serofobia en l&#8217;esport. <\/p>\n\n\n\n<p class=\"has-small-font-size\">Lluitem contra la LGTBI-f\u00f2bia en l&#8217;esport i denunciem les   agressions de car\u00e0cter LGTBI-f\u00f3bo que es produeixen en l&#8217;\u00e0mbit   Esportiu.  <\/p>\n<\/div><\/div>\n\n\n\n<hr class=\"wp-block-separator\"\/>\n\n\n\n<h2 class=\"has-text-align-center wp-block-heading\" id=\"newsletter\">Col\u00b7labora amb nosaltres!<\/h2>\n\n\n\n<div class=\"wp-block-ugb-accordion ugb-accordion ugb-762fec2 ugb-26a476a ugb-accordion--v2 ugb-accordion--design-basic ugb-main-block\" aria-expanded=\"false\"><div class=\"ugb-inner-block\"><div class=\"ugb-block-content\"><div class=\"ugb-accordion__item\"><div class=\"ugb-accordion__heading\" role=\"button\" tabindex=\"0\"><h4 class=\"ugb-accordion__title\">Desitge posar-me en contacte<\/h4><svg viewbox=\"0 0 20 20\" xmlns=\"http:\/\/www.w3.org\/2000\/svg\" class=\"ugb-accordion__arrow\" width=\"20\" height=\"20\"><path d=\"M16.7 3.3L10 10 3.3 3.4 0 6.7l10 10v-.1l10-9.9z\"><\/path><\/svg><\/div><div class=\"ugb-accordion__content\" role=\"region\"><div class=\"ugb-accordion__content-inner\">\n\n\n\n\n\n\n\n\n\n\n\n\n<figure class=\"wp-block-embed-wordpress wp-block-embed is-type-wp-embed is-provider-club-esportiu-lgtbi-dracs-valencia\"><div class=\"wp-block-embed__wrapper\">\nhttps:\/\/dracs.es\/vl\/privacy-policy\/\n<\/div><\/figure>\n<\/div><\/div><\/div><\/div><\/div><\/div>\n\n\n<p>[mc4wp_form id=&#8221;925&#8243;]<\/p>\n\n\n\n<p><\/p>\n","protected":false},"excerpt":{"rendered":"<p>Acc\u00e9s Preinscripci\u00f3 Contacte Projecte gr\u00e0cies a la col\u00b7laboraci\u00f3 de: Manifest\u00a0 #1D\u00a0 #LEsport\u00c9sPositiu\u00a0 #StopSerof\u00f2bia 01\/12\/2023 Continue reading Manifest #19F #EsportInclusiu 15\/02\/2022 Continue reading Apunta&#8217;t a la pr\u00f2xima excursi\u00f3 a la Serra d&#8217;Irta en Pe\u00f1iscola el 27\/06\/2021 15\/06\/2021 Continue reading Apunta&#8217;t a l&#8217;excursi\u00f3 dels Calderones &#8211; El Charco Azul a Chulilla el 13\/06\/2021 27\/05\/2021 Continue reading Apunta&#8217;t&hellip;<\/p>\n","protected":false},"author":1,"featured_media":0,"parent":0,"menu_order":0,"comment_status":"closed","ping_status":"closed","template":"","meta":{"pmpro_default_level":"","footnotes":""},"class_list":["post-23","page","type-page","status-publish","hentry","pmpro-has-access"],"translation":{"provider":"WPGlobus","version":"3.0.2","language":"vl","enabled_languages":["es","vl"],"languages":{"es":{"title":true,"content":true,"excerpt":false},"vl":{"title":true,"content":true,"excerpt":false}}},"featured_image_urls_v2":{"full":"","thumbnail":"","medium":"","medium_large":"","large":"","1536x1536":"","2048x2048":"","post-thumbnail":"","envo-one-img":"","woocommerce_thumbnail":"","woocommerce_single":"","woocommerce_gallery_thumbnail":""},"post_excerpt_stackable_v2":"<p>Esport inclusiu y divers Castell\u00e0 \/ Valenci\u00e0 Acc\u00e9sPreinscripci\u00f3Contacte Projecte gr\u00e0cies a la col\u00b7laboraci\u00f3 de: Inici temporada! Preinscripci\u00f3 Comencem la temporada 2021-2022 a septembre, preinscriu-te ja! Molt prompte tota la informaci\u00f3. Les activitats regulars de la temporada ser\u00e0n: Voleibol (pretemporada Platja Malvarrosa al setembre i Pista en poliesportius Petxina i Natzaret)Quidditch en Poliesportiu BenimacletNataci\u00f3 en Poliesportiu Marxalenes Running triatl\u00f3 en les pistes d&#8217;atletisme Tram III T\u00fariaCiclisme triatl\u00f3 eixides mensualsSenderime i activitats de muntanya eixides mensuals Actualitat Manifest\u00a0 #1D\u00a0 #LEsport\u00c9sPositiu\u00a0 #StopSerof\u00f2bia01\/12\/2023Continue readingManifest #19F #EsportInclusiu15\/02\/2022Continue readingApunta&#8217;t a la pr\u00f2xima excursi\u00f3 a la Serra d&#8217;Irta en Pe\u00f1iscola el 27\/06\/202115\/06\/2021Continue readingApunta&#8217;t a l&#8217;excursi\u00f3 dels Calderones&hellip;<\/p>\n","category_list_v2":"","author_info_v2":{"name":"admin","url":"https:\/\/dracs.es\/vl\/author\/celgtbivalencia\/"},"comments_num_v2":"0 comments","_links":{"self":[{"href":"https:\/\/dracs.es\/vl\/wp-json\/wp\/v2\/pages\/23","targetHints":{"allow":["GET"]}}],"collection":[{"href":"https:\/\/dracs.es\/vl\/wp-json\/wp\/v2\/pages"}],"about":[{"href":"https:\/\/dracs.es\/vl\/wp-json\/wp\/v2\/types\/page"}],"author":[{"embeddable":true,"href":"https:\/\/dracs.es\/vl\/wp-json\/wp\/v2\/users\/1"}],"replies":[{"embeddable":true,"href":"https:\/\/dracs.es\/vl\/wp-json\/wp\/v2\/comments?post=23"}],"version-history":[{"count":288,"href":"https:\/\/dracs.es\/vl\/wp-json\/wp\/v2\/pages\/23\/revisions"}],"predecessor-version":[{"id":13410,"href":"https:\/\/dracs.es\/vl\/wp-json\/wp\/v2\/pages\/23\/revisions\/13410"}],"wp:attachment":[{"href":"https:\/\/dracs.es\/vl\/wp-json\/wp\/v2\/media?parent=23"}],"curies":[{"name":"wp","href":"https:\/\/api.w.org\/{rel}","templated":true}]}}