{"id":2666,"date":"2020-12-09T10:03:31","date_gmt":"2020-12-09T09:03:31","guid":{"rendered":"https:\/\/dracs.es\/?page_id=2666"},"modified":"2026-01-20T21:20:43","modified_gmt":"2026-01-20T20:20:43","slug":"preinscripcion","status":"publish","type":"page","link":"https:\/\/dracs.es\/vl\/preinscripcion\/","title":{"rendered":"Preinscripci\u00f3"},"content":{"rendered":"<p><?php\n\/*\n*\nTemplate Name: Full-Width\n*\/\nget_header(); ?><\/p>\n\n\n\n<div class=\"alignfull wp-block-ugb-header ugb-header ugb-61b5af0 ugb-header ugb-header--v3 ugb-header--design-basic ugb-main-block\"><style>.ugb-61b5af0 .ugb-header__item{background-color:#fff !important;background-image:url(https:\/\/dracs.es\/wp-content\/uploads\/2020\/06\/IMG_20200613_191402-scaled.jpg)}.ugb-61b5af0 .ugb-header__item:before{background-color:#fff !important;opacity:0.5}<\/style><div class=\"ugb-inner-block\"><div class=\"ugb-block-content\"><div class=\"ugb-header__item ugb--has-background-overlay\"><div class=\"ugb-content-wrapper\"><h1 class=\"ugb-header__title\">Preinscriu-te per a la nova temporada<\/h1><\/div><\/div><\/div><\/div><\/div>\n\n\n\n<h2 class=\"wp-block-heading\">Dracs \u00e9s un club esportiu a Val\u00e8ncia per a la inclusi\u00f3 i visibilitat de persones LGTBI\u200b<\/h2>\n\n\n\n<p>El nostre objectiu \u00e9s aconseguir que els espais esportius valencians estiguen lliures de masclisme, LGTBI-f\u00f2bia, serof\u00f2bia i qualsevol tipus de discriminaci\u00f3. Creiem en un model esportiu respectu\u00f3s i inclusiu, basat en el desenvolupament personal per a totes les persones.<\/p>\n\n\n\n<div class=\"alignfull wp-block-ugb-feature-grid ugb-feature-grid ugb-d6d845f ugb-feature-grid--v2 ugb-feature-grid--columns-3 ugb-feature-grid--design-basic ugb-main-block\"><div class=\"ugb-inner-block\"><div class=\"ugb-block-content\"><div class=\"ugb-feature-grid__item ugb-feature-grid__item1\"><div class=\"ugb-feature-grid__image\"><img loading=\"lazy\" decoding=\"async\" width=\"1024\" height=\"576\" class=\"ugb-img wp-image-2073\" src=\"https:\/\/dracs.es\/wp-content\/uploads\/2020\/08\/IMG_20200628_203952-1024x576.jpg\" alt=\"Te queremos como eres\" title=\"\" srcset=\"https:\/\/dracs.es\/wp-content\/uploads\/2020\/08\/IMG_20200628_203952-1024x576.jpg 1024w, https:\/\/dracs.es\/wp-content\/uploads\/2020\/08\/IMG_20200628_203952-300x169.jpg 300w, https:\/\/dracs.es\/wp-content\/uploads\/2020\/08\/IMG_20200628_203952-scaled-600x338.jpg 600w, https:\/\/dracs.es\/wp-content\/uploads\/2020\/08\/IMG_20200628_203952-768x432.jpg 768w, https:\/\/dracs.es\/wp-content\/uploads\/2020\/08\/IMG_20200628_203952-1536x864.jpg 1536w, https:\/\/dracs.es\/wp-content\/uploads\/2020\/08\/IMG_20200628_203952-2048x1152.jpg 2048w, https:\/\/dracs.es\/wp-content\/uploads\/2020\/08\/IMG_20200628_203952-1568x882.jpg 1568w, https:\/\/dracs.es\/wp-content\/uploads\/2020\/08\/IMG_20200628_203952-scaled-245x138.jpg 245w\" sizes=\"auto, (max-width: 1024px) 100vw, 1024px\" \/><\/div><div class=\"ugb-feature-grid__content\"><h5 class=\"ugb-feature-grid__title\">T&#8217;estimem com eres<\/h5><p class=\"ugb-feature-grid__description\">El nostre objectiu \u00e9s aconseguir que els espais esportius valencians estiguen lliures de qualsevol tipus de discriminaci\u00f3. Dracs \u00e9s un espai mixt, de cures, on protegim el dret a l&#8217;autodeterminaci\u00f3 de g\u00e8nere i defensem i reconeixem els drets de les persones no bin\u00e0ries.<\/p><\/div><\/div><div class=\"ugb-feature-grid__item ugb-feature-grid__item2\"><div class=\"ugb-feature-grid__image\"><img loading=\"lazy\" decoding=\"async\" width=\"1024\" height=\"570\" class=\"ugb-img wp-image-2074\" src=\"https:\/\/dracs.es\/wp-content\/uploads\/2020\/08\/IMG-20200606-WA0009-1024x570.jpg\" alt=\"Elige tu deporte\" title=\"\" srcset=\"https:\/\/dracs.es\/wp-content\/uploads\/2020\/08\/IMG-20200606-WA0009-1024x570.jpg 1024w, https:\/\/dracs.es\/wp-content\/uploads\/2020\/08\/IMG-20200606-WA0009-300x167.jpg 300w, https:\/\/dracs.es\/wp-content\/uploads\/2020\/08\/IMG-20200606-WA0009-600x334.jpg 600w, https:\/\/dracs.es\/wp-content\/uploads\/2020\/08\/IMG-20200606-WA0009-768x428.jpg 768w, https:\/\/dracs.es\/wp-content\/uploads\/2020\/08\/IMG-20200606-WA0009-245x136.jpg 245w, https:\/\/dracs.es\/wp-content\/uploads\/2020\/08\/IMG-20200606-WA0009.jpg 1500w\" sizes=\"auto, (max-width: 1024px) 100vw, 1024px\" \/><\/div><div class=\"ugb-feature-grid__content\"><h5 class=\"ugb-feature-grid__title\"><strong>Tria el teu esport<\/strong><\/h5><p class=\"ugb-feature-grid__description\">Tens la possibilitat de practicar activitats de muntanya, voleibol, triatl\u00f3, ioga, cal\u00b7list\u00e8nia, nataci\u00f3, waterpolo, entrenament funcional, p\u00e0del, b\u00e0squet\u2026 Tamb\u00e9 espais de desenvolupament, culturals i l\u00fadics com balls llatins, teatre, mindfulness\u2026 No t&#8217;acabes de decidir? Apunta&#8217;t a diversos!<br><br><br><\/p><\/div><\/div><div class=\"ugb-feature-grid__item ugb-feature-grid__item3\"><div class=\"ugb-feature-grid__image\"><img loading=\"lazy\" decoding=\"async\" width=\"1024\" height=\"578\" class=\"ugb-img wp-image-2078\" src=\"https:\/\/dracs.es\/wp-content\/uploads\/2020\/08\/Screenshot_2019-12-31-10-19-39-465_com.google.android.apps_.photos-1024x578.jpg\" alt=\"Tu nivel es lo de menos\" title=\"\" srcset=\"https:\/\/dracs.es\/wp-content\/uploads\/2020\/08\/Screenshot_2019-12-31-10-19-39-465_com.google.android.apps_.photos-1024x578.jpg 1024w, https:\/\/dracs.es\/wp-content\/uploads\/2020\/08\/Screenshot_2019-12-31-10-19-39-465_com.google.android.apps_.photos-300x169.jpg 300w, https:\/\/dracs.es\/wp-content\/uploads\/2020\/08\/Screenshot_2019-12-31-10-19-39-465_com.google.android.apps_.photos-600x339.jpg 600w, https:\/\/dracs.es\/wp-content\/uploads\/2020\/08\/Screenshot_2019-12-31-10-19-39-465_com.google.android.apps_.photos-768x433.jpg 768w, https:\/\/dracs.es\/wp-content\/uploads\/2020\/08\/Screenshot_2019-12-31-10-19-39-465_com.google.android.apps_.photos-1536x867.jpg 1536w, https:\/\/dracs.es\/wp-content\/uploads\/2020\/08\/Screenshot_2019-12-31-10-19-39-465_com.google.android.apps_.photos-1568x885.jpg 1568w, https:\/\/dracs.es\/wp-content\/uploads\/2020\/08\/Screenshot_2019-12-31-10-19-39-465_com.google.android.apps_.photos-245x138.jpg 245w, https:\/\/dracs.es\/wp-content\/uploads\/2020\/08\/Screenshot_2019-12-31-10-19-39-465_com.google.android.apps_.photos.jpg 1914w\" sizes=\"auto, (max-width: 1024px) 100vw, 1024px\" \/><\/div><div class=\"ugb-feature-grid__content\"><h5 class=\"ugb-feature-grid__title\"><strong>No importa el teu nivell<\/strong><\/h5><p class=\"ugb-feature-grid__description\">Dracs interv\u00e9 en l&#8217;esport federat des de la perspectiva del suport mutu, l&#8217;aprenentatge en grup i la visibilitat. El teu nivell no importa, i guanyar tampoc. En Dracs, un bon dia \u00e9s el dia que ensenyes i ajudes alg\u00fa a millorar, o el dia que ajudes alg\u00fa a al\u00e7ar-se del terra si ha caigut, no el dia que guanyes.<\/p><\/div><\/div><\/div><\/div><\/div>\n\n\n\n<figure class=\"wp-block-pullquote\"><blockquote><p>El que no es veu, no existeix\u2026<br>I el que no existeix no t\u00e9 drets.<br>Visibilitza&#8217;t!<\/p><\/blockquote><\/figure>\n\n\n\n<div class=\"wp-block-ugb-header ugb-header &quot;preinscripcion&quot; ugb-1864aec ugb-header ugb-header--v3 ugb-header--design-basic ugb-main-block\"><style>.ugb-1864aec .ugb-header__item{border-radius:0px !important;background-color:#fff !important;background-image:url(https:\/\/dracs.es\/wp-content\/uploads\/2020\/09\/PROPUESTA-02-copia-1-scaled.jpg)}.ugb-1864aec .ugb-header__item:before{background-color:#fff !important;opacity:0.5}.ugb-1864aec .ugb-header__title{color:#1a202c;text-align:left !important}.ugb-1864aec .ugb-header__subtitle{color:#1a202c}.ugb-1864aec .ugb-inner-block{text-align:left}<\/style><div class=\"ugb-inner-block\"><div class=\"ugb-block-content\"><div class=\"ugb-header__item ugb--shadow-7 ugb--has-background-overlay\"><div class=\"ugb-content-wrapper\"><h2 class=\"ugb-header__title\">Formulari de preinscripci\u00f3<\/h2><p class=\"ugb-header__subtitle\"><strong>La posterior inscripci\u00f3 en el Club Esportiu LGTBI+ DRACS Val\u00e8ncia requerir\u00e0 l&#8217;acceptaci\u00f3 dels Estatuts i el pagament de les quotes corresponents. Tamb\u00e9 implica que et compromets a la formaci\u00f3 de car\u00e0cter institucional establida pel Club per a l&#8217;erradicaci\u00f3 del masclisme, la LGTBIf\u00f2bia i la discriminaci\u00f3 en l&#8217;esport.<br>Per a poder donar-te d&#8217;alta o vindre a con\u00e9ixer-nos, \u00e9s necessari que emplenes el formulari de preinscripci\u00f3:<\/strong><br>\n<div class=\"wpcf7 no-js\" id=\"wpcf7-f2794-o1\" lang=\"es-ES\" dir=\"ltr\" data-wpcf7-id=\"2794\">\n<div class=\"screen-reader-response\"><p role=\"status\" aria-live=\"polite\" aria-atomic=\"true\"><\/p> <ul><\/ul><\/div>\n<form action=\"\/vl\/wp-json\/wp\/v2\/pages\/2666#wpcf7-f2794-o1\" method=\"post\" class=\"wpcf7-form init\" aria-label=\"Contact form\" novalidate=\"novalidate\" data-status=\"init\">\n<fieldset class=\"hidden-fields-container\"><input type=\"hidden\" name=\"_wpcf7\" value=\"2794\" \/><input type=\"hidden\" name=\"_wpcf7_version\" value=\"6.1.7\" \/><input type=\"hidden\" name=\"_wpcf7_locale\" value=\"es_ES\" \/><input type=\"hidden\" name=\"_wpcf7_unit_tag\" value=\"wpcf7-f2794-o1\" \/><input type=\"hidden\" name=\"_wpcf7_container_post\" value=\"0\" \/><input type=\"hidden\" name=\"_wpcf7_posted_data_hash\" value=\"\" \/>\n<\/fieldset>\n<H3>Per a preinscriure't, punxa en el seg\u00fcent enlla\u00e7 i selecciona les activitats que t'interessen\n<\/h3>\n<p><b><br \/>\n<\/b><b><br \/>\n\t\t<center> <a H2 href=\"https:\/\/airtable.com\/embed\/appTIhUdLgXPEdAAM\/pagk5j4KexdJkvu0W\/form\" target=\"_blank\">FORMULARI DE PREINSCRIPCI\u00d3<br \/>\n<b><br \/>\n<\/b><b><br \/>\n<\/b><b><br \/>\n<\/b><b><br \/>\n<\/b><b><br \/>\n<\/b><b><\/b><\/a>\n\t\t<\/center><\/b>\n<\/p><div class=\"wpcf7-response-output\" aria-hidden=\"true\"><\/div>\n<\/form>\n<\/div>\n<\/p><\/div><\/div><\/div><\/div><\/div>\n\n\n\n<h2 class=\"wp-block-heading has-text-align-center\">Per a poder participar en les activitats esportives, en primer has d&#8217;associar-te<\/h2>\n\n\n\n<div class=\"wp-block-ugb-accordion ugb-accordion ugb-c2242fd ugb-951a0e6 ugb-accordion--v2 ugb-accordion--design-basic ugb-main-block\" aria-expanded=\"false\"><div class=\"ugb-inner-block\"><div class=\"ugb-block-content\"><div class=\"ugb-accordion__item\"><div class=\"ugb-accordion__heading\" role=\"button\" tabindex=\"0\"><h4 class=\"ugb-accordion__title\">Estatuts del C.E. LGTBI+ DRACS Val\u00e8ncia<\/h4><svg xmlns=\"http:\/\/www.w3.org\/2000\/svg\" viewBox=\"0 0 20 20\" class=\"ugb-accordion__arrow\" width=\"20\" height=\"20\"><path d=\"M16.7 3.3L10 10 3.3 3.4 0 6.7l10 10v-.1l10-9.9z\"><\/path><\/svg><\/div><div class=\"ugb-accordion__content\" role=\"region\"><div class=\"ugb-accordion__content-inner\">\n<figure class=\"wp-block-embed is-type-wp-embed is-provider-club-esportiu-lgtbi-dracs-valencia wp-block-embed-club-esportiu-lgtbi-dracs-valencia\"><div class=\"wp-block-embed__wrapper\">\nhttps:\/\/dracs.es\/vl\/estatutos\/embed\/#?secret=kuFwlGdFDN\n<\/div><\/figure>\n<\/div><\/div><\/div><\/div><\/div><\/div>\n\n\n\n<p>En resum, els requisits d\u2019acc\u00e9s i perman\u00e8ncia del C.E. LGTBI+ DRACS Val\u00e8ncia s\u00f3n:<\/p>\n\n\n\n<div class=\"wp-block-media-text alignwide is-stacked-on-mobile\" style=\"grid-template-columns:35% auto\"><figure class=\"wp-block-media-text__media\"><img loading=\"lazy\" decoding=\"async\" width=\"900\" height=\"600\" src=\"https:\/\/dracs.es\/wp-content\/uploads\/2020\/02\/iStock-483047213_MED-1.jpg\" alt=\"\" class=\"wp-image-593 size-full\" srcset=\"https:\/\/dracs.es\/wp-content\/uploads\/2020\/02\/iStock-483047213_MED-1.jpg 900w, https:\/\/dracs.es\/wp-content\/uploads\/2020\/02\/iStock-483047213_MED-1-300x200.jpg 300w, https:\/\/dracs.es\/wp-content\/uploads\/2020\/02\/iStock-483047213_MED-1-600x400.jpg 600w, https:\/\/dracs.es\/wp-content\/uploads\/2020\/02\/iStock-483047213_MED-1-768x512.jpg 768w, https:\/\/dracs.es\/wp-content\/uploads\/2020\/02\/iStock-483047213_MED-1-245x163.jpg 245w\" sizes=\"auto, (max-width: 900px) 100vw, 900px\" \/><\/figure><div class=\"wp-block-media-text__content\">\n<ul class=\"wp-block-list\">\n<li>Voler participar en el projecte de manera activa<\/li>\n\n\n\n<li>Ser part de l&#8217;ambient integrador i afavorir la inclusi\u00f3 de les noves incorporacions i la resoluci\u00f3 de conflictes<\/li>\n\n\n\n<li>Respectar a totes les persones i ajudar-les en l&#8217;\u00e0mbit esportiu i el seu desenvolupament personal<\/li>\n\n\n\n<li>Formar-se i informar-se dins del Club, especialment en l&#8217;erradicaci\u00f3 del masclisme, la LGTBIfobia i la serofobia.<\/li>\n<\/ul>\n<\/div><\/div>\n\n\n\n<div class=\"wp-block-media-text alignwide has-media-on-the-right is-stacked-on-mobile\" style=\"grid-template-columns:auto 41%\"><div class=\"wp-block-media-text__content\">\n<ul class=\"wp-block-list\">\n<li>Comprendre i complir els estatuts, els reglaments interns i les normes que acorden l&#8217;Assemblea de persones s\u00f2cies i la Junta Directiva en l&#8217;exercici de les facultats que t\u00e9 reconegudes<\/li>\n\n\n\n<li>No pressuposar l&#8217;orientaci\u00f3 afectiu-sexual de cap persona ni la seua identitat de g\u00e8nere.<\/li>\n\n\n\n<li>Ajudar en l&#8217;organitzaci\u00f3 i consecuci\u00f3 de les activitats del Club<\/li>\n\n\n\n<li>Abonar les quotes d&#8217;alta i perman\u00e8ncia corresponents<\/li>\n<\/ul>\n<\/div><figure class=\"wp-block-media-text__media\"><img loading=\"lazy\" decoding=\"async\" width=\"768\" height=\"432\" src=\"https:\/\/dracs.es\/wp-content\/uploads\/2020\/02\/skysports-cricket-twenty20-cricket-rainbow-laces-stumps-twenty20-stonewall-campaign_4218973.jpg\" alt=\"\" class=\"wp-image-33 size-full\" srcset=\"https:\/\/dracs.es\/wp-content\/uploads\/2020\/02\/skysports-cricket-twenty20-cricket-rainbow-laces-stumps-twenty20-stonewall-campaign_4218973.jpg 768w, https:\/\/dracs.es\/wp-content\/uploads\/2020\/02\/skysports-cricket-twenty20-cricket-rainbow-laces-stumps-twenty20-stonewall-campaign_4218973-300x169.jpg 300w, https:\/\/dracs.es\/wp-content\/uploads\/2020\/02\/skysports-cricket-twenty20-cricket-rainbow-laces-stumps-twenty20-stonewall-campaign_4218973-600x338.jpg 600w, https:\/\/dracs.es\/wp-content\/uploads\/2020\/02\/skysports-cricket-twenty20-cricket-rainbow-laces-stumps-twenty20-stonewall-campaign_4218973-245x138.jpg 245w\" sizes=\"auto, (max-width: 768px) 100vw, 768px\" \/><\/figure><\/div>\n\n\n\n<p>&nbsp;<\/p>\n","protected":false},"excerpt":{"rendered":"<p>Preinscriu-te per a la nova temporada Dracs \u00e9s un club esportiu a Val\u00e8ncia per a la inclusi\u00f3 i visibilitat de persones LGTBI\u200b El nostre objectiu \u00e9s aconseguir que els espais esportius valencians estiguen lliures de masclisme, LGTBI-f\u00f2bia, serof\u00f2bia i qualsevol tipus de discriminaci\u00f3. Creiem en un model esportiu respectu\u00f3s i inclusiu, basat en el desenvolupament&hellip;<\/p>\n","protected":false},"author":1,"featured_media":0,"parent":0,"menu_order":0,"comment_status":"closed","ping_status":"closed","template":"","meta":{"pmpro_default_level":"","footnotes":""},"class_list":["post-2666","page","type-page","status-publish","hentry","pmpro-has-access"],"translation":{"provider":"WPGlobus","version":"3.0.2","language":"vl","enabled_languages":["es","vl"],"languages":{"es":{"title":true,"content":true,"excerpt":false},"vl":{"title":true,"content":true,"excerpt":false}}},"featured_image_urls_v2":{"full":"","thumbnail":"","medium":"","medium_large":"","large":"","1536x1536":"","2048x2048":"","post-thumbnail":"","envo-one-img":"","woocommerce_thumbnail":"","woocommerce_single":"","woocommerce_gallery_thumbnail":""},"post_excerpt_stackable_v2":"<p>Preinscriu-te per a la nova temporada Dracs \u00e9s un club esportiu a Val\u00e8ncia per a la inclusi\u00f3 i visibilitat de persones LGTBI\u200b El nostre objectiu \u00e9s aconseguir que els espais esportius valencians estiguen lliures de masclisme, LGTBI-f\u00f2bia, serof\u00f2bia i qualsevol tipus de discriminaci\u00f3. Creiem en un model esportiu respectu\u00f3s i inclusiu, basat en el desenvolupament personal per a totes les persones. T&#8217;estimem com eresEl nostre objectiu \u00e9s aconseguir que els espais esportius valencians estiguen lliures de qualsevol tipus de discriminaci\u00f3. Dracs \u00e9s un espai mixt, de cures, on protegim el dret a l&#8217;autodeterminaci\u00f3 de g\u00e8nere i defensem i reconeixem els&hellip;<\/p>\n","category_list_v2":"","author_info_v2":{"name":"admin","url":"https:\/\/dracs.es\/vl\/author\/celgtbivalencia\/"},"comments_num_v2":"0 comments","_links":{"self":[{"href":"https:\/\/dracs.es\/vl\/wp-json\/wp\/v2\/pages\/2666","targetHints":{"allow":["GET"]}}],"collection":[{"href":"https:\/\/dracs.es\/vl\/wp-json\/wp\/v2\/pages"}],"about":[{"href":"https:\/\/dracs.es\/vl\/wp-json\/wp\/v2\/types\/page"}],"author":[{"embeddable":true,"href":"https:\/\/dracs.es\/vl\/wp-json\/wp\/v2\/users\/1"}],"replies":[{"embeddable":true,"href":"https:\/\/dracs.es\/vl\/wp-json\/wp\/v2\/comments?post=2666"}],"version-history":[{"count":57,"href":"https:\/\/dracs.es\/vl\/wp-json\/wp\/v2\/pages\/2666\/revisions"}],"predecessor-version":[{"id":16821,"href":"https:\/\/dracs.es\/vl\/wp-json\/wp\/v2\/pages\/2666\/revisions\/16821"}],"wp:attachment":[{"href":"https:\/\/dracs.es\/vl\/wp-json\/wp\/v2\/media?parent=2666"}],"curies":[{"name":"wp","href":"https:\/\/api.w.org\/{rel}","templated":true}]}}