{"id":535,"date":"2020-02-12T09:59:28","date_gmt":"2020-02-12T09:59:28","guid":{"rendered":"https:\/\/dracs.es\/?page_id=535"},"modified":"2020-02-12T09:59:33","modified_gmt":"2020-02-12T09:59:33","slug":"politica-de-cookies-del-c-e-lgtbi-dracs-valencia","status":"publish","type":"page","link":"https:\/\/dracs.es\/vl\/politica-de-cookies-del-c-e-lgtbi-dracs-valencia\/","title":{"rendered":"POL\u00cdTICA DE PRIVACITAT I PROTECCI\u00d3 DE DADES DEL C.E. LGTBI+ DRACS VAL\u00c8NCIA"},"content":{"rendered":"\n<h2 class=\"wp-block-heading\"> 0. Fonaments i aplicaci\u00f3<\/h2>\n\n\n\n<p>A trav\u00e9s del present av\u00eds, CLUB *ESPORTIU *LGTBI+ *DRACS Val\u00e8ncia (d&#8217;ara en avant, C.E. *LGTBI+ *DRACS Val\u00e8ncia) informa els usuaris del lloc https:\/\/dracs.es, en compliment del Reglament (UE) 2016\/679, del Parlament Europeu i del Consell, de 27 d&#8217;abril de 2016,&#038;*nbsp; posa de manifest la present Pol\u00edtica respecte del tractament i protecci\u00f3 de dades personals (d&#8217;ara en avant *RGPD) sobre la seua pol\u00edtica de protecci\u00f3 de dades personals amb la finalitat que aquests decidisquen de manera expressa, lliure i volunt\u00e0ria, si desitgen facilitar-li les dades personals que li s\u00f3n sol\u00b7licitats en el lloc web per a la prestaci\u00f3 dels seus serveis i el desenvolupament de les seues activitats esportives.<\/p>\n\n\n\n<p>La present Pol\u00edtica resultar\u00e0 d&#8217;aplicaci\u00f3:<\/p>\n\n\n\n<ul class=\"wp-block-list\"><li>A aquelles persones que visiten la p\u00e0gina web del C.E. LGTBI+ DRACS Val\u00e8ncia, https:\/\/dracs.es (d&#8217;ara en avant, en qualsevol refer\u00e8ncia a aquesta s&#8217;entendran tamb\u00e9 compreses la seua versi\u00f3 en valenci\u00e0 i en espanyol, https:\/\/dracs.es).<\/li><li>A aquelles persones que volunt\u00e0riament es comuniquen amb el C.E. LGTBI+ DRACS Val\u00e8ncia a trav\u00e9s de correu electr\u00f2nic, xat, grups de WhatApp amb titularitat del C.E. LGTBI+ DRACS Val\u00e8ncia o que emplenen qualsevol dels formularis de recollida de dades publicades en la p\u00e0gina web del C.E. LGTBI+ DRACS Val\u00e8ncia.<\/li><li>A aquelles persones que sol\u00b7liciten informaci\u00f3 sobre les activitats i\/o serveis del C.E. LGTBI+ DRACS Val\u00e8ncia o que sol\u00b7liciten participar en alguna de les activitats esportives del C.E. LGTBI+ DRACS Val\u00e8ncia.<\/li><li>Als qui formalitzen una relaci\u00f3 contractual amb el C.E. LGTBI+ DRACS Val\u00e8ncia.<\/li><li>Als qui utilitzen qualsevol altre servei present en el lloc web que implique la comunicaci\u00f3 de dades a C.E. LGTBI+ DRACS Val\u00e8ncia o l&#8217;acc\u00e9s a dades per C.E. LGTBI+ DRACS Val\u00e8ncia per a la prestaci\u00f3 dels seus serveis.<\/li><li>A qualssevol altres o uns altres que, directa o indirectament, hagen donat el seu consentiment expr\u00e9s perqu\u00e8 les seues dades siguen tractades per part del C.E. LGTBI+ DRACS Val\u00e8ncia per a qualsevol de les finalitats recollides en la present Pol\u00edtica.<\/li><\/ul>\n\n\n\n<p>La filiaci\u00f3 o la realitzaci\u00f3 d&#8217;activitats organitzades pel C.E. LGTBI+ DRACS Val\u00e8ncia requereix l&#8217;acceptaci\u00f3 expressa d&#8217;aquesta Pol\u00edtica.<\/p>\n\n\n\n<p>Tamb\u00e9 s&#8217;informa els usuaris de la incorporaci\u00f3 de les dades a fitxers, el titular i el responsable dels quals \u00e9s C.E. LGTBI+ DRACS Val\u00e8ncia duent a terme un tractament informatitzat amb la finalitat de cursar la seua sol\u00b7licitud i, en el seu cas, remetre-li informaci\u00f3 sobre les activitats de C.E. dracs que puguen resultar del seu inter\u00e9s, per a aix\u00f2 C.E. LGTBI+ DRACS Val\u00e8ncia sol\u00b7licita el seu consentiment, incloses les comunicacions enviades per sistemes de crides autom\u00e0tiques a trav\u00e9s de serveis de telecomunicacions sense intervenci\u00f3 humana, com a missatges SMS i correu electr\u00f2nic.<\/p>\n\n\n\n<p>C.E. LGTBI+ DRACS Val\u00e8ncia adverteix que, excepte l&#8217;exist\u00e8ncia d&#8217;una representaci\u00f3 legalment constitu\u00efda, cap usuari i\/o client pot utilitzar la identitat d&#8217;una altra persona i comunicar les seues dades personals, per la qual cosa les dades que facilite a C.E. LGTBI+ DRACS Val\u00e8ncia han de ser dades personals, corresponents a la seua pr\u00f2pia identitat, adequats, pertinents, actuals, exactes i vertaders. En aquest sentit, l&#8217;usuari i\/o client ser\u00e0 l&#8217;\u00fanic responsable enfront de qualsevol mal directe o indirecte que cause a tercers o a C.E. LGTBI+ DRACS Val\u00e8ncia per l&#8217;\u00fas de dades d&#8217;una altra persona o de les seues pr\u00f2pies dades quan siguen falsos, erronis, no actuals, inadequats o no pertinents. Igualment, la persona usuari i\/o s\u00f2cia que comunique les dades personals d&#8217;un tercer ser\u00e0 responsable d&#8217;haver recaptat l&#8217;autoritzaci\u00f3 corresponent del propi interessat, aix\u00ed com de les seues conseq\u00fc\u00e8ncies en cas contrari.<\/p>\n\n\n\n<p>Llevat que espec\u00edficament s&#8217;establisca el contrari, es considerar\u00e0 necessari completar totes les dades requerides en els formularis. En el cas de no subministrar totes les dades estimades com a necessaris, C.E. dracs podr\u00e0, depenent del cas, no ser capa\u00e7 de cursar la concreta sol\u00b7licitud que s&#8217;efectue.<br><\/p>\n\n\n\n<p>L&#8217;usuari haur\u00e0 d&#8217;emplenar els formularis amb dades vertaderes, exactes, complets i actualitzats, responent dels danys i perjudicis que poguera ocasionar a causa de l&#8217;emplenament defectu\u00f3s dels formularis amb dades falses, inexactes, incomplets o no actualitzats.<\/p>\n\n\n\n<p>De la mateixa manera,&nbsp; la persona usu\u00e0ria i\/o s\u00f2cia que comunique dades personals al C.E. LGTBI+ DRACS Val\u00e8ncia declara ser major d&#8217;edat, de conformitat amb el que es disposa en la legislaci\u00f3 espanyola, abstenint-se en cas contrari de facilitar dades l C.E. LGTBI+ DRACS Val\u00e8ncia. Qualsevol dada facilitada sobre un menor d&#8217;edat requerir\u00e0 del consentiment o autoritzaci\u00f3 pr\u00e8via dels seus pares, tutors o representants legals, els quals seran considerats responsables de les dades facilitades pels menors al seu c\u00e0rrec.<br><\/p>\n\n\n\n<p>Aquesta Pol\u00edtica ser\u00e0 aplicable subsidi\u00e0ria respecte d&#8217;aquelles altres condicions que sobre protecci\u00f3 de dades personals s&#8217;establisquen amb car\u00e0cter especial i siguen comunicades, sense car\u00e0cter limitatiu, a trav\u00e9s dels formularis de registre, contractes i\/o condicions dels serveis particulars, sent per tant aquesta Pol\u00edtica complement\u00e0ria de les esmentades en all\u00f2 no previst expressament en aquestes.<br><\/p>\n\n\n\n<h3 class=\"wp-block-heading\">1. Finalitats de la recollida i tractament de dades personals<\/h3>\n\n\n\n<p>En el cas de l&#8217;enviament d&#8217;un correu electr\u00f2nic a C.E. LGTBI+ DRACS Val\u00e8ncia o d&#8217;una comunicaci\u00f3 de dades personals a trav\u00e9s de qualsevol altre mig, com pot ser un formulari de contacte, la finalitat de la recollida i tractament d&#8217;aquestes dades per part del C.E. LGTBI+ DRACS Val\u00e8ncia \u00e9s l&#8217;atenci\u00f3 de les consultes i sol\u00b7licituds d&#8217;informaci\u00f3 que es plantegen sobre els serveis i activitats esportives organitzades pel C.E. LGTBI+ DRACS Val\u00e8ncia.<br><\/p>\n\n\n\n<p>En el cas de formularis de C.E. LGTBI+ DRACS Val\u00e8ncia que les persones interessades emplenen per a participar en alguna de les accions comercials del C.E. LGTBI+ DRACS Val\u00e8ncia, la finalitat ser\u00e0 la de possibilitar aquesta participaci\u00f3, aix\u00ed com l&#8217;enviament de comunicacions sobre les activitats esportives organitzades pel C.E. LGTBI+ DRACS Val\u00e8ncia, llevat que l&#8217;interessat manifeste expressament la seua oposici\u00f3 en el mateix moment de la recollida de les seues dades. No obstant l&#8217;anterior, l&#8217;interessat podr\u00e0 modificar la seua decisi\u00f3 en qualsevol moment, tantes vegades com ho desitge, a trav\u00e9s del correu electr\u00f2nic info@dracs.es per a tal fi.<br><\/p>\n\n\n\n<p>En la sol\u00b7licitud de participaci\u00f3 de les activitats esportives del C.E. LGTBI+ DRACS Val\u00e8ncia, es recolliran \u00fanicament aquelles dades personals que foren necessaris per a possibilitar la prestaci\u00f3 dels serveis i remuneraci\u00f3 dels mateixos per part de les persones s\u00f2cies i\/o simpatitzants, sent aquestes dades recollides i tractats amb les seg\u00fcents finalitats:<br><\/p>\n\n\n\n<p>La finalitat principal consistir\u00e0 en el manteniment de la relaci\u00f3 que permeta al C.E. LGTBI+ DRACS Val\u00e8ncia oferir l&#8217;acc\u00e9s a serveis esportius i activitats culturals a la persona s\u00f2cia, de conformitat amb la naturalesa i caracter\u00edstiques dels serveis sol\u00b7licitats, contactant C.E. LGTBI+ DRACS Val\u00e8ncia amb la persona s\u00f2cia o simpatitzant a trav\u00e9s de l&#8217;adre\u00e7a d&#8217;e-mail, tel\u00e8fon o altres mitjans indicats per aquest \u00faltim.<br><br><br><\/p>\n\n\n\n<ul class=\"wp-block-list\"><li>\u00a0<\/li><\/ul>\n\n\n\n<ul class=\"wp-block-list\"><li>Per a l&#8217;enviament de documentaci\u00f3 i informaci\u00f3 relacionada amb els serveis oferits pel C.E. LGTBI+ DRACS Val\u00e8ncia o de terceres entitats esportives i\/o culturals, aix\u00ed com per a l&#8217;enviament de comunicacions comercials i publicit\u00e0ries sobre els mateixos o uns altres similars per part de C.E. LGTBI+ DRACS Val\u00e8ncia, a trav\u00e9s de correu postal, e-mail, tel\u00e8fon, SMS o altres mitjans indicats pel client, llevat que aquest manifeste expressament la seua oposici\u00f3 en el mateix moment de la seua incorporaci\u00f3 al Club com a persona s\u00f2cia o simpatitzant. Independentment de si la persona s\u00f2cia o simpatitzant haguera triat rebre o no informaci\u00f3 comercial del C.E. LGTBI+ DRACS Val\u00e8ncia, podr\u00e0 modificar la seua decisi\u00f3 en qualsevol moment, tantes vegades com ho desitge, a trav\u00e9s del correu electr\u00f2nic info@dracs.es.<\/li><li>En compliment del que es disposa en la Llei 25\/2007, de 18 d&#8217;octubre, de conservaci\u00f3 de dades relatives a les comunicacions electr\u00f2niques i a les xarxes p\u00fabliques de comunicacions, C.E. LGTBI+ DRACS Val\u00e8ncia informa l&#8217;usuari que es procedir\u00e0 a retindre i conservar determinades dades de tr\u00e0nsit generats durant el desenvolupament de les comunicacions, aix\u00ed com en el seu cas, a comunicar aquestes dades als \u00f2rgans competents sempre que conc\u00f3rreguen les circumst\u00e0ncies legals previstes en aquesta Llei.<\/li><li>Per al compliment de les obligacions legals i laborals les seues dades poden ser comunicats a Asseguradores, m\u00fatues de protecci\u00f3 i accidents, serveis de prevenci\u00f3 de riscos laborals o la preservaci\u00f3 de la salut dels treballadors o persones associades.<\/li><li>Per a totes aquelles altres finalitats, que de manera expressa apareguen recollides en les Condicions Espec\u00edfiques que siguen aplicable al producte o servei corresponent contractat pel client i acceptades expressament per aquest.<\/li><\/ul>\n\n\n\n<h3 class=\"wp-block-heading\">2. Termini de conservaci\u00f3 de les dades personals<\/h3>\n\n\n\n<p>El C.E. LGTBI+ DRACS Val\u00e8ncia conservar\u00e0 les dades personals durant el temps estrictament necessari per al compliment de les finalitats anteriorment detallades. C.E. LGTBI+ DRACS Val\u00e8ncia podr\u00e0 mantindre degudament bloquejats aquestes dades durant el per\u00edode en el qual es pogueren derivar responsabilitats de la seua relaci\u00f3 amb la persona s\u00f2cia o simpatitzant.<\/p>\n\n\n\n<p>En el cas de les dades objecte de conservaci\u00f3 amb motiu de la Llei 25\/2007, de 18 d&#8217;octubre, de conservaci\u00f3 de dades relatives a les comunicacions electr\u00f2niques i a les xarxes p\u00fabliques de comunicacions, el per\u00edode de conservaci\u00f3 dels mateixos ser\u00e0 el detallat en aquesta normativa.<br><\/p>\n\n\n\n<p>3. Destinataris de les dades personals<\/p>\n\n\n\n<p>Els destinataris de les dades personals recollits per C.E. LGTBI+ DRACS Val\u00e8ncia seran els seg\u00fcents:<\/p>\n\n\n\n<ul class=\"wp-block-list\"><li>La junta directiva i les persones que coordinen i\/o organitzen les activitats esportives i culturals del C.E. LGTBI+ DRACS Val\u00e8ncia en el compliment de les seues funcions.<\/li><li>Els prove\u00efdors del C.E. LGTBI+ DRACS Val\u00e8ncia que intervinguen en la prestaci\u00f3 dels serveis, en el cas que aix\u00f2 fora necessari per a la prestaci\u00f3 d&#8217;aquests.<\/li><li>Els \u00f2rgans judicials o administratius, aix\u00ed com les Forces i Cossos de Seguretat de l&#8217;Estat, en el cas que C.E. LGTBI+ DRACS Val\u00e8ncia fora requerit conforme a la legislaci\u00f3 vigent per a proporcionar informaci\u00f3 relacionada amb els seus clients i els seus serveis.<\/li><li>Qualssevol altres que a causa de la naturalesa del servei hagen d&#8217;accedir a les dades facilitades amb aquest, tal com es detalla en les Condicions Espec\u00edfiques que siguen aplicable al servei sol\u00b7licitat per la persona s\u00f2cia o simpatitzant i acceptades expressament per aquesta en cada prestaci\u00f3 de servei.<\/li><\/ul>\n\n\n\n<h3 class=\"wp-block-heading\">4. Drets dels usuaris i exercici d&#8217;aquests<\/h3>\n\n\n\n<p>Els usuaris podran exercitar en qualsevol moment els seg\u00fcents drets reconeguts pel RGPD:<\/p>\n\n\n\n<ul class=\"wp-block-list\"><li>\u00a0Dret d&#8217;acc\u00e9s: Els usuaris tenen dret a obtindre de C.E. LGTBI+ DRACS Val\u00e8ncia informaci\u00f3 sobre si s&#8217;estan tractant dades personals que el concernisquen, a accedir als mateixos i a obtindre informaci\u00f3 sobre el tractament realitzat.<\/li><li>\u00a0Dret a obtindre una c\u00f2pia de les seues dades personals.<\/li><li>\u00a0Dret de rectificaci\u00f3: Els usuaris tenen dret al fet que el C.E. LGTBI+ DRACS Val\u00e8ncia rectifique les seues dades personals en el cas que anaren inexactes o incomplets.<\/li><li>\u00a0Dret de supressi\u00f3: Els usuaris tenen dret al fet que es procedisca a la supressi\u00f3 de les dades quan aquests ja no resulten necessaris per a la finalitat per a la qual van ser proporcionats o quan conc\u00f3rreguen la resta de circumst\u00e0ncies legalment previstes.<\/li><li>\u00a0Dret de limitaci\u00f3 del tractament: Els usuaris tenen dret a sol\u00b7licitar una limitaci\u00f3 en el tractament de les seues dades personals, de manera que no s&#8217;apliquen als mateixos les operacions de tractament que hagen de correspondre en cada cas, en aquells sup\u00f2sits previstos en l&#8217;art. 18 del RGPD.<\/li><li>\u00a0Dret a la portabilitat: Els usuaris tenen dret a rebre les dades personals que li incumbisquen en un format estructurat, sempre que aquestes dades incumbisquen exclusivament a l&#8217;usuari i hagen sigut facilitats per aquest.<\/li><\/ul>\n\n\n\n<p>Els usuaris podran exercitar aquests drets de les seg\u00fcents formes:<\/p>\n\n\n\n<ul class=\"wp-block-list\"><li>\u00a0Si s\u00f3n s\u00f2cies i\/o simpatitzants del C.E. LGTBI+ DRACS Val\u00e8ncia, les persones usuaris\/as podran comprovar a cada moment les seues dades personals a trav\u00e9s de l&#8217;apartat \u201cLes meues dades personals\u201d de l&#8217;eina \u201cAcc\u00e9s\u201d, a la qual s&#8217;accedeix autenticat des de la web http:\/\/www.dracs.org\/. Tamb\u00e9 podran enviar un missatge a trav\u00e9s de l&#8217;apartat \u201cContacte\u201d d&#8217;aquesta p\u00e0gina, indicant el dret que desitgen exercir.<\/li><li>La persona usuari o el seu representant legal podr\u00e0 exercitar en qualsevol moment el dret d&#8217;acc\u00e9s, rectificaci\u00f3, cancel\u00b7laci\u00f3 i, si escau, oposici\u00f3 d&#8217;acord amb el que s&#8217;estableix en la RGPD i altra normativa aplicable a aquest efecte, dirigint una comunicaci\u00f3 electr\u00f2nica a l&#8217;adre\u00e7a info@dracs.es, en la qual s&#8217;acredite la identitat de l&#8217;usuari.<\/li><\/ul>\n\n\n\n<h3 class=\"wp-block-heading\">5. Autoritat de control<\/h3>\n\n\n\n<p>Les persones usu\u00e0ries podran dirigir-se a l&#8217;autoritat de control local que corresponga si considera que el tractament realitzat respecte de les seues dades personals no ha sigut realitzat conforme a la legislaci\u00f3 vigent.<\/p>\n\n\n\n<p>L&#8217;autoritat de control de protecci\u00f3 de dades a Espanya \u00e9s l&#8217;Ag\u00e8ncia Espanyola de Protecci\u00f3 de Dades, les dades de contacte de les quals es troben disponibles en la seua p\u00e0gina web, en concret en<a href=\"http:\/\/www.agpd.es\/portalwebAGPD\/CanalDelCiudadano\/contacteciudadano\/index-ides-idphp.php\"> http:\/\/www.agpd.es\/portalwebAGPD\/CanalDelCiudadano\/contacteciudadano\/index-ides-idphp.php<\/a>.<br><\/p>\n\n\n\n<h3 class=\"wp-block-heading\">6. Transfer\u00e8ncies internacionals de dades<\/h3>\n\n\n\n<p>En aquells serveis del C.E. LGTBI+ DRACS Val\u00e8ncia en els quals es requerisca la realitzaci\u00f3 de transfer\u00e8ncies internacionals per a possibilitar la prestaci\u00f3 d&#8217;aquests, aquesta circumst\u00e0ncia ser\u00e0 recollida en les Condicions Espec\u00edfiques que siguen aplicable al servei corresponent acceptat expressament per aquest de manera pr\u00e8via a aquestes.<br><\/p>\n\n\n\n<h3 class=\"wp-block-heading\">7. C.E. LGTBI+ DRACS Val\u00e8ncia com a encarregat del tractament<\/h3>\n\n\n\n<p>Conforme a l&#8217;article 28 RGPD i concordants, C.E. LGTBI+ DRACS Val\u00e8ncia tractar\u00e0 les dades personals respecte als quals la persona usu\u00e0ria ostentara la condici\u00f3 de responsable o encarregat del tractament, quan aix\u00f2 resulte necessari per a l&#8217;adequada prestaci\u00f3 dels serveis sol\u00b7licitats. En aquest cas, C.E. LGTBI+ DRACS Val\u00e8ncia actuar\u00e0 com a encarregat del tractament, conforme als termes que a continuaci\u00f3 s&#8217;indiquen:<\/p>\n\n\n\n<p>El C.E. LGTBI+ DRACS Val\u00e8ncia \u00fanicament tractar\u00e0 les dades conforme a les instruccions de l&#8217;usuari responsable o encarregat del tractament, no utilitzant-los per a una fi diferent al que figura en la present Pol\u00edtica de protecci\u00f3 de dades i\/o en les condicions contractuals que siguen aplicable.<br>Complida la prestaci\u00f3 dels serveis que motiven el tractament de les dades personals, aquests seran destru\u00efts, igual que qualsevol suport o documents en els quals conste alguna dada de car\u00e0cter personal o qualsevol tipus d&#8217;informaci\u00f3 que s&#8217;haja generat durant, per a i\/o per la prestaci\u00f3 dels serveis objecte de les corresponents Condicions. No obstant l&#8217;anterior, C.E. LGTBI+ DRACS Val\u00e8ncia podr\u00e0 mantindre degudament bloquejats les citades dades durant el per\u00edode en el qual es puguen derivar responsabilitats de la seua relaci\u00f3 amb la persona usu\u00e0ria, ja siga s\u00f2cia o simpatitzant.<br>En el cas que C.E. LGTBI+ DRACS Val\u00e8ncia destine les dades a una altra finalitat o els comunique o utilitze incomplint la present Pol\u00edtica de protecci\u00f3 de dades i\/o les corresponents Condicions del servei, ser\u00e0 considerat tamb\u00e9 responsable del tractament.<br>C.E. LGTBI+ DRACS Val\u00e8ncia s&#8217;obliga, de conformitat amb l&#8217;article 28 del RGPD, a mantindre el degut secret professional respecte de les dades personals als quals haja d&#8217;accedir i\/o tractar amb la finalitat de complir en cada cas amb l&#8217;objecte de les Condicions del servei que li siguen aplicable, tant durant com despr\u00e9s de la terminaci\u00f3 d&#8217;aquests, comprometent-se a utilitzar aquesta informaci\u00f3 \u00fanicament per a la finalitat prevista en cada cas i a exigir el mateix nivell de comprom\u00eds a qualsevol persona que dins de la seua organitzaci\u00f3 participe en qualsevol fase del tractament de les dades personals responsabilitat del client.<\/p>\n\n\n\n<ul class=\"wp-block-list\"><li>De acuerdo con lo establecido en el RGPD ser\u00e1n de aplicaci\u00f3n las siguientes reglas en relaci\u00f3n con la forma y modalidades de acceso a los datos para la prestaci\u00f3n de los servicios:<\/li><li>En el caso de que el C.E. LGTBI+ DRACS Val\u00e8ncia deba acceder a los recursos de tratamiento sitos en las instalaciones del cliente, \u00e9ste ser\u00e1 responsable de establecer e implementar la pol\u00edtica y medidas de seguridad, as\u00ed como de comunicar las mismas al C.E. LGTBI+ DRACS Val\u00e8ncia, quien se compromete a respetarlas y a exigir su cumplimiento a las personas de su organizaci\u00f3n que participen en la prestaci\u00f3n de los servicios.<\/li><li>Cuando el C.E. LGTBI+ DRACS Val\u00e8ncia acceda v\u00eda remota a los recursos de tratamiento de datos responsabilidad del cliente, \u00e9ste deber\u00e1 establecer e implementar la pol\u00edtica y medidas de seguridad en sus sistemas de tratamiento remotos, siendo el C.E. LGTBI+ DRACS Val\u00e8ncia responsable de establecer e implementar la pol\u00edtica y medidas de seguridad en sus propios sistemas locales.<\/li><li>Cuando el servicio fuera prestado por el C.E. LGTBI+ DRACS Val\u00e8ncia en sus propios locales, el C.E. LGTBI+ DRACS Val\u00e8ncia recoger\u00e1 en su Registro de actividades las circunstancias relativas al tratamiento de datos en los t\u00e9rminos exigidos por el RGPD, incluyendo las medidas de seguridad correspondientes a dicho tratamiento.<\/li><li>C.E. LGTBI+ DRACS Val\u00e8ncia ha adoptado los niveles de seguridad de protecci\u00f3n de los datos personales exigidos en la legislaci\u00f3n vigente de protecci\u00f3n de datos, instalando las medidas t\u00e9cnicas y organizativas necesarias para evitar la p\u00e9rdida, mal uso, alteraci\u00f3n, acceso no autorizado y dem\u00e1s riesgos posibles.<\/li><\/ul>\n\n\n\n<p>La persona usu\u00e0ria, tant en qualitat de s\u00f2cia com de simpatitzant autoritza  el&nbsp; C.E. LGTBI+ DRACS Val\u00e8ncia, en la seua qualitat d&#8217;encarregat del tractament, a subcontractar amb tercers, en nom i per compte del client, els serveis d&#8217;emmagatzematge, cust\u00f2dia de les c\u00f2pies de seguretat de dades i seguretat, i aquells que foren necessaris per a possibilitar la prestaci\u00f3 dels serveis contractats, respectant en tot cas les obligacions imposades pel RGPD i la seua normativa de desenvolupament. En qualsevol moment, el client podr\u00e0 dirigir-se al C.E. LGTBI+ DRACS Val\u00e8ncia per a con\u00e9ixer la identitat de les entitats subcontractades per a la prestaci\u00f3 dels serveis indicats, les quals actuaran de conformitat amb els termes previstos en aquest document i pr\u00e8via formalitzaci\u00f3 amb el C.E. LGTBI+ DRACS Val\u00e8ncia d&#8217;un contracte de tractament de dades conforme a l&#8217;art. 28.4 del RGPD.<\/p>\n\n\n\n<p>La persona usu\u00e0ria, tant en qualitat de s\u00f2cia com de simpatitzant autoritza  el\u00a0 C.E. LGTBI+ DRACS Val\u00e8ncia a realitzar les accions que s&#8217;indiquen a continuaci\u00f3, sempre que siguen necess\u00e0ries per a l&#8217;execuci\u00f3 de la prestaci\u00f3 dels serveis. Aquesta autoritzaci\u00f3 queda limitada a la\/s actuaci\u00f3\/\u00e9s\u00a0 necess\u00e0ria\/s per a la prestaci\u00f3 de cada servei i amb una duraci\u00f3 m\u00e0xima vinculada a la vig\u00e8ncia de les Condicions contractuals aplicables:<\/p>\n\n\n\n<ul class=\"wp-block-list\"><li>A dur a terme el tractament de les dades personals en dispositius port\u00e0tils \u00fanicament pels usuaris o perfils d&#8217;usuaris assignats a la prestaci\u00f3 dels serveis.<\/li><li>A dur a terme el tractament fora dels locals del client o del C.E. LGTBI+ DRACS Val\u00e8ncia, \u00fanicament pels usuaris o perfils d&#8217;usuaris assignats a la prestaci\u00f3 dels serveis.<\/li><li>L&#8217;entrada i eixida dels suports i documents que continguen dades personals, inclosos els compresos i\/o annexos a un correu electr\u00f2nic, fora dels locals sota el control del client responsable del tractament.<\/li><li>L&#8217;execuci\u00f3 dels procediments de recuperaci\u00f3 de dades que el C.E. LGTBI+ DRACS Val\u00e8ncia es veja en l&#8217;obligaci\u00f3 de realitzar.<\/li><\/ul>\n\n\n\n<p>El C.E. LGTBI+ DRACS Val\u00e8ncia no es fa responsable de l&#8217;incompliment de les obligacions derivades del RGPD o de la normativa corresponent en mat\u00e8ria de protecci\u00f3 de dades per part de l&#8217;usuari en el que a la seua activitat li corresponga i que es trobe relacionat amb l&#8217;execuci\u00f3 del contracte o relacions comercials que li unisquen al C.E. LGTBI+ DRACS Val\u00e8ncia. Cada part haur\u00e0 de fer front a la responsabilitat que es derive del seu propi incompliment de les obligacions contractuals i de la pr\u00f2pia normativa.<\/p>\n\n\n\n<p>Igualment, C.E. LGTBI+ DRACS Val\u00e8ncia es compromet al compliment de la seua obligaci\u00f3 de secret de les dades personals i del seu deure de protegir-los amb la deguda dilig\u00e8ncia. C.E. LGTBI+ DRACS Val\u00e8ncia adoptar\u00e0 totes les mesures necess\u00e0ries per a evitar la seua alteraci\u00f3, p\u00e8rdua, tractament o acc\u00e9s no autoritzat, tenint en compte en tot moment de l&#8217;estat de la tecnologia.<br><\/p>\n\n\n\n<p>C.E. LGTBI+ DRACS Val\u00e8ncia es reserva el dret a modificar la present pol\u00edtica, informant pr\u00e8viament els usuaris dels canvis que en ella s&#8217;introdu\u00efsquen.<br><\/p>\n\n\n\n<h2 class=\"wp-block-heading\">8. Cookies<\/h2>\n\n\n\n<p>Aquest lloc web, igual que la majoria dels llocs en Internet, usa Cookies per a millorar i optimitzar l&#8217;experi\u00e8ncia de l&#8217;usuari. A continuaci\u00f3 trobar\u00e0s informaci\u00f3 detallada sobre qu\u00e8 s\u00f3n les \u201cCookies\u201d, quina tipologia utilitza aquest lloc web, com pots desactivar-les en el teu navegador i com bloquejar espec\u00edficament la instal\u00b7laci\u00f3 de Cookies de tercers.<\/p>\n\n\n\n<p><strong>Qu\u00e8 s\u00f3n les Cookies i com les utilitzen els llocs web de DRACS?<\/strong><\/p>\n\n\n\n<p>Les Cookies s\u00f3n arxius que el lloc web o l&#8217;aplicaci\u00f3 que utilitzes instal\u00b7la en el teu navegador o en el teu dispositiu (Tel\u00e8fon intel\u00b7ligent, tauleta o televisi\u00f3 connectada) durant el teu recorregut per les p\u00e0gines o per l&#8217;aplicaci\u00f3, i serveixen per a emmagatzemar informaci\u00f3 sobre la teua visita. Com la majoria dels llocs en internet, els portals web del C.E. LGTBI+ DRACS Val\u00e8ncia utilitzen Cookies per a:<\/p>\n\n\n\n<ul class=\"wp-block-list\"><li>Assegurar que les p\u00e0gines web poden funcionar correctament<\/li><li>Emmagatzemar les teues prefer\u00e8ncies, com l&#8217;idioma que has seleccionat o la grand\u00e0ria de lletra.<\/li><li>Con\u00e9ixer la teua experi\u00e8ncia de navegaci\u00f3.<\/li><li>Recopilar informaci\u00f3 estad\u00edstica an\u00f2nima, com a quines p\u00e0gines has vist o quant temps has estat en els nostres mitjans i RRSS.<\/li><\/ul>\n\n\n\n<p>L&#8217;\u00fas de Cookies ens permet optimitzar la teua navegaci\u00f3, adaptant la informaci\u00f3 i els serveis oferits als teus interessos, per a proporcionar-te una millor experi\u00e8ncia sempre que ens visites; per a aix\u00f2, la informaci\u00f3 que recaptem a trav\u00e9s de les Cookies \u00e9s analitzada tant per la persona volunt\u00e0ria responsable del Lloc web com per les persones desginadas per la Junta Directiva o l&#8217;Assemblea del C.E. LGTBI+ DRACS Val\u00e8ncia. Els llocs web i serveis del C.E. LGTBI+ DRACS Val\u00e8ncia utilitzen Cookies per a funcionar, adaptar i facilitar al m\u00e0xim la navegaci\u00f3 de l&#8217;Usuari.<\/p>\n\n\n\n<p><strong>Per qu\u00e8 analitzem la navegaci\u00f3?<\/strong><\/p>\n\n\n\n<p>A trav\u00e9s de l&#8217;anal\u00edtica web no obtenim informaci\u00f3 sobre el teu nom, cognoms o la teua adre\u00e7a de correu electr\u00f2nic o postal. La informaci\u00f3 que obtenim \u00e9s la relativa al nombre d&#8217;usuaris que accedeixen a la web, el nombre de p\u00e0gines vistes, la freq\u00fc\u00e8ncia i repetici\u00f3 de les visites, la seua duraci\u00f3, el navegador que utilitzes, l&#8217;operador que et presta el servei, el teu idioma, el terminal que utilitzes o la ciutat a la qual est\u00e0 assignada la teua adre\u00e7a IP.<\/p>\n\n\n\n<p><strong>Quines Cookies utilitzen els llocs web de DRACS?<\/strong><\/p>\n\n\n\n<ul class=\"wp-block-list\"><li>wp-settings-, wp-settings-estafe- \/ Funcionalitat: Serveix per a personalitzar la Interf\u00edcie d&#8217;Usuari. \/ Pr\u00f2pia<\/li><li>gadwp_wg_default_dimension, gadwp_wg_default_metric \/ Funcionalitat. Gestiona la gesti\u00f3 de l&#8217;acc\u00e9s a la web i el desplegament d&#8217;imatges. \/ Pr\u00f2pia<\/li><li>__stripe_mid, __stripe_sid \/ Funcionalitat: Stripe s&#8217;usa per a processar pagaments amb targeta de cr\u00e8dit. Stripe usa una cookie per a recordar a l&#8217;usuari i permetre processar pagaments sense emmagatzemar les dades de la targeta de cr\u00e8dit en els seus propis servidors. \/ Tercers<\/li><li>tk_or, tk_r3d, tk_lr \/ Funcionalitat: Cookies de tercers que usa WordPress per a millorar l&#8217;experi\u00e8ncia de l&#8217;usuari en la p\u00e0gina.<\/li><li>wpglobus-language-old, wpglobus-language \/ Funcionalitat: Cookies de tercers de WPGlobus que permet identificar els idiomes admesos i utilitzats per l&#8217;usuari. \/ Tercers<\/li><li>mailchimp_landing_site \/ Publicitat: Cookie necess\u00e0ria per a la integraci\u00f3 amb el sistema de gesti\u00f3 de subscripci\u00f3 de la newsletter (Mailchimp). \/ Tercers<\/li><\/ul>\n\n\n\n<p><strong>Com es rebutgen les cookies?<\/strong><\/p>\n\n\n\n<p>En qualsevol cas l&#8217;informem que, at\u00e9s que les Cookies no s\u00f3n necess\u00e0ries per a l&#8217;\u00fas del nostre Lloc web, pot bloquejar-les o deshabilitar-les activant la configuraci\u00f3 del seu navegador, que li permet rebutjar la instal\u00b7laci\u00f3 de totes les cookies o d&#8217;algunes d&#8217;elles. La pr\u00e0ctica majoria dels navegadors permeten advertir de la pres\u00e8ncia de Cookies o rebutjar-les autom\u00e0ticament. Si les rebutja podr\u00e0 continuar usant el nostre Lloc web, encara que l&#8217;\u00fas d&#8217;alguns dels seus serveis podr\u00e0 ser limitat i per tant la seua experi\u00e8ncia en el nostre Lloc web menys satisfact\u00f2ria.<\/p>\n\n\n\n<p>A continuaci\u00f3 t&#8217;indiquem els links dels principals navegadors i dispositius perqu\u00e8 disposes de tota la informaci\u00f3 per a consultar com gestionar les cookies en el teu navegador.<\/p>\n\n\n\n<ul class=\"wp-block-list\"><li>Per a m\u00e9s informaci\u00f3 sobre Opera\u2122 fes clic <a rel=\"noreferrer noopener\" href=\"http:\/\/help.opera.com\/Windows\/11.50\/es-ES\/cookies.html\" target=\"_blank\">ac\u00ed<\/a><\/li><li>Per a m\u00e9s informaci\u00f3 sobre Android\u2122 fes clic <a rel=\"noreferrer noopener\" href=\"http:\/\/support.google.com\/android\/?hl=es\" target=\"_blank\">ac\u00ed<\/a><\/li><li>Per a m\u00e9s informaci\u00f3 sobre Windows Phone\u2122 fes clic <a rel=\"noreferrer noopener\" href=\"http:\/\/www.windowsphone.com\/es-ES\/how-to\/wp7\/web\/changing-privacy-and-other-browser-settings\" target=\"_blank\">ac\u00ed<\/a><\/li><li>Per a m\u00e9s informaci\u00f3 sobre Blackberry\u2122 fes clic <a rel=\"noreferrer noopener\" href=\"http:\/\/help.blackberry.com\/en\/blackberry-classic\/10.3.1\/help\/mwa1334238823957.html\" target=\"_blank\">ac\u00ed<\/a><\/li><li>Per a m\u00e9s informaci\u00f3 sobre el Navegador Google Chrome\u2122 fes clic <a rel=\"noreferrer noopener\" href=\"https:\/\/support.google.com\/chrome\/answer\/95647?hl=es\" target=\"_blank\">ac\u00ed<\/a><\/li><li>Per a m\u00e9s informaci\u00f3 sobre el Navegador Internet Explorer fes clic <a rel=\"noreferrer noopener\" href=\"http:\/\/windows.microsoft.com\/es-es\/windows7\/how-to-manage-cookies-in-internet-explorer-9\" target=\"_blank\">ac\u00ed<\/a><\/li><li>Per a m\u00e9s informaci\u00f3 sobre el Navegador Mozilla Firefox\u2122 fes clic <a rel=\"noreferrer noopener\" href=\"https:\/\/support.mozilla.org\/es\/kb\/habilitar-y-deshabilitar-cookies-que-los-sitios-we\" target=\"_blank\">ac\u00ed<\/a><\/li><li>Per a m\u00e9s informaci\u00f3 sobre el Navegador Safari\u2122 fes clic <a rel=\"noreferrer noopener\" href=\"https:\/\/support.apple.com\/kb\/ph21411?locale=es_ES\" target=\"_blank\">ac\u00ed<\/a><\/li><\/ul>\n\n\n\n<p>Si desitges informaci\u00f3 addicional sobre com configurar les Cookies detallada per prove\u00efdor o administrar les teues prefer\u00e8ncies, visita el portal Your Online Choices.<\/p>\n\n\n\n<p>Publicat el dimarts 4 de febrer de 2020<\/p>\n\n\n\n<div class=\"wp-block-image\"><figure class=\"alignleft size-large is-resized\"><img loading=\"lazy\" decoding=\"async\" src=\"https:\/\/dracs.es\/wp-content\/uploads\/2020\/02\/Sin-t\u00edtulo-2-copia.png\" alt=\"miniatura logo DRACS\" class=\"wp-image-19\" width=\"353\" height=\"110\" srcset=\"https:\/\/dracs.es\/wp-content\/uploads\/2020\/02\/Sin-t\u00edtulo-2-copia.png 653w, https:\/\/dracs.es\/wp-content\/uploads\/2020\/02\/Sin-t\u00edtulo-2-copia-300x94.png 300w, https:\/\/dracs.es\/wp-content\/uploads\/2020\/02\/Sin-t\u00edtulo-2-copia-600x187.png 600w, https:\/\/dracs.es\/wp-content\/uploads\/2020\/02\/Sin-t\u00edtulo-2-copia-245x77.png 245w\" sizes=\"auto, (max-width: 353px) 100vw, 353px\" \/><\/figure><\/div>\n\n\n\n<p>info@dracs.es<\/p>\n","protected":false},"excerpt":{"rendered":"<p>0. Fonaments i aplicaci\u00f3 A trav\u00e9s del present av\u00eds, CLUB *ESPORTIU *LGTBI+ *DRACS Val\u00e8ncia (d&#8217;ara en avant, C.E. *LGTBI+ *DRACS Val\u00e8ncia) informa els usuaris del lloc https:\/\/dracs.es, en compliment del Reglament (UE) 2016\/679, del Parlament Europeu i del Consell, de 27 d&#8217;abril de 2016,&#038;*nbsp; posa de manifest la present Pol\u00edtica respecte del tractament i protecci\u00f3&hellip;<\/p>\n","protected":false},"author":1,"featured_media":0,"parent":0,"menu_order":0,"comment_status":"closed","ping_status":"closed","template":"","meta":{"pmpro_default_level":"","footnotes":""},"class_list":["post-535","page","type-page","status-publish","hentry","pmpro-has-access"],"translation":{"provider":"WPGlobus","version":"3.0.2","language":"vl","enabled_languages":["es","vl"],"languages":{"es":{"title":true,"content":true,"excerpt":false},"vl":{"title":true,"content":true,"excerpt":false}}},"featured_image_urls_v2":{"full":"","thumbnail":"","medium":"","medium_large":"","large":"","1536x1536":"","2048x2048":"","post-thumbnail":"","envo-one-img":"","woocommerce_thumbnail":"","woocommerce_single":"","woocommerce_gallery_thumbnail":""},"post_excerpt_stackable_v2":"<p>0. Fonaments i aplicaci\u00f3 A trav\u00e9s del present av\u00eds, CLUB *ESPORTIU *LGTBI+ *DRACS Val\u00e8ncia (d&#8217;ara en avant, C.E. *LGTBI+ *DRACS Val\u00e8ncia) informa els usuaris del lloc https:\/\/dracs.es, en compliment del Reglament (UE) 2016\/679, del Parlament Europeu i del Consell, de 27 d&#8217;abril de 2016,&#038;*nbsp; posa de manifest la present Pol\u00edtica respecte del tractament i protecci\u00f3 de dades personals (d&#8217;ara en avant *RGPD) sobre la seua pol\u00edtica de protecci\u00f3 de dades personals amb la finalitat que aquests decidisquen de manera expressa, lliure i volunt\u00e0ria, si desitgen facilitar-li les dades personals que li s\u00f3n sol\u00b7licitats en el lloc web per a la&hellip;<\/p>\n","category_list_v2":"","author_info_v2":{"name":"admin","url":"https:\/\/dracs.es\/vl\/author\/celgtbivalencia\/"},"comments_num_v2":"0 comments","_links":{"self":[{"href":"https:\/\/dracs.es\/vl\/wp-json\/wp\/v2\/pages\/535","targetHints":{"allow":["GET"]}}],"collection":[{"href":"https:\/\/dracs.es\/vl\/wp-json\/wp\/v2\/pages"}],"about":[{"href":"https:\/\/dracs.es\/vl\/wp-json\/wp\/v2\/types\/page"}],"author":[{"embeddable":true,"href":"https:\/\/dracs.es\/vl\/wp-json\/wp\/v2\/users\/1"}],"replies":[{"embeddable":true,"href":"https:\/\/dracs.es\/vl\/wp-json\/wp\/v2\/comments?post=535"}],"version-history":[{"count":1,"href":"https:\/\/dracs.es\/vl\/wp-json\/wp\/v2\/pages\/535\/revisions"}],"predecessor-version":[{"id":536,"href":"https:\/\/dracs.es\/vl\/wp-json\/wp\/v2\/pages\/535\/revisions\/536"}],"wp:attachment":[{"href":"https:\/\/dracs.es\/vl\/wp-json\/wp\/v2\/media?parent=535"}],"curies":[{"name":"wp","href":"https:\/\/api.w.org\/{rel}","templated":true}]}}